{"id":303,"date":"2018-11-07T17:18:51","date_gmt":"2018-11-07T17:18:51","guid":{"rendered":"https:\/\/the7.io\/g-business\/?page_id=303"},"modified":"2021-04-17T13:09:58","modified_gmt":"2021-04-17T11:09:58","slug":"novice","status":"publish","type":"page","link":"https:\/\/www.las-stik.si\/programsko-obdobje-2014-2020\/novice\/","title":{"rendered":"Novice"},"content":{"rendered":"<div class=\"wpb-content-wrapper\"><p>[vc_row][vc_column]<style type=\"text\/css\" data-type=\"the7_shortcodes-inline-css\">.blog-shortcode.blog-list-shortcode-id-56e4f4ce9e1b69e0e8633c6660d1a990.dividers-on.classic-layout-list article {\n  margin-top: 60px;\n  padding-top: 0;\n}\n.blog-shortcode.blog-list-shortcode-id-56e4f4ce9e1b69e0e8633c6660d1a990.dividers-on.classic-layout-list article:first-of-type {\n  margin-top: 0;\n  padding-top: 0;\n}\n.blog-shortcode.blog-list-shortcode-id-56e4f4ce9e1b69e0e8633c6660d1a990.classic-layout-list.mode-list .post-thumbnail-wrap {\n  width: 40%;\n}\n.blog-shortcode.blog-list-shortcode-id-56e4f4ce9e1b69e0e8633c6660d1a990.classic-layout-list.mode-list .post-entry-content {\n  width: calc(100% - 40%);\n}\n.blog-shortcode.blog-list-shortcode-id-56e4f4ce9e1b69e0e8633c6660d1a990.classic-layout-list.mode-list .no-img .post-entry-content {\n  width: 100%;\n}\n.blog-shortcode.blog-list-shortcode-id-56e4f4ce9e1b69e0e8633c6660d1a990 .filter {\n  margin-bottom: 50px;\n}\n.blog-shortcode.blog-list-shortcode-id-56e4f4ce9e1b69e0e8633c6660d1a990 .filter-bg-decoration .filter-categories a.act {\n  color: #fff;\n}\n.blog-shortcode.blog-list-shortcode-id-56e4f4ce9e1b69e0e8633c6660d1a990:not(.mode-masonry) article {\n  margin-top: 60px;\n}\n.blog-shortcode.blog-list-shortcode-id-56e4f4ce9e1b69e0e8633c6660d1a990:not(.mode-masonry) article:first-of-type,\n.blog-shortcode.blog-list-shortcode-id-56e4f4ce9e1b69e0e8633c6660d1a990:not(.mode-masonry) article.visible.first:not(.product) {\n  margin-top: 0;\n}\n.blog-shortcode.blog-list-shortcode-id-56e4f4ce9e1b69e0e8633c6660d1a990.dividers-on:not(.mode-masonry) article {\n  margin-top: 0;\n  padding-top: 60px;\n}\n.blog-shortcode.blog-list-shortcode-id-56e4f4ce9e1b69e0e8633c6660d1a990.dividers-on:not(.mode-masonry) article:first-of-type,\n.blog-shortcode.blog-list-shortcode-id-56e4f4ce9e1b69e0e8633c6660d1a990.dividers-on:not(.mode-masonry) article.visible.first:not(.product) {\n  margin-top: 0;\n  padding-top: 0;\n}\n.blog-shortcode.blog-list-shortcode-id-56e4f4ce9e1b69e0e8633c6660d1a990 .post-thumbnail-wrap {\n  padding: 0px 0px 0px 0px;\n}\n.blog-shortcode.blog-list-shortcode-id-56e4f4ce9e1b69e0e8633c6660d1a990.enable-bg-rollover .post-thumbnail-rollover:after {\n  background: -webkit-linear-gradient();\n  background: linear-gradient();\n}\n.blog-shortcode.blog-list-shortcode-id-56e4f4ce9e1b69e0e8633c6660d1a990 .gallery-zoom-ico {\n  width: 44px;\n  height: 44px;\n  line-height: 44px;\n  border-radius: 100px;\n  margin: -22px 0 0 -22px;\n  border-width: 0px;\n  color: #ffffff;\n}\n.bottom-overlap-layout-list.blog-shortcode.blog-list-shortcode-id-56e4f4ce9e1b69e0e8633c6660d1a990 .gallery-zoom-ico {\n  margin-top: -22px;\n}\n.gradient-overlay-layout-list.blog-shortcode.blog-list-shortcode-id-56e4f4ce9e1b69e0e8633c6660d1a990 .gallery-zoom-ico,\n.content-rollover-layout-list.blog-shortcode.blog-list-shortcode-id-56e4f4ce9e1b69e0e8633c6660d1a990 .gallery-zoom-ico {\n  margin: 0 0 10px;\n}\n.content-align-center.gradient-overlay-layout-list.blog-shortcode.blog-list-shortcode-id-56e4f4ce9e1b69e0e8633c6660d1a990 .gallery-zoom-ico,\n.content-align-center.content-rollover-layout-list.blog-shortcode.blog-list-shortcode-id-56e4f4ce9e1b69e0e8633c6660d1a990 .gallery-zoom-ico {\n  margin: 0 auto 10px;\n}\n.dt-icon-bg-on.blog-shortcode.blog-list-shortcode-id-56e4f4ce9e1b69e0e8633c6660d1a990 .gallery-zoom-ico {\n  background: rgba(255,255,255,0.3);\n  box-shadow: none;\n}\n.blog-shortcode.blog-list-shortcode-id-56e4f4ce9e1b69e0e8633c6660d1a990 .gallery-zoom-ico > span,\n.blog-shortcode.blog-list-shortcode-id-56e4f4ce9e1b69e0e8633c6660d1a990 .gallery-zoom-ico:before {\n  font-size: 32px;\n  line-height: 44px;\n}\n.blog-shortcode.blog-list-shortcode-id-56e4f4ce9e1b69e0e8633c6660d1a990 .gallery-zoom-ico > span,\n.blog-shortcode.blog-list-shortcode-id-56e4f4ce9e1b69e0e8633c6660d1a990 .gallery-zoom-ico:before {\n  color: #ffffff;\n}\n.blog-shortcode.blog-list-shortcode-id-56e4f4ce9e1b69e0e8633c6660d1a990 .fancy-date a {\n  background: #ffffff;\n  box-shadow: none;\n}\n.blog-shortcode.blog-list-shortcode-id-56e4f4ce9e1b69e0e8633c6660d1a990 .fancy-date a * {\n  color: #2d2d2d;\n}\n.blog-shortcode.blog-list-shortcode-id-56e4f4ce9e1b69e0e8633c6660d1a990 .entry-title,\n.blog-shortcode.blog-list-shortcode-id-56e4f4ce9e1b69e0e8633c6660d1a990.owl-carousel .entry-title {\n  margin-bottom: 10px;\n  font-weight: bold;\n}\n.blog-shortcode.blog-list-shortcode-id-56e4f4ce9e1b69e0e8633c6660d1a990 .entry-meta {\n  margin-bottom: 12px;\n}\n.blog-shortcode.blog-list-shortcode-id-56e4f4ce9e1b69e0e8633c6660d1a990 .entry-meta * {\n  color: #93c248;\n}\n.blog-shortcode.blog-list-shortcode-id-56e4f4ce9e1b69e0e8633c6660d1a990 .portfolio-categories {\n  margin-bottom: 12px;\n}\n.blog-shortcode.blog-list-shortcode-id-56e4f4ce9e1b69e0e8633c6660d1a990 .entry-meta > a:after,\n.blog-shortcode.blog-list-shortcode-id-56e4f4ce9e1b69e0e8633c6660d1a990 .entry-meta > span:after {\n  background: #93c248;\n  box-shadow: none;\n}\n.blog-shortcode.blog-list-shortcode-id-56e4f4ce9e1b69e0e8633c6660d1a990 .entry-excerpt {\n  margin-bottom: 5px;\n}\n.blog-shortcode.blog-list-shortcode-id-56e4f4ce9e1b69e0e8633c6660d1a990:not(.centered-layout-list) .post-entry-content {\n  padding: 0px 0px 0px 50px;\n}\n.blog-shortcode.blog-list-shortcode-id-56e4f4ce9e1b69e0e8633c6660d1a990:not(.centered-layout-list):not(.content-bg-on):not(.mode-list) .no-img .post-entry-content {\n  padding: 0;\n}\n@media screen and (max-width: 778px) {\n  .blog-shortcode.blog-list-shortcode-id-56e4f4ce9e1b69e0e8633c6660d1a990 article {\n    -ms-flex-flow: column nowrap;\n    flex-flow: column nowrap;\n    margin-top: 20px;\n  }\n  .blog-shortcode.blog-list-shortcode-id-56e4f4ce9e1b69e0e8633c6660d1a990.dividers-on article {\n    border: none;\n  }\n  .blog-shortcode.blog-list-shortcode-id-56e4f4ce9e1b69e0e8633c6660d1a990.content-bg-on.centered-layout-list article {\n    padding: 0;\n  }\n  .blog-shortcode.blog-list-shortcode-id-56e4f4ce9e1b69e0e8633c6660d1a990.blog-shortcode.dividers-on article,\n  .blog-shortcode.blog-list-shortcode-id-56e4f4ce9e1b69e0e8633c6660d1a990.dividers-on.classic-layout-list article {\n    margin-top: 20px;\n    padding: 0;\n  }\n  .blog-shortcode.blog-list-shortcode-id-56e4f4ce9e1b69e0e8633c6660d1a990.blog-shortcode.dividers-on article:first-of-type,\n  .blog-shortcode.blog-list-shortcode-id-56e4f4ce9e1b69e0e8633c6660d1a990.dividers-on.classic-layout-list article:first-of-type {\n    padding: 0;\n  }\n  #page .blog-shortcode.blog-list-shortcode-id-56e4f4ce9e1b69e0e8633c6660d1a990 .post-thumbnail-wrap,\n  #page .blog-shortcode.blog-list-shortcode-id-56e4f4ce9e1b69e0e8633c6660d1a990 .post-entry-content {\n    width: 100%;\n    margin: 0;\n    top: 0;\n  }\n  #page .blog-shortcode.blog-list-shortcode-id-56e4f4ce9e1b69e0e8633c6660d1a990 .post-thumbnail-wrap {\n    padding: 0;\n  }\n  #page .blog-shortcode.blog-list-shortcode-id-56e4f4ce9e1b69e0e8633c6660d1a990 .post-entry-content:after {\n    display: none;\n  }\n  #page .blog-shortcode.blog-list-shortcode-id-56e4f4ce9e1b69e0e8633c6660d1a990 .project-even .post-thumbnail-wrap,\n  #page .blog-shortcode.blog-list-shortcode-id-56e4f4ce9e1b69e0e8633c6660d1a990.centered-layout-list .post-thumbnail-wrap {\n    -ms-flex-order: 0;\n    order: 0;\n  }\n  #page .blog-shortcode.blog-list-shortcode-id-56e4f4ce9e1b69e0e8633c6660d1a990.centered-layout-list .post-entry-title-content {\n    -ms-flex-order: 1;\n    order: 1;\n    width: 100%;\n    padding: 20px 20px 0;\n  }\n  #page .blog-shortcode.blog-list-shortcode-id-56e4f4ce9e1b69e0e8633c6660d1a990.centered-layout-list .post-entry-content {\n    -ms-flex-order: 2;\n    order: 2;\n    padding-top: 0;\n  }\n  #page .blog-shortcode.blog-list-shortcode-id-56e4f4ce9e1b69e0e8633c6660d1a990 .fancy-categories {\n    top: 10px;\n    left: 10px;\n    bottom: auto;\n    right: auto;\n  }\n  #page .blog-shortcode.blog-list-shortcode-id-56e4f4ce9e1b69e0e8633c6660d1a990 .fancy-date a {\n    top: 10px;\n    right: 10px;\n    left: auto;\n    bottom: auto;\n  }\n  #page .blog-shortcode.blog-list-shortcode-id-56e4f4ce9e1b69e0e8633c6660d1a990 .post-entry-content {\n    padding: 20px;\n  }\n  #page .blog-shortcode.blog-list-shortcode-id-56e4f4ce9e1b69e0e8633c6660d1a990 .entry-title {\n    margin: 3px 0 5px;\n    font-size: 20px;\n    line-height: 26px;\n  }\n  #page .blog-shortcode.blog-list-shortcode-id-56e4f4ce9e1b69e0e8633c6660d1a990 .entry-meta {\n    margin: 5px 0 5px;\n  }\n  #page .blog-shortcode.blog-list-shortcode-id-56e4f4ce9e1b69e0e8633c6660d1a990 .entry-excerpt {\n    margin: 15px 0 0;\n  }\n  #page .blog-shortcode.blog-list-shortcode-id-56e4f4ce9e1b69e0e8633c6660d1a990 .post-details {\n    margin: 5px 0 10px;\n  }\n  #page .blog-shortcode.blog-list-shortcode-id-56e4f4ce9e1b69e0e8633c6660d1a990 .post-details.details-type-link {\n    margin-bottom: 2px;\n  }\n}\n<\/style><div class=\"articles-list blog-shortcode mode-list blog-list-shortcode-id-56e4f4ce9e1b69e0e8633c6660d1a990 classic-layout-list enable-bg-rollover jquery-filter dt-icon-bg-off circle-fancy-style loading-effect-fade-in\" data-cur-page=\"1\" data-post-limit=\"5\" data-pagination-mode=\"pages\"><div class=\"extras-off filter\"><div class=\"filter-categories\" data-default-order=\"desc\" data-default-orderby=\"date\"><a href=\"https:\/\/www.las-stik.si\/programsko-obdobje-2014-2020\/novice\/\" class=\"show-all act\" data-filter=\"*\">Poglej vse<\/a><a href=\"https:\/\/www.las-stik.si\/programsko-obdobje-2014-2020\/novice\/?term=4\" class=\"javni-pozivi\" data-filter=\".category-4\">Javni pozivi<\/a><a href=\"https:\/\/www.las-stik.si\/programsko-obdobje-2014-2020\/novice\/?term=1\" class=\"nekategorizirano\" data-filter=\".category-1\">Nekategorizirano<\/a><a href=\"https:\/\/www.las-stik.si\/programsko-obdobje-2014-2020\/novice\/?term=33\" class=\"novice\" data-filter=\".category-33\">Novice<\/a><\/div><\/div><article class=\"post project-odd visible no-img post-4334 type-post status-publish format-standard hentry category-novice category-33 description-off\" data-name=\"Vabljeni na festival suhega sadja \u0160KRBLFEST\" data-date=\"2024-09-25T11:50:49+02:00\">\n\n<div class=\"post-entry-content\">\n\n\t<h3 class=\"entry-title\">\n\t\t<a href=\"https:\/\/www.las-stik.si\/programsko-obdobje-2014-2020\/novice\/vabljeni-na-festival-suhega-sadja-skrblfest\/\" title=\"Vabljeni na festival suhega sadja \u0160KRBLFEST\" rel=\"bookmark\">Vabljeni na festival suhega sadja \u0160KRBLFEST<\/a>\n\t<\/h3>\n\n\t<div class=\"entry-meta\"><a href=\"https:\/\/www.las-stik.si\/programsko-obdobje-2014-2020\/2024\/09\/25\/\" title=\"11:50\" class=\"data-link\" rel=\"bookmark\"><time class=\"entry-date updated\" datetime=\"2024-09-25T11:50:49+02:00\">25. septembra, 2024<\/time><\/a><\/div>\n\t<div class=\"entry-excerpt\"><\/div>\n\t\n<a href=\"https:\/\/www.las-stik.si\/programsko-obdobje-2014-2020\/novice\/vabljeni-na-festival-suhega-sadja-skrblfest\/\" class=\"dt-btn-s dt-btn post-details details-type-btn\" aria-label=\"Read more about Vabljeni na festival suhega sadja \u0160KRBLFEST\">Ve\u010d ...<i class=\"dt-icon-the7-arrow-03\" aria-hidden=\"true\"><\/i><\/a>\n\n<\/div><\/article><article class=\"post project-odd visible no-img post-4327 type-post status-publish format-standard hentry category-novice category-33 description-off\" data-name=\"Zaklju\u010dek projekta sodelovanja Veriga eko zeli\u0161\u010d od Dolenjske do Krasa\" data-date=\"2024-09-24T11:33:34+02:00\">\n\n<div class=\"post-entry-content\">\n\n\t<h3 class=\"entry-title\">\n\t\t<a href=\"https:\/\/www.las-stik.si\/programsko-obdobje-2014-2020\/novice\/zakljucek-projekta-sodelovanja-veriga-eko-zelisc-od-dolenjske-do-krasa\/\" title=\"Zaklju\u010dek projekta sodelovanja Veriga eko zeli\u0161\u010d od Dolenjske do Krasa\" rel=\"bookmark\">Zaklju\u010dek projekta sodelovanja Veriga eko zeli\u0161\u010d od Dolenjske do Krasa<\/a>\n\t<\/h3>\n\n\t<div class=\"entry-meta\"><a href=\"https:\/\/www.las-stik.si\/programsko-obdobje-2014-2020\/2024\/09\/24\/\" title=\"11:33\" class=\"data-link\" rel=\"bookmark\"><time class=\"entry-date updated\" datetime=\"2024-09-24T11:33:34+02:00\">24. septembra, 2024<\/time><\/a><\/div>\n\t<div class=\"entry-excerpt\"><p>\u00a0 KJER ZELI\u0160\u010cA CVETIJO, NARAVA GOVORI.\u00a0 OD DOLENJSKE DO KRASA \u2013 POVE\u017dIMO MODROST ZELI\u0160\u010c Z MO\u010cJO EKOLO\u0160KE PRIDELAVE. Projekt Veriga eko zeli\u0161\u010d od Dolenjske do&hellip;<\/p>\n<\/div>\n\t\n<a href=\"https:\/\/www.las-stik.si\/programsko-obdobje-2014-2020\/novice\/zakljucek-projekta-sodelovanja-veriga-eko-zelisc-od-dolenjske-do-krasa\/\" class=\"dt-btn-s dt-btn post-details details-type-btn\" aria-label=\"Read more about Zaklju\u010dek projekta sodelovanja Veriga eko zeli\u0161\u010d od Dolenjske do Krasa\">Ve\u010d ...<i class=\"dt-icon-the7-arrow-03\" aria-hidden=\"true\"><\/i><\/a>\n\n<\/div><\/article><article class=\"post project-odd visible no-img post-4323 type-post status-publish format-standard hentry category-nekategorizirano category-novice category-1 category-33 description-off\" data-name=\"Delavnica Uporaba liofiliziranih za\u010dimb in drugih \u017eivil v visoki kulinariki\" data-date=\"2024-09-11T08:57:58+02:00\">\n\n<div class=\"post-entry-content\">\n\n\t<h3 class=\"entry-title\">\n\t\t<a href=\"https:\/\/www.las-stik.si\/programsko-obdobje-2014-2020\/nekategorizirano\/delavnica-uporaba-liofiliziranih-zacimb-in-drugih-zivil-v-visoki-kulinariki\/\" title=\"Delavnica Uporaba liofiliziranih za\u010dimb in drugih \u017eivil v visoki kulinariki\" rel=\"bookmark\">Delavnica Uporaba liofiliziranih za\u010dimb in drugih \u017eivil v visoki kulinariki<\/a>\n\t<\/h3>\n\n\t<div class=\"entry-meta\"><a href=\"https:\/\/www.las-stik.si\/programsko-obdobje-2014-2020\/2024\/09\/11\/\" title=\"8:57\" class=\"data-link\" rel=\"bookmark\"><time class=\"entry-date updated\" datetime=\"2024-09-11T08:57:58+02:00\">11. septembra, 2024<\/time><\/a><\/div>\n\t<div class=\"entry-excerpt\"><p>Vabimo Vas, da se udele\u017eite edinstvene delavnice z g. Robertom Gregor\u010di\u010dem Uporaba liofiliziranih za\u010dimb in drugih \u017eivil v visoki kulinariki. Z chef-om Robertom Gregor\u010di\u010dem bomo&hellip;<\/p>\n<\/div>\n\t\n<a href=\"https:\/\/www.las-stik.si\/programsko-obdobje-2014-2020\/nekategorizirano\/delavnica-uporaba-liofiliziranih-zacimb-in-drugih-zivil-v-visoki-kulinariki\/\" class=\"dt-btn-s dt-btn post-details details-type-btn\" aria-label=\"Read more about Delavnica Uporaba liofiliziranih za\u010dimb in drugih \u017eivil v visoki kulinariki\">Ve\u010d ...<i class=\"dt-icon-the7-arrow-03\" aria-hidden=\"true\"><\/i><\/a>\n\n<\/div><\/article><article class=\"post project-odd visible no-img post-4317 type-post status-publish format-standard hentry category-nekategorizirano category-novice category-1 category-33 description-off\" data-name=\"Od prvega semena do kon\u010dnega izdelka\" data-date=\"2024-09-04T11:06:23+02:00\">\n\n<div class=\"post-entry-content\">\n\n\t<h3 class=\"entry-title\">\n\t\t<a href=\"https:\/\/www.las-stik.si\/programsko-obdobje-2014-2020\/nekategorizirano\/od-prvega-semena-do-koncnega-izdelka\/\" title=\"Od prvega semena do kon\u010dnega izdelka\" rel=\"bookmark\">Od prvega semena do kon\u010dnega izdelka<\/a>\n\t<\/h3>\n\n\t<div class=\"entry-meta\"><a href=\"https:\/\/www.las-stik.si\/programsko-obdobje-2014-2020\/2024\/09\/04\/\" title=\"11:06\" class=\"data-link\" rel=\"bookmark\"><time class=\"entry-date updated\" datetime=\"2024-09-04T11:06:23+02:00\">4. septembra, 2024<\/time><\/a><\/div>\n\t<div class=\"entry-excerpt\"><p>V zeli\u0161\u010dnem nasadu Ekolo\u0161ke kmetije Rogelj skrbno vzgajajo zeli\u0161\u010da, ki jih nato tudi ro\u010dno poberejo. Zeli\u0161\u010da nato potujejo do Zavoda Dobrote Dolenjske, kjer jih lokalni&hellip;<\/p>\n<\/div>\n\t\n<a href=\"https:\/\/www.las-stik.si\/programsko-obdobje-2014-2020\/nekategorizirano\/od-prvega-semena-do-koncnega-izdelka\/\" class=\"dt-btn-s dt-btn post-details details-type-btn\" aria-label=\"Read more about Od prvega semena do kon\u010dnega izdelka\">Ve\u010d ...<i class=\"dt-icon-the7-arrow-03\" aria-hidden=\"true\"><\/i><\/a>\n\n<\/div><\/article><article class=\"post project-odd visible no-img post-4315 type-post status-publish format-standard hentry category-novice category-33 description-off\" data-name=\"Informacije o podpori LEADER\/CLLD\" data-date=\"2024-09-02T09:47:58+02:00\">\n\n<div class=\"post-entry-content\">\n\n\t<h3 class=\"entry-title\">\n\t\t<a href=\"https:\/\/www.las-stik.si\/programsko-obdobje-2014-2020\/novice\/informacije-o-podpori-leader-clld\/\" title=\"Informacije o podpori LEADER\/CLLD\" rel=\"bookmark\">Informacije o podpori LEADER\/CLLD<\/a>\n\t<\/h3>\n\n\t<div class=\"entry-meta\"><a href=\"https:\/\/www.las-stik.si\/programsko-obdobje-2014-2020\/2024\/09\/02\/\" title=\"9:47\" class=\"data-link\" rel=\"bookmark\"><time class=\"entry-date updated\" datetime=\"2024-09-02T09:47:58+02:00\">2. septembra, 2024<\/time><\/a><\/div>\n\t<div class=\"entry-excerpt\"><p>LOKALNA AKCIJSKA SKUPINA SUHE KRAJINE, TEMENICE IN KRKE je namenjena povezovanju, tesnej\u0161emu sodelovanju med ob\u010dinami in spodbujanju celovitega in uravnote\u017eenega razvoja v ob\u010dinah Dolenjske Toplice,&hellip;<\/p>\n<\/div>\n\t\n<a href=\"https:\/\/www.las-stik.si\/programsko-obdobje-2014-2020\/novice\/informacije-o-podpori-leader-clld\/\" class=\"dt-btn-s dt-btn post-details details-type-btn\" aria-label=\"Read more about Informacije o podpori LEADER\/CLLD\">Ve\u010d ...<i class=\"dt-icon-the7-arrow-03\" aria-hidden=\"true\"><\/i><\/a>\n\n<\/div><\/article><article class=\"post project-odd hidden no-img post-4308 type-post status-publish format-standard hentry category-nekategorizirano category-novice category-1 category-33 description-off\" data-name=\"Zeli\u0161\u010da v na\u0161em domu_ 5\/5\" data-date=\"2024-07-08T13:57:25+02:00\">\n\n<div class=\"post-entry-content\">\n\n\t<h3 class=\"entry-title\">\n\t\t<a href=\"https:\/\/www.las-stik.si\/programsko-obdobje-2014-2020\/nekategorizirano\/zelisca-v-nasem-domu_-5-5\/\" title=\"Zeli\u0161\u010da v na\u0161em domu_ 5\/5\" rel=\"bookmark\">Zeli\u0161\u010da v na\u0161em domu_ 5\/5<\/a>\n\t<\/h3>\n\n\t<div class=\"entry-meta\"><a href=\"https:\/\/www.las-stik.si\/programsko-obdobje-2014-2020\/2024\/07\/08\/\" title=\"13:57\" class=\"data-link\" rel=\"bookmark\"><time class=\"entry-date updated\" datetime=\"2024-07-08T13:57:25+02:00\">8. julija, 2024<\/time><\/a><\/div>\n\t<div class=\"entry-excerpt\"><p>LAS Stik_5clanek zeliscarstvo_06-2024_tisk2<\/p>\n<\/div>\n\t\n<a href=\"https:\/\/www.las-stik.si\/programsko-obdobje-2014-2020\/nekategorizirano\/zelisca-v-nasem-domu_-5-5\/\" class=\"dt-btn-s dt-btn post-details details-type-btn\" aria-label=\"Read more about Zeli\u0161\u010da v na\u0161em domu_ 5\/5\">Ve\u010d ...<i class=\"dt-icon-the7-arrow-03\" aria-hidden=\"true\"><\/i><\/a>\n\n<\/div><\/article><article class=\"post project-odd hidden no-img post-4304 type-post status-publish format-standard hentry category-novice category-33 description-off\" data-name=\"PISARNA LAS STIK V JULIJU IN AVGUSTU\" data-date=\"2024-06-29T08:21:14+02:00\">\n\n<div class=\"post-entry-content\">\n\n\t<h3 class=\"entry-title\">\n\t\t<a href=\"https:\/\/www.las-stik.si\/programsko-obdobje-2014-2020\/novice\/pisarna-las-stik-v-juliju-in-avgustu\/\" title=\"PISARNA LAS STIK V JULIJU IN AVGUSTU\" rel=\"bookmark\">PISARNA LAS STIK V JULIJU IN AVGUSTU<\/a>\n\t<\/h3>\n\n\t<div class=\"entry-meta\"><a href=\"https:\/\/www.las-stik.si\/programsko-obdobje-2014-2020\/2024\/06\/29\/\" title=\"8:21\" class=\"data-link\" rel=\"bookmark\"><time class=\"entry-date updated\" datetime=\"2024-06-29T08:21:14+02:00\">29. junija, 2024<\/time><\/a><\/div>\n\t<div class=\"entry-excerpt\"><\/div>\n\t\n<a href=\"https:\/\/www.las-stik.si\/programsko-obdobje-2014-2020\/novice\/pisarna-las-stik-v-juliju-in-avgustu\/\" class=\"dt-btn-s dt-btn post-details details-type-btn\" aria-label=\"Read more about PISARNA LAS STIK V JULIJU IN AVGUSTU\">Ve\u010d ...<i class=\"dt-icon-the7-arrow-03\" aria-hidden=\"true\"><\/i><\/a>\n\n<\/div><\/article><article class=\"post project-odd hidden no-img post-4294 type-post status-publish format-standard hentry category-nekategorizirano category-novice category-1 category-33 description-off\" data-name=\"DELAVNICA ABC PRIPRAVE PROJEKTA_ gradivo\" data-date=\"2024-06-28T08:20:39+02:00\">\n\n<div class=\"post-entry-content\">\n\n\t<h3 class=\"entry-title\">\n\t\t<a href=\"https:\/\/www.las-stik.si\/programsko-obdobje-2014-2020\/nekategorizirano\/delavnica-abc-priprave-projekta_-gradivo\/\" title=\"DELAVNICA ABC PRIPRAVE PROJEKTA_ gradivo\" rel=\"bookmark\">DELAVNICA ABC PRIPRAVE PROJEKTA_ gradivo<\/a>\n\t<\/h3>\n\n\t<div class=\"entry-meta\"><a href=\"https:\/\/www.las-stik.si\/programsko-obdobje-2014-2020\/2024\/06\/28\/\" title=\"8:20\" class=\"data-link\" rel=\"bookmark\"><time class=\"entry-date updated\" datetime=\"2024-06-28T08:20:39+02:00\">28. junija, 2024<\/time><\/a><\/div>\n\t<div class=\"entry-excerpt\"><p>Z velikim zanimanjem smo spremljali in poslu\u0161ali delavnico o pripravi projektov. Ker je bilo veliko informacij, z veseljem delimo gradivo. V na\u0161i pisarni LAS smo&hellip;<\/p>\n<\/div>\n\t\n<a href=\"https:\/\/www.las-stik.si\/programsko-obdobje-2014-2020\/nekategorizirano\/delavnica-abc-priprave-projekta_-gradivo\/\" class=\"dt-btn-s dt-btn post-details details-type-btn\" aria-label=\"Read more about DELAVNICA ABC PRIPRAVE PROJEKTA_ gradivo\">Ve\u010d ...<i class=\"dt-icon-the7-arrow-03\" aria-hidden=\"true\"><\/i><\/a>\n\n<\/div><\/article><article class=\"post project-odd hidden no-img post-4281 type-post status-publish format-standard hentry category-nekategorizirano category-novice category-1 category-33 description-off\" data-name=\"Vabilo na delavnico ABC PRIPRAVE PROJEKTA\" data-date=\"2024-05-30T10:11:36+02:00\">\n\n<div class=\"post-entry-content\">\n\n\t<h3 class=\"entry-title\">\n\t\t<a href=\"https:\/\/www.las-stik.si\/programsko-obdobje-2014-2020\/nekategorizirano\/vabilo-na-delavnici-abc-priprave-projekta\/\" title=\"Vabilo na delavnico ABC PRIPRAVE PROJEKTA\" rel=\"bookmark\">Vabilo na delavnico ABC PRIPRAVE PROJEKTA<\/a>\n\t<\/h3>\n\n\t<div class=\"entry-meta\"><a href=\"https:\/\/www.las-stik.si\/programsko-obdobje-2014-2020\/2024\/05\/30\/\" title=\"10:11\" class=\"data-link\" rel=\"bookmark\"><time class=\"entry-date updated\" datetime=\"2024-05-30T10:11:36+02:00\">30. maja, 2024<\/time><\/a><\/div>\n\t<div class=\"entry-excerpt\"><p>&nbsp; Lokalna akcijska skupina LAS STIK organizira delavnico ABC PRIPRAVE PROJEKTA, ki bo izvedena v dveh delih. Delavnica je namenjena vsem, ki \u017eelijo bolje razumeti&hellip;<\/p>\n<\/div>\n\t\n<a href=\"https:\/\/www.las-stik.si\/programsko-obdobje-2014-2020\/nekategorizirano\/vabilo-na-delavnici-abc-priprave-projekta\/\" class=\"dt-btn-s dt-btn post-details details-type-btn\" aria-label=\"Read more about Vabilo na delavnico ABC PRIPRAVE PROJEKTA\">Ve\u010d ...<i class=\"dt-icon-the7-arrow-03\" aria-hidden=\"true\"><\/i><\/a>\n\n<\/div><\/article><article class=\"post project-odd hidden no-img post-4274 type-post status-publish format-standard hentry category-novice category-33 description-off\" data-name=\"Uspe\u0161no izvedena 1. borza lokalnih ponudnikov obmo\u010dja LAS STIK\" data-date=\"2024-05-27T12:32:11+02:00\">\n\n<div class=\"post-entry-content\">\n\n\t<h3 class=\"entry-title\">\n\t\t<a href=\"https:\/\/www.las-stik.si\/programsko-obdobje-2014-2020\/novice\/uspesno-izvedena-1-borza-lokalnih-ponudnikov-obmocja-las-stik\/\" title=\"Uspe\u0161no izvedena 1. borza lokalnih ponudnikov obmo\u010dja LAS STIK\" rel=\"bookmark\">Uspe\u0161no izvedena 1. borza lokalnih ponudnikov obmo\u010dja LAS STIK<\/a>\n\t<\/h3>\n\n\t<div class=\"entry-meta\"><a href=\"https:\/\/www.las-stik.si\/programsko-obdobje-2014-2020\/2024\/05\/27\/\" title=\"12:32\" class=\"data-link\" rel=\"bookmark\"><time class=\"entry-date updated\" datetime=\"2024-05-27T12:32:11+02:00\">27. maja, 2024<\/time><\/a><\/div>\n\t<div class=\"entry-excerpt\"><p>V \u010detrtek 23. maja 2024 je v Dolenjskih Toplicah potekala 1. borza lokalnih ponudnikov z obmo\u010dja ob\u010din Dolenjske Toplice, Ivan\u010dna Gorica, Trebnje in \u017du\u017eemberk, ki&hellip;<\/p>\n<\/div>\n\t\n<a href=\"https:\/\/www.las-stik.si\/programsko-obdobje-2014-2020\/novice\/uspesno-izvedena-1-borza-lokalnih-ponudnikov-obmocja-las-stik\/\" class=\"dt-btn-s dt-btn post-details details-type-btn\" aria-label=\"Read more about Uspe\u0161no izvedena 1. borza lokalnih ponudnikov obmo\u010dja LAS STIK\">Ve\u010d ...<i class=\"dt-icon-the7-arrow-03\" aria-hidden=\"true\"><\/i><\/a>\n\n<\/div><\/article><article class=\"post project-odd hidden no-img post-4268 type-post status-publish format-standard hentry category-nekategorizirano category-novice category-1 category-33 description-off\" data-name=\"Zeli\u0161\u010da v kulinariki_\u010dlanek 4\/5\" data-date=\"2024-05-14T14:10:14+02:00\">\n\n<div class=\"post-entry-content\">\n\n\t<h3 class=\"entry-title\">\n\t\t<a href=\"https:\/\/www.las-stik.si\/programsko-obdobje-2014-2020\/nekategorizirano\/zelisca-v-kulinariki_clanek-4-5\/\" title=\"Zeli\u0161\u010da v kulinariki_\u010dlanek 4\/5\" rel=\"bookmark\">Zeli\u0161\u010da v kulinariki_\u010dlanek 4\/5<\/a>\n\t<\/h3>\n\n\t<div class=\"entry-meta\"><a href=\"https:\/\/www.las-stik.si\/programsko-obdobje-2014-2020\/2024\/05\/14\/\" title=\"14:10\" class=\"data-link\" rel=\"bookmark\"><time class=\"entry-date updated\" datetime=\"2024-05-14T14:10:14+02:00\">14. maja, 2024<\/time><\/a><\/div>\n\t<div class=\"entry-excerpt\"><p>LAS Stik_4clanek zeliscarstvo_05-2024_web<\/p>\n<\/div>\n\t\n<a href=\"https:\/\/www.las-stik.si\/programsko-obdobje-2014-2020\/nekategorizirano\/zelisca-v-kulinariki_clanek-4-5\/\" class=\"dt-btn-s dt-btn post-details details-type-btn\" aria-label=\"Read more about Zeli\u0161\u010da v kulinariki_\u010dlanek 4\/5\">Ve\u010d ...<i class=\"dt-icon-the7-arrow-03\" aria-hidden=\"true\"><\/i><\/a>\n\n<\/div><\/article><article class=\"post project-odd hidden no-img post-4261 type-post status-publish format-standard hentry category-novice category-33 description-off\" data-name=\"Shranjevanje in uporaba zeli\u0161\u010d_\u010dlanek 3\/5\" data-date=\"2024-05-07T10:24:12+02:00\">\n\n<div class=\"post-entry-content\">\n\n\t<h3 class=\"entry-title\">\n\t\t<a href=\"https:\/\/www.las-stik.si\/programsko-obdobje-2014-2020\/novice\/shranjevanje-in-uporaba-zelisc_clanek-3-5\/\" title=\"Shranjevanje in uporaba zeli\u0161\u010d_\u010dlanek 3\/5\" rel=\"bookmark\">Shranjevanje in uporaba zeli\u0161\u010d_\u010dlanek 3\/5<\/a>\n\t<\/h3>\n\n\t<div class=\"entry-meta\"><a href=\"https:\/\/www.las-stik.si\/programsko-obdobje-2014-2020\/2024\/05\/07\/\" title=\"10:24\" class=\"data-link\" rel=\"bookmark\"><time class=\"entry-date updated\" datetime=\"2024-05-07T10:24:12+02:00\">7. maja, 2024<\/time><\/a><\/div>\n\t<div class=\"entry-excerpt\"><p>LAS Stik_3clanek zeliscarstvo_04-2024_web<\/p>\n<\/div>\n\t\n<a href=\"https:\/\/www.las-stik.si\/programsko-obdobje-2014-2020\/novice\/shranjevanje-in-uporaba-zelisc_clanek-3-5\/\" class=\"dt-btn-s dt-btn post-details details-type-btn\" aria-label=\"Read more about Shranjevanje in uporaba zeli\u0161\u010d_\u010dlanek 3\/5\">Ve\u010d ...<i class=\"dt-icon-the7-arrow-03\" aria-hidden=\"true\"><\/i><\/a>\n\n<\/div><\/article><article class=\"post project-odd hidden no-img post-4254 type-post status-publish format-standard hentry category-nekategorizirano category-novice category-1 category-33 description-off\" data-name=\"Vabimo na prvo borzo lokalnih ponudnikov obmo\u010dja LAS STIK\" data-date=\"2024-04-16T14:10:55+02:00\">\n\n<div class=\"post-entry-content\">\n\n\t<h3 class=\"entry-title\">\n\t\t<a href=\"https:\/\/www.las-stik.si\/programsko-obdobje-2014-2020\/nekategorizirano\/4254\/\" title=\"Vabimo na prvo borzo lokalnih ponudnikov obmo\u010dja LAS STIK\" rel=\"bookmark\">Vabimo na prvo borzo lokalnih ponudnikov obmo\u010dja LAS STIK<\/a>\n\t<\/h3>\n\n\t<div class=\"entry-meta\"><a href=\"https:\/\/www.las-stik.si\/programsko-obdobje-2014-2020\/2024\/04\/16\/\" title=\"14:10\" class=\"data-link\" rel=\"bookmark\"><time class=\"entry-date updated\" datetime=\"2024-04-16T14:10:55+02:00\">16. aprila, 2024<\/time><\/a><\/div>\n\t<div class=\"entry-excerpt\"><p>LAS STIK v sodelovanju z Dru\u0161tvom turisti\u010dnih novinarjev Slovenije in Marjano Gr\u010dman organizira prvo borzo lokalnih ponudnikov, v \u010detrtek 23. maja 2024, v Kulturno kongresnem&hellip;<\/p>\n<\/div>\n\t\n<a href=\"https:\/\/www.las-stik.si\/programsko-obdobje-2014-2020\/nekategorizirano\/4254\/\" class=\"dt-btn-s dt-btn post-details details-type-btn\" aria-label=\"Read more about Vabimo na prvo borzo lokalnih ponudnikov obmo\u010dja LAS STIK\">Ve\u010d ...<i class=\"dt-icon-the7-arrow-03\" aria-hidden=\"true\"><\/i><\/a>\n\n<\/div><\/article><article class=\"post project-odd hidden no-img post-4250 type-post status-publish format-standard hentry category-novice category-33 description-off\" data-name=\"Vabilo na delavnico Zeli\u0161\u010darska tradicija obmo\u010dja in sodobni trendi\" data-date=\"2024-04-04T09:44:51+02:00\">\n\n<div class=\"post-entry-content\">\n\n\t<h3 class=\"entry-title\">\n\t\t<a href=\"https:\/\/www.las-stik.si\/programsko-obdobje-2014-2020\/novice\/vabilo-na-delavnico-zeliscarska-tradicija-obmocja-in-sodobni-trendi\/\" title=\"Vabilo na delavnico Zeli\u0161\u010darska tradicija obmo\u010dja in sodobni trendi\" rel=\"bookmark\">Vabilo na delavnico Zeli\u0161\u010darska tradicija obmo\u010dja in sodobni trendi<\/a>\n\t<\/h3>\n\n\t<div class=\"entry-meta\"><a href=\"https:\/\/www.las-stik.si\/programsko-obdobje-2014-2020\/2024\/04\/04\/\" title=\"9:44\" class=\"data-link\" rel=\"bookmark\"><time class=\"entry-date updated\" datetime=\"2024-04-04T09:44:51+02:00\">4. aprila, 2024<\/time><\/a><\/div>\n\t<div class=\"entry-excerpt\"><p>Dale\u010d nazaj v preteklosti je bilo znanje o zeli\u0161\u010darstvu v rokah posameznih travarjev, vra\u010dev, coprnikov, Peht, itd.. Rastlinam so poleg zdravilnih mo\u010di pripisovali tudi \u010darno&hellip;<\/p>\n<\/div>\n\t\n<a href=\"https:\/\/www.las-stik.si\/programsko-obdobje-2014-2020\/novice\/vabilo-na-delavnico-zeliscarska-tradicija-obmocja-in-sodobni-trendi\/\" class=\"dt-btn-s dt-btn post-details details-type-btn\" aria-label=\"Read more about Vabilo na delavnico Zeli\u0161\u010darska tradicija obmo\u010dja in sodobni trendi\">Ve\u010d ...<i class=\"dt-icon-the7-arrow-03\" aria-hidden=\"true\"><\/i><\/a>\n\n<\/div><\/article><article class=\"post project-odd hidden no-img post-4247 type-post status-publish format-standard hentry category-novice category-33 description-off\" data-name=\"Delavnica Zasadimo si svoj zeli\u0161\u010dni vrt\" data-date=\"2024-03-25T10:07:47+01:00\">\n\n<div class=\"post-entry-content\">\n\n\t<h3 class=\"entry-title\">\n\t\t<a href=\"https:\/\/www.las-stik.si\/programsko-obdobje-2014-2020\/novice\/delavnica-zasadimo-si-svoj-zeliscni-vrt\/\" title=\"Delavnica Zasadimo si svoj zeli\u0161\u010dni vrt\" rel=\"bookmark\">Delavnica Zasadimo si svoj zeli\u0161\u010dni vrt<\/a>\n\t<\/h3>\n\n\t<div class=\"entry-meta\"><a href=\"https:\/\/www.las-stik.si\/programsko-obdobje-2014-2020\/2024\/03\/25\/\" title=\"10:07\" class=\"data-link\" rel=\"bookmark\"><time class=\"entry-date updated\" datetime=\"2024-03-25T10:07:47+01:00\">25. marca, 2024<\/time><\/a><\/div>\n\t<div class=\"entry-excerpt\"><p>&nbsp;<\/p>\n<\/div>\n\t\n<a href=\"https:\/\/www.las-stik.si\/programsko-obdobje-2014-2020\/novice\/delavnica-zasadimo-si-svoj-zeliscni-vrt\/\" class=\"dt-btn-s dt-btn post-details details-type-btn\" aria-label=\"Read more about Delavnica Zasadimo si svoj zeli\u0161\u010dni vrt\">Ve\u010d ...<i class=\"dt-icon-the7-arrow-03\" aria-hidden=\"true\"><\/i><\/a>\n\n<\/div><\/article><article class=\"post project-odd hidden no-img post-4237 type-post status-publish format-standard hentry category-novice category-33 description-off\" data-name=\"Javni poziv za sodelovanje v ocenjevalni komisiji\" data-date=\"2024-03-20T20:57:45+01:00\">\n\n<div class=\"post-entry-content\">\n\n\t<h3 class=\"entry-title\">\n\t\t<a href=\"https:\/\/www.las-stik.si\/programsko-obdobje-2014-2020\/novice\/javni-poziv-za-sodelovanje-v-ocenjevalni-komisiji\/\" title=\"Javni poziv za sodelovanje v ocenjevalni komisiji\" rel=\"bookmark\">Javni poziv za sodelovanje v ocenjevalni komisiji<\/a>\n\t<\/h3>\n\n\t<div class=\"entry-meta\"><a href=\"https:\/\/www.las-stik.si\/programsko-obdobje-2014-2020\/2024\/03\/20\/\" title=\"20:57\" class=\"data-link\" rel=\"bookmark\"><time class=\"entry-date updated\" datetime=\"2024-03-20T20:57:45+01:00\">20. marca, 2024<\/time><\/a><\/div>\n\t<div class=\"entry-excerpt\"><p>&nbsp; &nbsp; Javni poziv za sodelovanje v ocenjevalni komisiji Prijavni obrazec_Ocenjevalna komisija LAS STIK_20 3 2024<\/p>\n<\/div>\n\t\n<a href=\"https:\/\/www.las-stik.si\/programsko-obdobje-2014-2020\/novice\/javni-poziv-za-sodelovanje-v-ocenjevalni-komisiji\/\" class=\"dt-btn-s dt-btn post-details details-type-btn\" aria-label=\"Read more about Javni poziv za sodelovanje v ocenjevalni komisiji\">Ve\u010d ...<i class=\"dt-icon-the7-arrow-03\" aria-hidden=\"true\"><\/i><\/a>\n\n<\/div><\/article><article class=\"post project-odd hidden no-img post-4232 type-post status-publish format-standard hentry category-novice category-33 description-off\" data-name=\"Moj zeli\u0161\u010dni vrt _ \u010dlanek 2\/5\" data-date=\"2024-03-19T09:53:09+01:00\">\n\n<div class=\"post-entry-content\">\n\n\t<h3 class=\"entry-title\">\n\t\t<a href=\"https:\/\/www.las-stik.si\/programsko-obdobje-2014-2020\/novice\/moj-zeliscni-vrt-_-clanek-2-5\/\" title=\"Moj zeli\u0161\u010dni vrt _ \u010dlanek 2\/5\" rel=\"bookmark\">Moj zeli\u0161\u010dni vrt _ \u010dlanek 2\/5<\/a>\n\t<\/h3>\n\n\t<div class=\"entry-meta\"><a href=\"https:\/\/www.las-stik.si\/programsko-obdobje-2014-2020\/2024\/03\/19\/\" title=\"9:53\" class=\"data-link\" rel=\"bookmark\"><time class=\"entry-date updated\" datetime=\"2024-03-19T09:53:09+01:00\">19. marca, 2024<\/time><\/a><\/div>\n\t<div class=\"entry-excerpt\"><p>&nbsp; &nbsp;<\/p>\n<\/div>\n\t\n<a href=\"https:\/\/www.las-stik.si\/programsko-obdobje-2014-2020\/novice\/moj-zeliscni-vrt-_-clanek-2-5\/\" class=\"dt-btn-s dt-btn post-details details-type-btn\" aria-label=\"Read more about Moj zeli\u0161\u010dni vrt _ \u010dlanek 2\/5\">Ve\u010d ...<i class=\"dt-icon-the7-arrow-03\" aria-hidden=\"true\"><\/i><\/a>\n\n<\/div><\/article><article class=\"post project-odd hidden no-img post-4216 type-post status-publish format-standard hentry category-novice category-33 description-off\" data-name=\"Zeli\u0161\u010da za vsakogar_ \u010dlanek 1\/5\" data-date=\"2024-02-22T10:40:20+01:00\">\n\n<div class=\"post-entry-content\">\n\n\t<h3 class=\"entry-title\">\n\t\t<a href=\"https:\/\/www.las-stik.si\/programsko-obdobje-2014-2020\/novice\/zelisca-za-vsakogar_-clanek-1-5\/\" title=\"Zeli\u0161\u010da za vsakogar_ \u010dlanek 1\/5\" rel=\"bookmark\">Zeli\u0161\u010da za vsakogar_ \u010dlanek 1\/5<\/a>\n\t<\/h3>\n\n\t<div class=\"entry-meta\"><a href=\"https:\/\/www.las-stik.si\/programsko-obdobje-2014-2020\/2024\/02\/22\/\" title=\"10:40\" class=\"data-link\" rel=\"bookmark\"><time class=\"entry-date updated\" datetime=\"2024-02-22T10:40:20+01:00\">22. februarja, 2024<\/time><\/a><\/div>\n\t<div class=\"entry-excerpt\"><\/div>\n\t\n<a href=\"https:\/\/www.las-stik.si\/programsko-obdobje-2014-2020\/novice\/zelisca-za-vsakogar_-clanek-1-5\/\" class=\"dt-btn-s dt-btn post-details details-type-btn\" aria-label=\"Read more about Zeli\u0161\u010da za vsakogar_ \u010dlanek 1\/5\">Ve\u010d ...<i class=\"dt-icon-the7-arrow-03\" aria-hidden=\"true\"><\/i><\/a>\n\n<\/div><\/article><article class=\"post project-odd hidden no-img post-4208 type-post status-publish format-standard hentry category-novice category-33 description-off\" data-name=\"Vabilo na delavnico &#8220;Medovite rastline in \u010debelji pridelki&#8221;\" data-date=\"2024-02-21T14:16:34+01:00\">\n\n<div class=\"post-entry-content\">\n\n\t<h3 class=\"entry-title\">\n\t\t<a href=\"https:\/\/www.las-stik.si\/programsko-obdobje-2014-2020\/novice\/vabilo-na-delavnico-medovite-rastline-in-cebelji-pridelki\/\" title=\"Vabilo na delavnico &#8220;Medovite rastline in \u010debelji pridelki&#8221;\" rel=\"bookmark\">Vabilo na delavnico &#8220;Medovite rastline in \u010debelji pridelki&#8221;<\/a>\n\t<\/h3>\n\n\t<div class=\"entry-meta\"><a href=\"https:\/\/www.las-stik.si\/programsko-obdobje-2014-2020\/2024\/02\/21\/\" title=\"14:16\" class=\"data-link\" rel=\"bookmark\"><time class=\"entry-date updated\" datetime=\"2024-02-21T14:16:34+01:00\">21. februarja, 2024<\/time><\/a><\/div>\n\t<div class=\"entry-excerpt\"><p>Vabimo vas na delavnico &#8220;Medovite rastline in \u010debelji pridelki&#8220;, ki se bo odvijala v sredo, 20. marca 2024, ob 17. uri v Hi\u0161i Kranjske \u010debele.&hellip;<\/p>\n<\/div>\n\t\n<a href=\"https:\/\/www.las-stik.si\/programsko-obdobje-2014-2020\/novice\/vabilo-na-delavnico-medovite-rastline-in-cebelji-pridelki\/\" class=\"dt-btn-s dt-btn post-details details-type-btn\" aria-label=\"Read more about Vabilo na delavnico &#8220;Medovite rastline in \u010debelji pridelki&#8221;\">Ve\u010d ...<i class=\"dt-icon-the7-arrow-03\" aria-hidden=\"true\"><\/i><\/a>\n\n<\/div><\/article><article class=\"post project-odd hidden no-img post-4188 type-post status-publish format-standard hentry category-novice category-33 description-off\" data-name=\"Predstavitev Uredbe o izvajanju lokalnega razvoja, ki ga vodi skupnost, v obdobju do leta 2027\" data-date=\"2024-02-05T13:42:41+01:00\">\n\n<div class=\"post-entry-content\">\n\n\t<h3 class=\"entry-title\">\n\t\t<a href=\"https:\/\/www.las-stik.si\/programsko-obdobje-2014-2020\/novice\/predstavitev-uredbe-o-izvajanju-lokalnega-razvoja-ki-ga-vodi-skupnost-v-obdobju-do-leta-2027\/\" title=\"Predstavitev Uredbe o izvajanju lokalnega razvoja, ki ga vodi skupnost, v obdobju do leta 2027\" rel=\"bookmark\">Predstavitev Uredbe o izvajanju lokalnega razvoja, ki ga vodi skupnost, v obdobju do leta 2027<\/a>\n\t<\/h3>\n\n\t<div class=\"entry-meta\"><a href=\"https:\/\/www.las-stik.si\/programsko-obdobje-2014-2020\/2024\/02\/05\/\" title=\"13:42\" class=\"data-link\" rel=\"bookmark\"><time class=\"entry-date updated\" datetime=\"2024-02-05T13:42:41+01:00\">5. februarja, 2024<\/time><\/a><\/div>\n\t<div class=\"entry-excerpt\"><p>V januarju 2024, v Kulturnem domu Gorica pri Slivnici, je bilo sre\u010danje predsednikov in vodilnih partnerjev Lokalnih akcijskih skupin, kjer je bil izpostavljen velik doprinos&hellip;<\/p>\n<\/div>\n\t\n<a href=\"https:\/\/www.las-stik.si\/programsko-obdobje-2014-2020\/novice\/predstavitev-uredbe-o-izvajanju-lokalnega-razvoja-ki-ga-vodi-skupnost-v-obdobju-do-leta-2027\/\" class=\"dt-btn-s dt-btn post-details details-type-btn\" aria-label=\"Read more about Predstavitev Uredbe o izvajanju lokalnega razvoja, ki ga vodi skupnost, v obdobju do leta 2027\">Ve\u010d ...<i class=\"dt-icon-the7-arrow-03\" aria-hidden=\"true\"><\/i><\/a>\n\n<\/div><\/article><article class=\"post project-odd hidden no-img post-4177 type-post status-publish format-standard hentry category-novice category-33 description-off\" data-name=\"Vabilo na delavnico &#8220;Vloga zeli\u0161\u010d in za\u010dimb v \u017eivilski tehnologiji&#8221;\" data-date=\"2024-01-23T10:38:08+01:00\">\n\n<div class=\"post-entry-content\">\n\n\t<h3 class=\"entry-title\">\n\t\t<a href=\"https:\/\/www.las-stik.si\/programsko-obdobje-2014-2020\/novice\/vabilo-na-delavnico-vloga-zelisc-in-zacimb-v-zivilski-tehnologiji\/\" title=\"Vabilo na delavnico &#8220;Vloga zeli\u0161\u010d in za\u010dimb v \u017eivilski tehnologiji&#8221;\" rel=\"bookmark\">Vabilo na delavnico &#8220;Vloga zeli\u0161\u010d in za\u010dimb v \u017eivilski tehnologiji&#8221;<\/a>\n\t<\/h3>\n\n\t<div class=\"entry-meta\"><a href=\"https:\/\/www.las-stik.si\/programsko-obdobje-2014-2020\/2024\/01\/23\/\" title=\"10:38\" class=\"data-link\" rel=\"bookmark\"><time class=\"entry-date updated\" datetime=\"2024-01-23T10:38:08+01:00\">23. januarja, 2024<\/time><\/a><\/div>\n\t<div class=\"entry-excerpt\"><\/div>\n\t\n<a href=\"https:\/\/www.las-stik.si\/programsko-obdobje-2014-2020\/novice\/vabilo-na-delavnico-vloga-zelisc-in-zacimb-v-zivilski-tehnologiji\/\" class=\"dt-btn-s dt-btn post-details details-type-btn\" aria-label=\"Read more about Vabilo na delavnico &#8220;Vloga zeli\u0161\u010d in za\u010dimb v \u017eivilski tehnologiji&#8221;\">Ve\u010d ...<i class=\"dt-icon-the7-arrow-03\" aria-hidden=\"true\"><\/i><\/a>\n\n<\/div><\/article><article class=\"post project-odd hidden no-img post-4175 type-post status-publish format-standard hentry category-novice category-33 description-off\" data-name=\"IZBOLJ\u0160AJTE TR\u017dENJE TURISTI\u010cNIH PRODUKTOV S POMO\u010cJO METODE STORYTELLINGA\" data-date=\"2024-01-23T10:33:51+01:00\">\n\n<div class=\"post-entry-content\">\n\n\t<h3 class=\"entry-title\">\n\t\t<a href=\"https:\/\/www.las-stik.si\/programsko-obdobje-2014-2020\/novice\/izboljsajte-trzenje-turisticnih-produktov-s-pomocjo-metode-storytellinga-2\/\" title=\"IZBOLJ\u0160AJTE TR\u017dENJE TURISTI\u010cNIH PRODUKTOV S POMO\u010cJO METODE STORYTELLINGA\" rel=\"bookmark\">IZBOLJ\u0160AJTE TR\u017dENJE TURISTI\u010cNIH PRODUKTOV S POMO\u010cJO METODE STORYTELLINGA<\/a>\n\t<\/h3>\n\n\t<div class=\"entry-meta\"><a href=\"https:\/\/www.las-stik.si\/programsko-obdobje-2014-2020\/2024\/01\/23\/\" title=\"10:33\" class=\"data-link\" rel=\"bookmark\"><time class=\"entry-date updated\" datetime=\"2024-01-23T10:33:51+01:00\">23. januarja, 2024<\/time><\/a><\/div>\n\t<div class=\"entry-excerpt\"><p>Vabimo vas na izjemno prilo\u017enost, ki vam bo pomagala izbolj\u0161ati tr\u017eenje va\u0161ih turisti\u010dnih produktov. Suhoparna sporo\u010dila bomo spremenili v privla\u010dne zgodbe, ki prepri\u010dajo in prodajajo.&hellip;<\/p>\n<\/div>\n\t\n<a href=\"https:\/\/www.las-stik.si\/programsko-obdobje-2014-2020\/novice\/izboljsajte-trzenje-turisticnih-produktov-s-pomocjo-metode-storytellinga-2\/\" class=\"dt-btn-s dt-btn post-details details-type-btn\" aria-label=\"Read more about IZBOLJ\u0160AJTE TR\u017dENJE TURISTI\u010cNIH PRODUKTOV S POMO\u010cJO METODE STORYTELLINGA\">Ve\u010d ...<i class=\"dt-icon-the7-arrow-03\" aria-hidden=\"true\"><\/i><\/a>\n\n<\/div><\/article><article class=\"post project-odd hidden no-img post-4168 type-post status-publish format-standard hentry category-novice category-33 description-off\" data-name=\"Vabilo na delavnico &#8220;Vloga zeli\u0161\u010d in za\u010dimb v prehrani&#8221;\" data-date=\"2024-01-08T10:56:13+01:00\">\n\n<div class=\"post-entry-content\">\n\n\t<h3 class=\"entry-title\">\n\t\t<a href=\"https:\/\/www.las-stik.si\/programsko-obdobje-2014-2020\/novice\/vabilo-na-delavnico-vloga-zelisc-in-zacimb-v-prehrani\/\" title=\"Vabilo na delavnico &#8220;Vloga zeli\u0161\u010d in za\u010dimb v prehrani&#8221;\" rel=\"bookmark\">Vabilo na delavnico &#8220;Vloga zeli\u0161\u010d in za\u010dimb v prehrani&#8221;<\/a>\n\t<\/h3>\n\n\t<div class=\"entry-meta\"><a href=\"https:\/\/www.las-stik.si\/programsko-obdobje-2014-2020\/2024\/01\/08\/\" title=\"10:56\" class=\"data-link\" rel=\"bookmark\"><time class=\"entry-date updated\" datetime=\"2024-01-08T10:56:13+01:00\">8. januarja, 2024<\/time><\/a><\/div>\n\t<div class=\"entry-excerpt\"><p>Vabimo vas, da se nam pridru\u017eite v sredo, 10. januarja 2024, v prostorih Zavoda Dobrote Dolenjske na delavnici z naslovom &#8220;Vloga zeli\u0161\u010d in za\u010dimb v&hellip;<\/p>\n<\/div>\n\t\n<a href=\"https:\/\/www.las-stik.si\/programsko-obdobje-2014-2020\/novice\/vabilo-na-delavnico-vloga-zelisc-in-zacimb-v-prehrani\/\" class=\"dt-btn-s dt-btn post-details details-type-btn\" aria-label=\"Read more about Vabilo na delavnico &#8220;Vloga zeli\u0161\u010d in za\u010dimb v prehrani&#8221;\">Ve\u010d ...<i class=\"dt-icon-the7-arrow-03\" aria-hidden=\"true\"><\/i><\/a>\n\n<\/div><\/article><article class=\"post project-odd hidden no-img post-4182 type-post status-publish format-standard hentry category-novice category-33 description-off\" data-name=\"Novo vodstvo LAS STIK\" data-date=\"2023-12-22T14:38:11+01:00\">\n\n<div class=\"post-entry-content\">\n\n\t<h3 class=\"entry-title\">\n\t\t<a href=\"https:\/\/www.las-stik.si\/programsko-obdobje-2014-2020\/novice\/novo-vodstvo-las-stik\/\" title=\"Novo vodstvo LAS STIK\" rel=\"bookmark\">Novo vodstvo LAS STIK<\/a>\n\t<\/h3>\n\n\t<div class=\"entry-meta\"><a href=\"https:\/\/www.las-stik.si\/programsko-obdobje-2014-2020\/2023\/12\/22\/\" title=\"14:38\" class=\"data-link\" rel=\"bookmark\"><time class=\"entry-date updated\" datetime=\"2023-12-22T14:38:11+01:00\">22. decembra, 2023<\/time><\/a><\/div>\n\t<div class=\"entry-excerpt\"><p>Organom LAS STIK &#8211; Predsedniku in Podpredsedniku ter Upravnemu in Nadzornemu odboru konec decembra izte\u010de mandat, zato so bile razpisane redne volitve \u010dlanov v organe&hellip;<\/p>\n<\/div>\n\t\n<a href=\"https:\/\/www.las-stik.si\/programsko-obdobje-2014-2020\/novice\/novo-vodstvo-las-stik\/\" class=\"dt-btn-s dt-btn post-details details-type-btn\" aria-label=\"Read more about Novo vodstvo LAS STIK\">Ve\u010d ...<i class=\"dt-icon-the7-arrow-03\" aria-hidden=\"true\"><\/i><\/a>\n\n<\/div><\/article><article class=\"post project-odd hidden no-img post-4165 type-post status-publish format-standard hentry category-novice category-33 description-off\" data-name=\"PODALJA\u0160ANJE ROKA ZA ODDAJO KANDIDATURE &#8211; RAZPIS REDNIH VOLITEV \u010cLANOV V ORGANE LAS SUHE KRAJINE, TEMENICE IN KRKE (LAS STIK) ZA MANDATNO OBDOBJE 2024-2028\" data-date=\"2023-12-18T11:55:08+01:00\">\n\n<div class=\"post-entry-content\">\n\n\t<h3 class=\"entry-title\">\n\t\t<a href=\"https:\/\/www.las-stik.si\/programsko-obdobje-2014-2020\/novice\/podaljasanje-roka-za-oddajo-kandidature-razpis-rednih-volitev-clanov-v-organe-las-suhe-krajine-temenice-in-krke-las-stik-za-mandatno-obdobje-2024-2028\/\" title=\"PODALJA\u0160ANJE ROKA ZA ODDAJO KANDIDATURE &#8211; RAZPIS REDNIH VOLITEV \u010cLANOV V ORGANE LAS SUHE KRAJINE, TEMENICE IN KRKE (LAS STIK) ZA MANDATNO OBDOBJE 2024-2028\" rel=\"bookmark\">PODALJA\u0160ANJE ROKA ZA ODDAJO KANDIDATURE &#8211; RAZPIS REDNIH VOLITEV \u010cLANOV V ORGANE LAS SUHE KRAJINE, TEMENICE IN KRKE (LAS STIK) ZA MANDATNO OBDOBJE 2024-2028<\/a>\n\t<\/h3>\n\n\t<div class=\"entry-meta\"><a href=\"https:\/\/www.las-stik.si\/programsko-obdobje-2014-2020\/2023\/12\/18\/\" title=\"11:55\" class=\"data-link\" rel=\"bookmark\"><time class=\"entry-date updated\" datetime=\"2023-12-18T11:55:08+01:00\">18. decembra, 2023<\/time><\/a><\/div>\n\t<div class=\"entry-excerpt\"><p>Rok za oddajo kandidature za volitve v organe LAS STIK se podalj\u0161a do torka 19. 12.2023 do 12. ure. Obrazec Predlog za kandidata za \u010dlana&hellip;<\/p>\n<\/div>\n\t\n<a href=\"https:\/\/www.las-stik.si\/programsko-obdobje-2014-2020\/novice\/podaljasanje-roka-za-oddajo-kandidature-razpis-rednih-volitev-clanov-v-organe-las-suhe-krajine-temenice-in-krke-las-stik-za-mandatno-obdobje-2024-2028\/\" class=\"dt-btn-s dt-btn post-details details-type-btn\" aria-label=\"Read more about PODALJA\u0160ANJE ROKA ZA ODDAJO KANDIDATURE &#8211; RAZPIS REDNIH VOLITEV \u010cLANOV V ORGANE LAS SUHE KRAJINE, TEMENICE IN KRKE (LAS STIK) ZA MANDATNO OBDOBJE 2024-2028\">Ve\u010d ...<i class=\"dt-icon-the7-arrow-03\" aria-hidden=\"true\"><\/i><\/a>\n\n<\/div><\/article><article class=\"post project-odd hidden no-img post-4161 type-post status-publish format-standard hentry category-novice category-33 description-off\" data-name=\"IZBOLJ\u0160AJTE TR\u017dENJE TURISTI\u010cNIH PRODUKTOV S POMO\u010cJO METODE STORYTELLINGA\" data-date=\"2023-12-12T15:07:02+01:00\">\n\n<div class=\"post-entry-content\">\n\n\t<h3 class=\"entry-title\">\n\t\t<a href=\"https:\/\/www.las-stik.si\/programsko-obdobje-2014-2020\/novice\/izboljsajte-trzenje-turisticnih-produktov-s-pomocjo-metode-storytellinga\/\" title=\"IZBOLJ\u0160AJTE TR\u017dENJE TURISTI\u010cNIH PRODUKTOV S POMO\u010cJO METODE STORYTELLINGA\" rel=\"bookmark\">IZBOLJ\u0160AJTE TR\u017dENJE TURISTI\u010cNIH PRODUKTOV S POMO\u010cJO METODE STORYTELLINGA<\/a>\n\t<\/h3>\n\n\t<div class=\"entry-meta\"><a href=\"https:\/\/www.las-stik.si\/programsko-obdobje-2014-2020\/2023\/12\/12\/\" title=\"15:07\" class=\"data-link\" rel=\"bookmark\"><time class=\"entry-date updated\" datetime=\"2023-12-12T15:07:02+01:00\">12. decembra, 2023<\/time><\/a><\/div>\n\t<div class=\"entry-excerpt\"><p>Vabimo vas na izjemno prilo\u017enost, ki vam bo pomagala izbolj\u0161ati tr\u017eenje va\u0161ih turisti\u010dnih produktov. Suhoparna sporo\u010dila bomo spremenili v privla\u010dne zgodbe, ki prepri\u010dajo in prodajajo.&hellip;<\/p>\n<\/div>\n\t\n<a href=\"https:\/\/www.las-stik.si\/programsko-obdobje-2014-2020\/novice\/izboljsajte-trzenje-turisticnih-produktov-s-pomocjo-metode-storytellinga\/\" class=\"dt-btn-s dt-btn post-details details-type-btn\" aria-label=\"Read more about IZBOLJ\u0160AJTE TR\u017dENJE TURISTI\u010cNIH PRODUKTOV S POMO\u010cJO METODE STORYTELLINGA\">Ve\u010d ...<i class=\"dt-icon-the7-arrow-03\" aria-hidden=\"true\"><\/i><\/a>\n\n<\/div><\/article><article class=\"post project-odd hidden no-img post-4156 type-post status-publish format-standard hentry category-novice category-33 description-off\" data-name=\"RAZPIS REDNIH VOLITEV \u010cLANOV V ORGANE LAS SUHE KRAJINE, TEMENICE IN KRKE (LAS STIK) ZA MANDATNO OBDOBJE 2024-2028\" data-date=\"2023-12-06T12:00:34+01:00\">\n\n<div class=\"post-entry-content\">\n\n\t<h3 class=\"entry-title\">\n\t\t<a href=\"https:\/\/www.las-stik.si\/programsko-obdobje-2014-2020\/novice\/razpis-rednih-volitev-clanov-v-organe-las-suhe-krajine-temenice-in-krke-las-stik-za-mandatno-obdobje-2024-2028\/\" title=\"RAZPIS REDNIH VOLITEV \u010cLANOV V ORGANE LAS SUHE KRAJINE, TEMENICE IN KRKE (LAS STIK) ZA MANDATNO OBDOBJE 2024-2028\" rel=\"bookmark\">RAZPIS REDNIH VOLITEV \u010cLANOV V ORGANE LAS SUHE KRAJINE, TEMENICE IN KRKE (LAS STIK) ZA MANDATNO OBDOBJE 2024-2028<\/a>\n\t<\/h3>\n\n\t<div class=\"entry-meta\"><a href=\"https:\/\/www.las-stik.si\/programsko-obdobje-2014-2020\/2023\/12\/06\/\" title=\"12:00\" class=\"data-link\" rel=\"bookmark\"><time class=\"entry-date updated\" datetime=\"2023-12-06T12:00:34+01:00\">6. decembra, 2023<\/time><\/a><\/div>\n\t<div class=\"entry-excerpt\"><p>Vodilni partner Lokalne akcijske skupine Suhe krajine, Temenice in Krke (v nadaljevanju LAS STIK), Center za izobra\u017eevanje in kulturo Trebnje, v skladu s Strategijo lokalnega&hellip;<\/p>\n<\/div>\n\t\n<a href=\"https:\/\/www.las-stik.si\/programsko-obdobje-2014-2020\/novice\/razpis-rednih-volitev-clanov-v-organe-las-suhe-krajine-temenice-in-krke-las-stik-za-mandatno-obdobje-2024-2028\/\" class=\"dt-btn-s dt-btn post-details details-type-btn\" aria-label=\"Read more about RAZPIS REDNIH VOLITEV \u010cLANOV V ORGANE LAS SUHE KRAJINE, TEMENICE IN KRKE (LAS STIK) ZA MANDATNO OBDOBJE 2024-2028\">Ve\u010d ...<i class=\"dt-icon-the7-arrow-03\" aria-hidden=\"true\"><\/i><\/a>\n\n<\/div><\/article><article class=\"post project-odd hidden no-img post-4136 type-post status-publish format-standard hentry category-novice category-33 description-off\" data-name=\"Vabljeni na serijo delavnic &#8220;ZELI\u0160\u010cA V SLU\u017dBI ZDRAVJA&#8221;\" data-date=\"2023-11-20T08:07:32+01:00\">\n\n<div class=\"post-entry-content\">\n\n\t<h3 class=\"entry-title\">\n\t\t<a href=\"https:\/\/www.las-stik.si\/programsko-obdobje-2014-2020\/novice\/vabljeni-na-serijo-delavnic-zelisca-v-sluzbi-zdravja\/\" title=\"Vabljeni na serijo delavnic &#8220;ZELI\u0160\u010cA V SLU\u017dBI ZDRAVJA&#8221;\" rel=\"bookmark\">Vabljeni na serijo delavnic &#8220;ZELI\u0160\u010cA V SLU\u017dBI ZDRAVJA&#8221;<\/a>\n\t<\/h3>\n\n\t<div class=\"entry-meta\"><a href=\"https:\/\/www.las-stik.si\/programsko-obdobje-2014-2020\/2023\/11\/20\/\" title=\"8:07\" class=\"data-link\" rel=\"bookmark\"><time class=\"entry-date updated\" datetime=\"2023-11-20T08:07:32+01:00\">20. novembra, 2023<\/time><\/a><\/div>\n\t<div class=\"entry-excerpt\"><p>&nbsp; &nbsp; Delavnice se izvajajo v okviru projekta sodelovanja \u00bbVeriga eko zeli\u0161\u010d od Dolenjske do Krasa\u00ab in so za udele\u017eence brezpla\u010dne. \u00a0 &nbsp; &nbsp; &nbsp;&hellip;<\/p>\n<\/div>\n\t\n<a href=\"https:\/\/www.las-stik.si\/programsko-obdobje-2014-2020\/novice\/vabljeni-na-serijo-delavnic-zelisca-v-sluzbi-zdravja\/\" class=\"dt-btn-s dt-btn post-details details-type-btn\" aria-label=\"Read more about Vabljeni na serijo delavnic &#8220;ZELI\u0160\u010cA V SLU\u017dBI ZDRAVJA&#8221;\">Ve\u010d ...<i class=\"dt-icon-the7-arrow-03\" aria-hidden=\"true\"><\/i><\/a>\n\n<\/div><\/article><article class=\"post project-odd hidden no-img post-4130 type-post status-publish format-standard hentry category-novice category-33 description-off\" data-name=\"Vabilo na zeli\u0161\u010darsko delavnico \u201cZgodovina in legende o \u010daju\u201d\" data-date=\"2023-11-10T07:50:33+01:00\">\n\n<div class=\"post-entry-content\">\n\n\t<h3 class=\"entry-title\">\n\t\t<a href=\"https:\/\/www.las-stik.si\/programsko-obdobje-2014-2020\/novice\/vabilo-na-zeliscarsko-delavnico-zgodovina-in-legende-o-caju\/\" title=\"Vabilo na zeli\u0161\u010darsko delavnico \u201cZgodovina in legende o \u010daju\u201d\" rel=\"bookmark\">Vabilo na zeli\u0161\u010darsko delavnico \u201cZgodovina in legende o \u010daju\u201d<\/a>\n\t<\/h3>\n\n\t<div class=\"entry-meta\"><a href=\"https:\/\/www.las-stik.si\/programsko-obdobje-2014-2020\/2023\/11\/10\/\" title=\"7:50\" class=\"data-link\" rel=\"bookmark\"><time class=\"entry-date updated\" datetime=\"2023-11-10T07:50:33+01:00\">10. novembra, 2023<\/time><\/a><\/div>\n\t<div class=\"entry-excerpt\"><p>Vabljeni na \u010dajno dogodiv\u0161\u010dino z izku\u0161eno zeli\u0161\u010darko Jo\u017eico Bajc Pivec. Spoznali boste \u010darobno zgodovino \u010daja, njegove legende in raznolike uporabe bodisi v zdravilstvu, kulinari\u010dnih dobrotah&hellip;<\/p>\n<\/div>\n\t\n<a href=\"https:\/\/www.las-stik.si\/programsko-obdobje-2014-2020\/novice\/vabilo-na-zeliscarsko-delavnico-zgodovina-in-legende-o-caju\/\" class=\"dt-btn-s dt-btn post-details details-type-btn\" aria-label=\"Read more about Vabilo na zeli\u0161\u010darsko delavnico \u201cZgodovina in legende o \u010daju\u201d\">Ve\u010d ...<i class=\"dt-icon-the7-arrow-03\" aria-hidden=\"true\"><\/i><\/a>\n\n<\/div><\/article><article class=\"post project-odd hidden no-img post-4122 type-post status-publish format-standard hentry category-novice category-33 description-off\" data-name=\"Vabljeni na festival suhega sadja \u0160KREBLFEST 2023\" data-date=\"2023-10-12T17:06:41+02:00\">\n\n<div class=\"post-entry-content\">\n\n\t<h3 class=\"entry-title\">\n\t\t<a href=\"https:\/\/www.las-stik.si\/programsko-obdobje-2014-2020\/novice\/vabljeni-na-festival-suhega-sadja-skreblfest-2023\/\" title=\"Vabljeni na festival suhega sadja \u0160KREBLFEST 2023\" rel=\"bookmark\">Vabljeni na festival suhega sadja \u0160KREBLFEST 2023<\/a>\n\t<\/h3>\n\n\t<div class=\"entry-meta\"><a href=\"https:\/\/www.las-stik.si\/programsko-obdobje-2014-2020\/2023\/10\/12\/\" title=\"17:06\" class=\"data-link\" rel=\"bookmark\"><time class=\"entry-date updated\" datetime=\"2023-10-12T17:06:41+02:00\">12. oktobra, 2023<\/time><\/a><\/div>\n\t<div class=\"entry-excerpt\"><p>\u00a0 &nbsp; \u0160KREBLFEST je rezultat projekta \u010cate\u0161ki \u0161kreblni in prgi\u0161\u010de sonca, ki ga je KUD Popotovanje Frana Levstika \u010cate\u017e s partnerji izvajal 2018-2019.<\/p>\n<\/div>\n\t\n<a href=\"https:\/\/www.las-stik.si\/programsko-obdobje-2014-2020\/novice\/vabljeni-na-festival-suhega-sadja-skreblfest-2023\/\" class=\"dt-btn-s dt-btn post-details details-type-btn\" aria-label=\"Read more about Vabljeni na festival suhega sadja \u0160KREBLFEST 2023\">Ve\u010d ...<i class=\"dt-icon-the7-arrow-03\" aria-hidden=\"true\"><\/i><\/a>\n\n<\/div><\/article><article class=\"post project-odd hidden no-img post-4105 type-post status-publish format-standard hentry category-novice category-33 description-off\" data-name=\"Vabilo za ljubitelje kulinarike in vsega dobrega\" data-date=\"2023-09-13T14:08:54+02:00\">\n\n<div class=\"post-entry-content\">\n\n\t<h3 class=\"entry-title\">\n\t\t<a href=\"https:\/\/www.las-stik.si\/programsko-obdobje-2014-2020\/novice\/vabilo-za-ljubitelje-kulinarike-in-vsega-dobrega\/\" title=\"Vabilo za ljubitelje kulinarike in vsega dobrega\" rel=\"bookmark\">Vabilo za ljubitelje kulinarike in vsega dobrega<\/a>\n\t<\/h3>\n\n\t<div class=\"entry-meta\"><a href=\"https:\/\/www.las-stik.si\/programsko-obdobje-2014-2020\/2023\/09\/13\/\" title=\"14:08\" class=\"data-link\" rel=\"bookmark\"><time class=\"entry-date updated\" datetime=\"2023-09-13T14:08:54+02:00\">13. septembra, 2023<\/time><\/a><\/div>\n\t<div class=\"entry-excerpt\"><p>Dragi ljubitelji kulinarike in vsega dobrega! Vljudno vabljeni na pogovorna ve\u010dera z etnologinjo dr. Leo Ku\u017enik: 18. septembra, ob 19. uri, v Knji\u017enici Pavla Golie&hellip;<\/p>\n<\/div>\n\t\n<a href=\"https:\/\/www.las-stik.si\/programsko-obdobje-2014-2020\/novice\/vabilo-za-ljubitelje-kulinarike-in-vsega-dobrega\/\" class=\"dt-btn-s dt-btn post-details details-type-btn\" aria-label=\"Read more about Vabilo za ljubitelje kulinarike in vsega dobrega\">Ve\u010d ...<i class=\"dt-icon-the7-arrow-03\" aria-hidden=\"true\"><\/i><\/a>\n\n<\/div><\/article><article class=\"post project-odd hidden no-img post-4096 type-post status-publish format-standard hentry category-novice category-33 description-off\" data-name=\"Oddana Strategija lokalnega razvoja LAS STIK do 2027\" data-date=\"2023-07-21T14:12:57+02:00\">\n\n<div class=\"post-entry-content\">\n\n\t<h3 class=\"entry-title\">\n\t\t<a href=\"https:\/\/www.las-stik.si\/programsko-obdobje-2014-2020\/novice\/oddana-strategija-lokalnega-razvoja-las-stik-do-2027\/\" title=\"Oddana Strategija lokalnega razvoja LAS STIK do 2027\" rel=\"bookmark\">Oddana Strategija lokalnega razvoja LAS STIK do 2027<\/a>\n\t<\/h3>\n\n\t<div class=\"entry-meta\"><a href=\"https:\/\/www.las-stik.si\/programsko-obdobje-2014-2020\/2023\/07\/21\/\" title=\"14:12\" class=\"data-link\" rel=\"bookmark\"><time class=\"entry-date updated\" datetime=\"2023-07-21T14:12:57+02:00\">21. julija, 2023<\/time><\/a><\/div>\n\t<div class=\"entry-excerpt\"><p>Lokalna akcijska skupina Suhe krajine, Temenice in Krke (LAS STIK) zavzema obmo\u010dje \u0161tirih dolenjskih ob\u010din: Dolenjske Toplice, Ivan\u010dna Gorica, Trebnje in \u017du\u017eemberk in je bila&hellip;<\/p>\n<\/div>\n\t\n<a href=\"https:\/\/www.las-stik.si\/programsko-obdobje-2014-2020\/novice\/oddana-strategija-lokalnega-razvoja-las-stik-do-2027\/\" class=\"dt-btn-s dt-btn post-details details-type-btn\" aria-label=\"Read more about Oddana Strategija lokalnega razvoja LAS STIK do 2027\">Ve\u010d ...<i class=\"dt-icon-the7-arrow-03\" aria-hidden=\"true\"><\/i><\/a>\n\n<\/div><\/article><article class=\"post project-odd hidden no-img post-4091 type-post status-publish format-standard hentry category-novice category-33 description-off\" data-name=\"Poletni delovni \u010das 2023\" data-date=\"2023-07-11T09:20:07+02:00\">\n\n<div class=\"post-entry-content\">\n\n\t<h3 class=\"entry-title\">\n\t\t<a href=\"https:\/\/www.las-stik.si\/programsko-obdobje-2014-2020\/novice\/poletni-delovni-cas-2023\/\" title=\"Poletni delovni \u010das 2023\" rel=\"bookmark\">Poletni delovni \u010das 2023<\/a>\n\t<\/h3>\n\n\t<div class=\"entry-meta\"><a href=\"https:\/\/www.las-stik.si\/programsko-obdobje-2014-2020\/2023\/07\/11\/\" title=\"9:20\" class=\"data-link\" rel=\"bookmark\"><time class=\"entry-date updated\" datetime=\"2023-07-11T09:20:07+02:00\">11. julija, 2023<\/time><\/a><\/div>\n\t<div class=\"entry-excerpt\"><p>Spo\u0161tovani. Sporo\u010damo vam, da bo v \u010dasu poletnih po\u010ditnic, delovni \u010das pisarne CIK Trebnje in pisarne LAS STIK spremenjen: 10.7. do 21.7.2023 od 8.00 do&hellip;<\/p>\n<\/div>\n\t\n<a href=\"https:\/\/www.las-stik.si\/programsko-obdobje-2014-2020\/novice\/poletni-delovni-cas-2023\/\" class=\"dt-btn-s dt-btn post-details details-type-btn\" aria-label=\"Read more about Poletni delovni \u010das 2023\">Ve\u010d ...<i class=\"dt-icon-the7-arrow-03\" aria-hidden=\"true\"><\/i><\/a>\n\n<\/div><\/article><article class=\"post project-odd hidden no-img post-4087 type-post status-publish format-standard hentry category-novice category-33 description-off\" data-name=\"PROSTO DELOVNO MESTO &#8211; KOORDINATOR VII\/2\" data-date=\"2023-06-23T14:54:44+02:00\">\n\n<div class=\"post-entry-content\">\n\n\t<h3 class=\"entry-title\">\n\t\t<a href=\"https:\/\/www.las-stik.si\/programsko-obdobje-2014-2020\/novice\/prosto-delovno-mesto-koordinator-vii-2\/\" title=\"PROSTO DELOVNO MESTO &#8211; KOORDINATOR VII\/2\" rel=\"bookmark\">PROSTO DELOVNO MESTO &#8211; KOORDINATOR VII\/2<\/a>\n\t<\/h3>\n\n\t<div class=\"entry-meta\"><a href=\"https:\/\/www.las-stik.si\/programsko-obdobje-2014-2020\/2023\/06\/23\/\" title=\"14:54\" class=\"data-link\" rel=\"bookmark\"><time class=\"entry-date updated\" datetime=\"2023-06-23T14:54:44+02:00\">23. junija, 2023<\/time><\/a><\/div>\n\t<div class=\"entry-excerpt\"><p>Center za izobra\u017eevanje in kulturo Trebnje objavlja prosto delovno mesto za nedolo\u010den \u010das KOORDINATOR VII\/2 m\/\u017e. &nbsp; Kandidati, ki se bojo prijavili na prosto delovno&hellip;<\/p>\n<\/div>\n\t\n<a href=\"https:\/\/www.las-stik.si\/programsko-obdobje-2014-2020\/novice\/prosto-delovno-mesto-koordinator-vii-2\/\" class=\"dt-btn-s dt-btn post-details details-type-btn\" aria-label=\"Read more about PROSTO DELOVNO MESTO &#8211; KOORDINATOR VII\/2\">Ve\u010d ...<i class=\"dt-icon-the7-arrow-03\" aria-hidden=\"true\"><\/i><\/a>\n\n<\/div><\/article><article class=\"post project-odd hidden no-img post-4080 type-post status-publish format-standard hentry category-novice category-33 description-off\" data-name=\"Vabilo na delavnico za pripravo Strategije lokalnega razvoja LAS Suhe krajine, Temenice in Krke (LAS STIK) za novo programsko obdobju do 2027\" data-date=\"2023-06-21T20:13:24+02:00\">\n\n<div class=\"post-entry-content\">\n\n\t<h3 class=\"entry-title\">\n\t\t<a href=\"https:\/\/www.las-stik.si\/programsko-obdobje-2014-2020\/novice\/vabilo-na-delavnico-za-pripravo-strategije-lokalnega-razvoja-las-suhe-krajine-temenice-in-krke-las-stik-za-novo-programsko-obdobju-do-2027\/\" title=\"Vabilo na delavnico za pripravo Strategije lokalnega razvoja LAS Suhe krajine, Temenice in Krke (LAS STIK) za novo programsko obdobju do 2027\" rel=\"bookmark\">Vabilo na delavnico za pripravo Strategije lokalnega razvoja LAS Suhe krajine, Temenice in Krke (LAS STIK) za novo programsko obdobju do 2027<\/a>\n\t<\/h3>\n\n\t<div class=\"entry-meta\"><a href=\"https:\/\/www.las-stik.si\/programsko-obdobje-2014-2020\/2023\/06\/21\/\" title=\"20:13\" class=\"data-link\" rel=\"bookmark\"><time class=\"entry-date updated\" datetime=\"2023-06-21T20:13:24+02:00\">21. junija, 2023<\/time><\/a><\/div>\n\t<div class=\"entry-excerpt\"><p>V februarju smo izvedli s cikel delavnic za pripravo nove strategije lokalnega razvoja za obmo\u010dje LAS STIK, na katerih smo preverjali dejanske potrebe obmo\u010dja. Vabimo&hellip;<\/p>\n<\/div>\n\t\n<a href=\"https:\/\/www.las-stik.si\/programsko-obdobje-2014-2020\/novice\/vabilo-na-delavnico-za-pripravo-strategije-lokalnega-razvoja-las-suhe-krajine-temenice-in-krke-las-stik-za-novo-programsko-obdobju-do-2027\/\" class=\"dt-btn-s dt-btn post-details details-type-btn\" aria-label=\"Read more about Vabilo na delavnico za pripravo Strategije lokalnega razvoja LAS Suhe krajine, Temenice in Krke (LAS STIK) za novo programsko obdobju do 2027\">Ve\u010d ...<i class=\"dt-icon-the7-arrow-03\" aria-hidden=\"true\"><\/i><\/a>\n\n<\/div><\/article><article class=\"post project-odd hidden no-img post-4077 type-post status-publish format-standard hentry category-novice category-33 description-off\" data-name=\"Vabljeni na VE\u010cER DOLENJSKE GASTRONOMIJE z dr. Janezom Bogatajem\" data-date=\"2023-06-19T07:31:31+02:00\">\n\n<div class=\"post-entry-content\">\n\n\t<h3 class=\"entry-title\">\n\t\t<a href=\"https:\/\/www.las-stik.si\/programsko-obdobje-2014-2020\/novice\/vabljeni-na-vecer-dolenjske-gastronomije-z-dr-janezom-bogatajem\/\" title=\"Vabljeni na VE\u010cER DOLENJSKE GASTRONOMIJE z dr. Janezom Bogatajem\" rel=\"bookmark\">Vabljeni na VE\u010cER DOLENJSKE GASTRONOMIJE z dr. Janezom Bogatajem<\/a>\n\t<\/h3>\n\n\t<div class=\"entry-meta\"><a href=\"https:\/\/www.las-stik.si\/programsko-obdobje-2014-2020\/2023\/06\/19\/\" title=\"7:31\" class=\"data-link\" rel=\"bookmark\"><time class=\"entry-date updated\" datetime=\"2023-06-19T07:31:31+02:00\">19. junija, 2023<\/time><\/a><\/div>\n\t<div class=\"entry-excerpt\"><\/div>\n\t\n<a href=\"https:\/\/www.las-stik.si\/programsko-obdobje-2014-2020\/novice\/vabljeni-na-vecer-dolenjske-gastronomije-z-dr-janezom-bogatajem\/\" class=\"dt-btn-s dt-btn post-details details-type-btn\" aria-label=\"Read more about Vabljeni na VE\u010cER DOLENJSKE GASTRONOMIJE z dr. Janezom Bogatajem\">Ve\u010d ...<i class=\"dt-icon-the7-arrow-03\" aria-hidden=\"true\"><\/i><\/a>\n\n<\/div><\/article><article class=\"post project-odd hidden no-img post-4060 type-post status-publish format-standard hentry category-novice category-33 description-off\" data-name=\"VABILO NA DRU\u017dENJE V STI\u010cNI\" data-date=\"2023-06-08T13:48:24+02:00\">\n\n<div class=\"post-entry-content\">\n\n\t<h3 class=\"entry-title\">\n\t\t<a href=\"https:\/\/www.las-stik.si\/programsko-obdobje-2014-2020\/novice\/vabilo-na-druzenje-v-sticni\/\" title=\"VABILO NA DRU\u017dENJE V STI\u010cNI\" rel=\"bookmark\">VABILO NA DRU\u017dENJE V STI\u010cNI<\/a>\n\t<\/h3>\n\n\t<div class=\"entry-meta\"><a href=\"https:\/\/www.las-stik.si\/programsko-obdobje-2014-2020\/2023\/06\/08\/\" title=\"13:48\" class=\"data-link\" rel=\"bookmark\"><time class=\"entry-date updated\" datetime=\"2023-06-08T13:48:24+02:00\">8. junija, 2023<\/time><\/a><\/div>\n\t<div class=\"entry-excerpt\"><\/div>\n\t\n<a href=\"https:\/\/www.las-stik.si\/programsko-obdobje-2014-2020\/novice\/vabilo-na-druzenje-v-sticni\/\" class=\"dt-btn-s dt-btn post-details details-type-btn\" aria-label=\"Read more about VABILO NA DRU\u017dENJE V STI\u010cNI\">Ve\u010d ...<i class=\"dt-icon-the7-arrow-03\" aria-hidden=\"true\"><\/i><\/a>\n\n<\/div><\/article><article class=\"post project-odd hidden no-img post-4035 type-post status-publish format-standard hentry category-novice category-33 description-off\" data-name=\"Kuhaj kot chef: kuharske delavnice z Robertom Gregor\u010di\u010dem\" data-date=\"2023-06-06T14:24:00+02:00\">\n\n<div class=\"post-entry-content\">\n\n\t<h3 class=\"entry-title\">\n\t\t<a href=\"https:\/\/www.las-stik.si\/programsko-obdobje-2014-2020\/novice\/kuhaj-kot-chef-kuharske-delavnice-z-robertom-gregorcicem\/\" title=\"Kuhaj kot chef: kuharske delavnice z Robertom Gregor\u010di\u010dem\" rel=\"bookmark\">Kuhaj kot chef: kuharske delavnice z Robertom Gregor\u010di\u010dem<\/a>\n\t<\/h3>\n\n\t<div class=\"entry-meta\"><a href=\"https:\/\/www.las-stik.si\/programsko-obdobje-2014-2020\/2023\/06\/06\/\" title=\"14:24\" class=\"data-link\" rel=\"bookmark\"><time class=\"entry-date updated\" datetime=\"2023-06-06T14:24:00+02:00\">6. junija, 2023<\/time><\/a><\/div>\n\t<div class=\"entry-excerpt\"><p>Prijavi se na brezpla\u010dne kuharske delavnice s chefom Robertom V Dobrotah Dolenjske za vse ljubitelje dobre hrane napovedujejo 8 kuharskih delavnic: &nbsp;<\/p>\n<\/div>\n\t\n<a href=\"https:\/\/www.las-stik.si\/programsko-obdobje-2014-2020\/novice\/kuhaj-kot-chef-kuharske-delavnice-z-robertom-gregorcicem\/\" class=\"dt-btn-s dt-btn post-details details-type-btn\" aria-label=\"Read more about Kuhaj kot chef: kuharske delavnice z Robertom Gregor\u010di\u010dem\">Ve\u010d ...<i class=\"dt-icon-the7-arrow-03\" aria-hidden=\"true\"><\/i><\/a>\n\n<\/div><\/article><article class=\"post project-odd hidden no-img post-4019 type-post status-publish format-standard hentry category-novice category-33 description-off\" data-name=\"V OKVIRU PROJEKTA SKUPAJ ZA VARNI JUTRI IZVEDLI ZAKLJU\u010cNI DOGODEK &#8220;DAN ZDRAVJA&#8221;\" data-date=\"2023-06-02T13:20:14+02:00\">\n\n<div class=\"post-entry-content\">\n\n\t<h3 class=\"entry-title\">\n\t\t<a href=\"https:\/\/www.las-stik.si\/programsko-obdobje-2014-2020\/novice\/v-okviru-projekta-skupaj-za-varni-jutri-izvedli-zakljucni-dogodek-dan-zdravja\/\" title=\"V OKVIRU PROJEKTA SKUPAJ ZA VARNI JUTRI IZVEDLI ZAKLJU\u010cNI DOGODEK &#8220;DAN ZDRAVJA&#8221;\" rel=\"bookmark\">V OKVIRU PROJEKTA SKUPAJ ZA VARNI JUTRI IZVEDLI ZAKLJU\u010cNI DOGODEK &#8220;DAN ZDRAVJA&#8221;<\/a>\n\t<\/h3>\n\n\t<div class=\"entry-meta\"><a href=\"https:\/\/www.las-stik.si\/programsko-obdobje-2014-2020\/2023\/06\/02\/\" title=\"13:20\" class=\"data-link\" rel=\"bookmark\"><time class=\"entry-date updated\" datetime=\"2023-06-02T13:20:14+02:00\">2. junija, 2023<\/time><\/a><\/div>\n\t<div class=\"entry-excerpt\"><p>&nbsp; Na svetovni dan \u0161porta je v sredo 31. maja 2023 potekala prireditev \u00bbDAN ZDRAVJA\u00ab, ki sta jo organizirali Ob\u010dina Ivan\u010dna Gorica in Lokalna akcijska&hellip;<\/p>\n<\/div>\n\t\n<a href=\"https:\/\/www.las-stik.si\/programsko-obdobje-2014-2020\/novice\/v-okviru-projekta-skupaj-za-varni-jutri-izvedli-zakljucni-dogodek-dan-zdravja\/\" class=\"dt-btn-s dt-btn post-details details-type-btn\" aria-label=\"Read more about V OKVIRU PROJEKTA SKUPAJ ZA VARNI JUTRI IZVEDLI ZAKLJU\u010cNI DOGODEK &#8220;DAN ZDRAVJA&#8221;\">Ve\u010d ...<i class=\"dt-icon-the7-arrow-03\" aria-hidden=\"true\"><\/i><\/a>\n\n<\/div><\/article><article class=\"post project-odd hidden no-img post-4014 type-post status-publish format-standard hentry category-novice category-33 description-off\" data-name=\"Vabljeni k ogledu oddaje NA LEP\u0160E\" data-date=\"2023-05-26T13:20:46+02:00\">\n\n<div class=\"post-entry-content\">\n\n\t<h3 class=\"entry-title\">\n\t\t<a href=\"https:\/\/www.las-stik.si\/programsko-obdobje-2014-2020\/novice\/vabljeni-k-ogledu-oddaje-na-lepse\/\" title=\"Vabljeni k ogledu oddaje NA LEP\u0160E\" rel=\"bookmark\">Vabljeni k ogledu oddaje NA LEP\u0160E<\/a>\n\t<\/h3>\n\n\t<div class=\"entry-meta\"><a href=\"https:\/\/www.las-stik.si\/programsko-obdobje-2014-2020\/2023\/05\/26\/\" title=\"13:20\" class=\"data-link\" rel=\"bookmark\"><time class=\"entry-date updated\" datetime=\"2023-05-26T13:20:46+02:00\">26. maja, 2023<\/time><\/a><\/div>\n\t<div class=\"entry-excerpt\"><p>Vabljeni k ogledu oddaje NA LEP\u0160E v kateri so obiskali Suho krajino in do\u017eiveli tudi rezultate projektov na\u0161ega obmo\u010dja. NA LEP\u0160E &nbsp;<\/p>\n<\/div>\n\t\n<a href=\"https:\/\/www.las-stik.si\/programsko-obdobje-2014-2020\/novice\/vabljeni-k-ogledu-oddaje-na-lepse\/\" class=\"dt-btn-s dt-btn post-details details-type-btn\" aria-label=\"Read more about Vabljeni k ogledu oddaje NA LEP\u0160E\">Ve\u010d ...<i class=\"dt-icon-the7-arrow-03\" aria-hidden=\"true\"><\/i><\/a>\n\n<\/div><\/article><article class=\"post project-odd hidden no-img post-4008 type-post status-publish format-standard hentry category-novice category-33 description-off\" data-name=\"Vabilo na delavnico &#8211; aktivni MTB voznik\" data-date=\"2023-05-11T15:39:15+02:00\">\n\n<div class=\"post-entry-content\">\n\n\t<h3 class=\"entry-title\">\n\t\t<a href=\"https:\/\/www.las-stik.si\/programsko-obdobje-2014-2020\/novice\/vabilo-na-delavnico-aktivni-mtb-voznik\/\" title=\"Vabilo na delavnico &#8211; aktivni MTB voznik\" rel=\"bookmark\">Vabilo na delavnico &#8211; aktivni MTB voznik<\/a>\n\t<\/h3>\n\n\t<div class=\"entry-meta\"><a href=\"https:\/\/www.las-stik.si\/programsko-obdobje-2014-2020\/2023\/05\/11\/\" title=\"15:39\" class=\"data-link\" rel=\"bookmark\"><time class=\"entry-date updated\" datetime=\"2023-05-11T15:39:15+02:00\">11. maja, 2023<\/time><\/a><\/div>\n\t<div class=\"entry-excerpt\"><p>V okviru projekta Skupaj za varni jutri vas vabimo na delavnico aktivni MTB voznik z \u017digo Pandurjem. 19. 5. 2023, 16.00-18.00, Do\u017eivljajski park Cukarca (Petru\u0161nja&hellip;<\/p>\n<\/div>\n\t\n<a href=\"https:\/\/www.las-stik.si\/programsko-obdobje-2014-2020\/novice\/vabilo-na-delavnico-aktivni-mtb-voznik\/\" class=\"dt-btn-s dt-btn post-details details-type-btn\" aria-label=\"Read more about Vabilo na delavnico &#8211; aktivni MTB voznik\">Ve\u010d ...<i class=\"dt-icon-the7-arrow-03\" aria-hidden=\"true\"><\/i><\/a>\n\n<\/div><\/article><article class=\"post project-odd hidden no-img post-3991 type-post status-publish format-standard hentry category-novice category-33 description-off\" data-name=\"Vabilo na delavnice za pripravo Strategije lokalnega razvoja LAS Suhe krajine, Temenice in Krke (LAS STIK) za novo programsko obdobju do 2027\" data-date=\"2023-02-03T09:42:51+01:00\">\n\n<div class=\"post-entry-content\">\n\n\t<h3 class=\"entry-title\">\n\t\t<a href=\"https:\/\/www.las-stik.si\/programsko-obdobje-2014-2020\/novice\/vabilo-na-delavnice-za-pripravo-strategije-lokalnega-razvoja-las-suhe-krajine-temenice-in-krke-las-stik-za-novo-programsko-obdobju-do-2027\/\" title=\"Vabilo na delavnice za pripravo Strategije lokalnega razvoja LAS Suhe krajine, Temenice in Krke (LAS STIK) za novo programsko obdobju do 2027\" rel=\"bookmark\">Vabilo na delavnice za pripravo Strategije lokalnega razvoja LAS Suhe krajine, Temenice in Krke (LAS STIK) za novo programsko obdobju do 2027<\/a>\n\t<\/h3>\n\n\t<div class=\"entry-meta\"><a href=\"https:\/\/www.las-stik.si\/programsko-obdobje-2014-2020\/2023\/02\/03\/\" title=\"9:42\" class=\"data-link\" rel=\"bookmark\"><time class=\"entry-date updated\" datetime=\"2023-02-03T09:42:51+01:00\">3. februarja, 2023<\/time><\/a><\/div>\n\t<div class=\"entry-excerpt\"><p>Ministrstvo za kmetijstvo, gozdarstvo in prehrano je 23. decembra 2022 v Uradnem listu objavilo Javni poziv za oblikovanje lokalnih akcijskih skupin in pripravo strategij lokalnega&hellip;<\/p>\n<\/div>\n\t\n<a href=\"https:\/\/www.las-stik.si\/programsko-obdobje-2014-2020\/novice\/vabilo-na-delavnice-za-pripravo-strategije-lokalnega-razvoja-las-suhe-krajine-temenice-in-krke-las-stik-za-novo-programsko-obdobju-do-2027\/\" class=\"dt-btn-s dt-btn post-details details-type-btn\" aria-label=\"Read more about Vabilo na delavnice za pripravo Strategije lokalnega razvoja LAS Suhe krajine, Temenice in Krke (LAS STIK) za novo programsko obdobju do 2027\">Ve\u010d ...<i class=\"dt-icon-the7-arrow-03\" aria-hidden=\"true\"><\/i><\/a>\n\n<\/div><\/article><article class=\"post project-odd hidden no-img post-3983 type-post status-publish format-standard hentry category-novice category-33 description-off\" data-name=\"Vabilo za sodelovanje v Lokalni akcijski skupini Suhe krajine, Temenice in Krke (LAS STIK) v programskem obdobju 2021-2027\" data-date=\"2023-01-20T12:44:23+01:00\">\n\n<div class=\"post-entry-content\">\n\n\t<h3 class=\"entry-title\">\n\t\t<a href=\"https:\/\/www.las-stik.si\/programsko-obdobje-2014-2020\/novice\/vabilo-za-sodelovanje-v-lokalni-akcijski-skupini-suhe-krajine-temenice-in-krke-las-stik-v-programskem-obdobju-2021-2027\/\" title=\"Vabilo za sodelovanje v Lokalni akcijski skupini Suhe krajine, Temenice in Krke (LAS STIK) v programskem obdobju 2021-2027\" rel=\"bookmark\">Vabilo za sodelovanje v Lokalni akcijski skupini Suhe krajine, Temenice in Krke (LAS STIK) v programskem obdobju 2021-2027<\/a>\n\t<\/h3>\n\n\t<div class=\"entry-meta\"><a href=\"https:\/\/www.las-stik.si\/programsko-obdobje-2014-2020\/2023\/01\/20\/\" title=\"12:44\" class=\"data-link\" rel=\"bookmark\"><time class=\"entry-date updated\" datetime=\"2023-01-20T12:44:23+01:00\">20. januarja, 2023<\/time><\/a><\/div>\n\t<div class=\"entry-excerpt\"><p>K sodelovanju vabimo vse obstoje\u010de \u010dlane LAS STIK in vse ostale zainteresirane, ki bi \u017eeleli aktivno sodelovati v LAS. \u010clani pogodbenega partnerstva LAS STIK so&hellip;<\/p>\n<\/div>\n\t\n<a href=\"https:\/\/www.las-stik.si\/programsko-obdobje-2014-2020\/novice\/vabilo-za-sodelovanje-v-lokalni-akcijski-skupini-suhe-krajine-temenice-in-krke-las-stik-v-programskem-obdobju-2021-2027\/\" class=\"dt-btn-s dt-btn post-details details-type-btn\" aria-label=\"Read more about Vabilo za sodelovanje v Lokalni akcijski skupini Suhe krajine, Temenice in Krke (LAS STIK) v programskem obdobju 2021-2027\">Ve\u010d ...<i class=\"dt-icon-the7-arrow-03\" aria-hidden=\"true\"><\/i><\/a>\n\n<\/div><\/article><article class=\"post project-odd hidden no-img post-3966 type-post status-publish format-standard hentry category-novice category-33 description-off\" data-name=\"&#8220;RAZGIBAJ SE&#8221; &#8211; VADBA ZA ZDRAVO IN AKTIVNO STAROST\" data-date=\"2022-11-22T16:31:50+01:00\">\n\n<div class=\"post-entry-content\">\n\n\t<h3 class=\"entry-title\">\n\t\t<a href=\"https:\/\/www.las-stik.si\/programsko-obdobje-2014-2020\/novice\/razgibaj-se-vadba-za-zdravo-in-aktivno-starost\/\" title=\"&#8220;RAZGIBAJ SE&#8221; &#8211; VADBA ZA ZDRAVO IN AKTIVNO STAROST\" rel=\"bookmark\">&#8220;RAZGIBAJ SE&#8221; &#8211; VADBA ZA ZDRAVO IN AKTIVNO STAROST<\/a>\n\t<\/h3>\n\n\t<div class=\"entry-meta\"><a href=\"https:\/\/www.las-stik.si\/programsko-obdobje-2014-2020\/2022\/11\/22\/\" title=\"16:31\" class=\"data-link\" rel=\"bookmark\"><time class=\"entry-date updated\" datetime=\"2022-11-22T16:31:50+01:00\">22. novembra, 2022<\/time><\/a><\/div>\n\t<div class=\"entry-excerpt\"><p>V sredo 30. 11. 2022 vljudno vabljeni na Dan odprtih vrat s prikazi razli\u010dnih mo\u017enosti vadb. Prikazi bodo potekali od 17.00 do 20.00 v Top&hellip;<\/p>\n<\/div>\n\t\n<a href=\"https:\/\/www.las-stik.si\/programsko-obdobje-2014-2020\/novice\/razgibaj-se-vadba-za-zdravo-in-aktivno-starost\/\" class=\"dt-btn-s dt-btn post-details details-type-btn\" aria-label=\"Read more about &#8220;RAZGIBAJ SE&#8221; &#8211; VADBA ZA ZDRAVO IN AKTIVNO STAROST\">Ve\u010d ...<i class=\"dt-icon-the7-arrow-03\" aria-hidden=\"true\"><\/i><\/a>\n\n<\/div><\/article><article class=\"post project-odd hidden no-img post-3964 type-post status-publish format-standard hentry category-nekategorizirano category-novice category-1 category-33 description-off\" data-name=\"&#8220;RAZGIBAJ SE&#8221; &#8211; DELAVNICA SAMOOBRAMBE ZA \u017dENSKE\" data-date=\"2022-11-22T16:29:50+01:00\">\n\n<div class=\"post-entry-content\">\n\n\t<h3 class=\"entry-title\">\n\t\t<a href=\"https:\/\/www.las-stik.si\/programsko-obdobje-2014-2020\/nekategorizirano\/razgibaj-se-delavnica-samoobrambe-za-zenske\/\" title=\"&#8220;RAZGIBAJ SE&#8221; &#8211; DELAVNICA SAMOOBRAMBE ZA \u017dENSKE\" rel=\"bookmark\">&#8220;RAZGIBAJ SE&#8221; &#8211; DELAVNICA SAMOOBRAMBE ZA \u017dENSKE<\/a>\n\t<\/h3>\n\n\t<div class=\"entry-meta\"><a href=\"https:\/\/www.las-stik.si\/programsko-obdobje-2014-2020\/2022\/11\/22\/\" title=\"16:29\" class=\"data-link\" rel=\"bookmark\"><time class=\"entry-date updated\" datetime=\"2022-11-22T16:29:50+01:00\">22. novembra, 2022<\/time><\/a><\/div>\n\t<div class=\"entry-excerpt\"><p>V sredo 30. 11. 2022 vljudno vabljeni na Dan odprtih vrat s prikazi razli\u010dnih mo\u017enosti vadb. Prikazi bodo potekali od 17.00 do 20.00 v Top&hellip;<\/p>\n<\/div>\n\t\n<a href=\"https:\/\/www.las-stik.si\/programsko-obdobje-2014-2020\/nekategorizirano\/razgibaj-se-delavnica-samoobrambe-za-zenske\/\" class=\"dt-btn-s dt-btn post-details details-type-btn\" aria-label=\"Read more about &#8220;RAZGIBAJ SE&#8221; &#8211; DELAVNICA SAMOOBRAMBE ZA \u017dENSKE\">Ve\u010d ...<i class=\"dt-icon-the7-arrow-03\" aria-hidden=\"true\"><\/i><\/a>\n\n<\/div><\/article><article class=\"post project-odd hidden no-img post-3960 type-post status-publish format-standard hentry category-novice category-33 description-off\" data-name=\"&#8220;RAZGIBAJ SE&#8221; &#8211; KAKO PRI\u010cETI Z VADBO &#8211; &#8220;FITNES&#8221;\" data-date=\"2022-11-22T16:23:43+01:00\">\n\n<div class=\"post-entry-content\">\n\n\t<h3 class=\"entry-title\">\n\t\t<a href=\"https:\/\/www.las-stik.si\/programsko-obdobje-2014-2020\/novice\/razgibaj-se-kako-priceti-z-vadbo-fitnes\/\" title=\"&#8220;RAZGIBAJ SE&#8221; &#8211; KAKO PRI\u010cETI Z VADBO &#8211; &#8220;FITNES&#8221;\" rel=\"bookmark\">&#8220;RAZGIBAJ SE&#8221; &#8211; KAKO PRI\u010cETI Z VADBO &#8211; &#8220;FITNES&#8221;<\/a>\n\t<\/h3>\n\n\t<div class=\"entry-meta\"><a href=\"https:\/\/www.las-stik.si\/programsko-obdobje-2014-2020\/2022\/11\/22\/\" title=\"16:23\" class=\"data-link\" rel=\"bookmark\"><time class=\"entry-date updated\" datetime=\"2022-11-22T16:23:43+01:00\">22. novembra, 2022<\/time><\/a><\/div>\n\t<div class=\"entry-excerpt\"><p>V sredo 30. 11. 2022 vljudno vabljeni na Dan odprtih vrat s prikazi razli\u010dnih mo\u017enosti vadb. Prikazi bodo potekali od 17.00 do 20.00 v Top&hellip;<\/p>\n<\/div>\n\t\n<a href=\"https:\/\/www.las-stik.si\/programsko-obdobje-2014-2020\/novice\/razgibaj-se-kako-priceti-z-vadbo-fitnes\/\" class=\"dt-btn-s dt-btn post-details details-type-btn\" aria-label=\"Read more about &#8220;RAZGIBAJ SE&#8221; &#8211; KAKO PRI\u010cETI Z VADBO &#8211; &#8220;FITNES&#8221;\">Ve\u010d ...<i class=\"dt-icon-the7-arrow-03\" aria-hidden=\"true\"><\/i><\/a>\n\n<\/div><\/article><article class=\"post project-odd hidden no-img post-3942 type-post status-publish format-standard hentry category-novice category-33 description-off\" data-name=\"MONOGRAFIJA O IZVAJANJU PRISTOPA LEADER\/CLLD V SLOVENIJI\" data-date=\"2022-10-25T12:51:29+02:00\">\n\n<div class=\"post-entry-content\">\n\n\t<h3 class=\"entry-title\">\n\t\t<a href=\"https:\/\/www.las-stik.si\/programsko-obdobje-2014-2020\/novice\/monografija-o-izvajanju-pristopa-leader-clld-v-sloveniji\/\" title=\"MONOGRAFIJA O IZVAJANJU PRISTOPA LEADER\/CLLD V SLOVENIJI\" rel=\"bookmark\">MONOGRAFIJA O IZVAJANJU PRISTOPA LEADER\/CLLD V SLOVENIJI<\/a>\n\t<\/h3>\n\n\t<div class=\"entry-meta\"><a href=\"https:\/\/www.las-stik.si\/programsko-obdobje-2014-2020\/2022\/10\/25\/\" title=\"12:51\" class=\"data-link\" rel=\"bookmark\"><time class=\"entry-date updated\" datetime=\"2022-10-25T12:51:29+02:00\">25. oktobra, 2022<\/time><\/a><\/div>\n\t<div class=\"entry-excerpt\"><p>V petek, 21. oktobra 2022, je bila na prireditvi ob 20. letnici delovanja Dru\u0161tva za razvoj slovenskega pode\u017eelja (DRSP) predstavljena monografija Izvajanje pristopa LEADER\/CLLD v&hellip;<\/p>\n<\/div>\n\t\n<a href=\"https:\/\/www.las-stik.si\/programsko-obdobje-2014-2020\/novice\/monografija-o-izvajanju-pristopa-leader-clld-v-sloveniji\/\" class=\"dt-btn-s dt-btn post-details details-type-btn\" aria-label=\"Read more about MONOGRAFIJA O IZVAJANJU PRISTOPA LEADER\/CLLD V SLOVENIJI\">Ve\u010d ...<i class=\"dt-icon-the7-arrow-03\" aria-hidden=\"true\"><\/i><\/a>\n\n<\/div><\/article><article class=\"post project-odd hidden no-img post-3937 type-post status-publish format-standard hentry category-novice category-33 description-off\" data-name=\"POMEN TRAJNOSTNE MOBILNOSTI &#8211; vabilo v Dolenjske Toplice in \u017du\u017eemberk\" data-date=\"2022-10-25T12:10:05+02:00\">\n\n<div class=\"post-entry-content\">\n\n\t<h3 class=\"entry-title\">\n\t\t<a href=\"https:\/\/www.las-stik.si\/programsko-obdobje-2014-2020\/novice\/pomen-trajnostne-mobilnosti-vabilo-v-dolenjske-toplice-in-zuzemberk\/\" title=\"POMEN TRAJNOSTNE MOBILNOSTI &#8211; vabilo v Dolenjske Toplice in \u017du\u017eemberk\" rel=\"bookmark\">POMEN TRAJNOSTNE MOBILNOSTI &#8211; vabilo v Dolenjske Toplice in \u017du\u017eemberk<\/a>\n\t<\/h3>\n\n\t<div class=\"entry-meta\"><a href=\"https:\/\/www.las-stik.si\/programsko-obdobje-2014-2020\/2022\/10\/25\/\" title=\"12:10\" class=\"data-link\" rel=\"bookmark\"><time class=\"entry-date updated\" datetime=\"2022-10-25T12:10:05+02:00\">25. oktobra, 2022<\/time><\/a><\/div>\n\t<div class=\"entry-excerpt\"><p>V okviru projekta \u00a0sodelovanja \u00bbKolesarska veriga na pode\u017eelju\u00ab vabljeni na predstavitev POMENA TRAJNOSTNE MOBILNOSTI, ki bo\u00a0v \u010detrtek, 27.10.2022 \u00a0od 12.00 do 13.30 \u00a0ure v KULTURNO&hellip;<\/p>\n<\/div>\n\t\n<a href=\"https:\/\/www.las-stik.si\/programsko-obdobje-2014-2020\/novice\/pomen-trajnostne-mobilnosti-vabilo-v-dolenjske-toplice-in-zuzemberk\/\" class=\"dt-btn-s dt-btn post-details details-type-btn\" aria-label=\"Read more about POMEN TRAJNOSTNE MOBILNOSTI &#8211; vabilo v Dolenjske Toplice in \u017du\u017eemberk\">Ve\u010d ...<i class=\"dt-icon-the7-arrow-03\" aria-hidden=\"true\"><\/i><\/a>\n\n<\/div><\/article><article class=\"post project-odd hidden no-img post-3926 type-post status-publish format-standard hentry category-novice category-33 description-off\" data-name=\"POMEN TRAJNOSTNE MOBILNOSTI &#8211; vabilo v Trebnje in Vi\u0161njo Goro\" data-date=\"2022-10-24T13:31:59+02:00\">\n\n<div class=\"post-entry-content\">\n\n\t<h3 class=\"entry-title\">\n\t\t<a href=\"https:\/\/www.las-stik.si\/programsko-obdobje-2014-2020\/novice\/pomen-trajnostne-mobilnosti-vabilo\/\" title=\"POMEN TRAJNOSTNE MOBILNOSTI &#8211; vabilo v Trebnje in Vi\u0161njo Goro\" rel=\"bookmark\">POMEN TRAJNOSTNE MOBILNOSTI &#8211; vabilo v Trebnje in Vi\u0161njo Goro<\/a>\n\t<\/h3>\n\n\t<div class=\"entry-meta\"><a href=\"https:\/\/www.las-stik.si\/programsko-obdobje-2014-2020\/2022\/10\/24\/\" title=\"13:31\" class=\"data-link\" rel=\"bookmark\"><time class=\"entry-date updated\" datetime=\"2022-10-24T13:31:59+02:00\">24. oktobra, 2022<\/time><\/a><\/div>\n\t<div class=\"entry-excerpt\"><p>V okviru projekta \u00a0sodelovanja \u00bbKolesarska veriga na pode\u017eelju\u00ab vabljeni na predstavitev POMENA TRAJNOSTNE MOBILNOSTI, ki bo v sredo, 26.10.2022 \u00a0od 9.00 do 10.30 ure na&hellip;<\/p>\n<\/div>\n\t\n<a href=\"https:\/\/www.las-stik.si\/programsko-obdobje-2014-2020\/novice\/pomen-trajnostne-mobilnosti-vabilo\/\" class=\"dt-btn-s dt-btn post-details details-type-btn\" aria-label=\"Read more about POMEN TRAJNOSTNE MOBILNOSTI &#8211; vabilo v Trebnje in Vi\u0161njo Goro\">Ve\u010d ...<i class=\"dt-icon-the7-arrow-03\" aria-hidden=\"true\"><\/i><\/a>\n\n<\/div><\/article><article class=\"post project-odd hidden no-img post-3919 type-post status-publish format-standard hentry category-novice category-33 description-off\" data-name=\"Zaklju\u010dni dogodek projekta sodelovanja Kolesarska veriga na pode\u017eelju\" data-date=\"2022-10-20T13:03:58+02:00\">\n\n<div class=\"post-entry-content\">\n\n\t<h3 class=\"entry-title\">\n\t\t<a href=\"https:\/\/www.las-stik.si\/programsko-obdobje-2014-2020\/novice\/zakljucni-dogodek-projekta-sodelovanja-kolesarska-veriga-na-podezelju\/\" title=\"Zaklju\u010dni dogodek projekta sodelovanja Kolesarska veriga na pode\u017eelju\" rel=\"bookmark\">Zaklju\u010dni dogodek projekta sodelovanja Kolesarska veriga na pode\u017eelju<\/a>\n\t<\/h3>\n\n\t<div class=\"entry-meta\"><a href=\"https:\/\/www.las-stik.si\/programsko-obdobje-2014-2020\/2022\/10\/20\/\" title=\"13:03\" class=\"data-link\" rel=\"bookmark\"><time class=\"entry-date updated\" datetime=\"2022-10-20T13:03:58+02:00\">20. oktobra, 2022<\/time><\/a><\/div>\n\t<div class=\"entry-excerpt\"><p>V okviru projekta sodelovanja \u00bbKolesarska veriga na pode\u017eelju\u00ab, ki povezuje kar 11 slovenskih Lokalnih akcijskih skupin in 24 ob\u010din in se po\u010dasi zaklju\u010duje, sta se&hellip;<\/p>\n<\/div>\n\t\n<a href=\"https:\/\/www.las-stik.si\/programsko-obdobje-2014-2020\/novice\/zakljucni-dogodek-projekta-sodelovanja-kolesarska-veriga-na-podezelju\/\" class=\"dt-btn-s dt-btn post-details details-type-btn\" aria-label=\"Read more about Zaklju\u010dni dogodek projekta sodelovanja Kolesarska veriga na pode\u017eelju\">Ve\u010d ...<i class=\"dt-icon-the7-arrow-03\" aria-hidden=\"true\"><\/i><\/a>\n\n<\/div><\/article><article class=\"post project-odd hidden no-img post-3914 type-post status-publish format-standard hentry category-novice category-33 description-off\" data-name=\"\u00bbKolesarjem prijazni ponudnik\u00ab\" data-date=\"2022-10-18T10:08:33+02:00\">\n\n<div class=\"post-entry-content\">\n\n\t<h3 class=\"entry-title\">\n\t\t<a href=\"https:\/\/www.las-stik.si\/programsko-obdobje-2014-2020\/novice\/kolesarjem-prijazni-ponudnik\/\" title=\"\u00bbKolesarjem prijazni ponudnik\u00ab\" rel=\"bookmark\">\u00bbKolesarjem prijazni ponudnik\u00ab<\/a>\n\t<\/h3>\n\n\t<div class=\"entry-meta\"><a href=\"https:\/\/www.las-stik.si\/programsko-obdobje-2014-2020\/2022\/10\/18\/\" title=\"10:08\" class=\"data-link\" rel=\"bookmark\"><time class=\"entry-date updated\" datetime=\"2022-10-18T10:08:33+02:00\">18. oktobra, 2022<\/time><\/a><\/div>\n\t<div class=\"entry-excerpt\"><p>V okviru projekta sodelovanja \u00bbKolesarska veriga na pode\u017eelju\u00ab smo dne 23.9.2022 v dvorani STIK,\u00a0 v organizaciji LAS STIK\u00a0 in partnerja v projektu na obmo\u010dju LAS&hellip;<\/p>\n<\/div>\n\t\n<a href=\"https:\/\/www.las-stik.si\/programsko-obdobje-2014-2020\/novice\/kolesarjem-prijazni-ponudnik\/\" class=\"dt-btn-s dt-btn post-details details-type-btn\" aria-label=\"Read more about \u00bbKolesarjem prijazni ponudnik\u00ab\">Ve\u010d ...<i class=\"dt-icon-the7-arrow-03\" aria-hidden=\"true\"><\/i><\/a>\n\n<\/div><\/article><article class=\"post project-odd hidden no-img post-3908 type-post status-publish format-standard hentry category-novice category-33 description-off\" data-name=\"PREDSTAVITEV KONCEPTA CERTIFICIRANJA \u00bb KOLESARJEM PRIJAZNI PONUDNIK\u00ab\" data-date=\"2022-09-09T12:36:10+02:00\">\n\n<div class=\"post-entry-content\">\n\n\t<h3 class=\"entry-title\">\n\t\t<a href=\"https:\/\/www.las-stik.si\/programsko-obdobje-2014-2020\/novice\/predstavitev-koncepta-certificiranja-kolesarjem-prijazni-ponudnik\/\" title=\"PREDSTAVITEV KONCEPTA CERTIFICIRANJA \u00bb KOLESARJEM PRIJAZNI PONUDNIK\u00ab\" rel=\"bookmark\">PREDSTAVITEV KONCEPTA CERTIFICIRANJA \u00bb KOLESARJEM PRIJAZNI PONUDNIK\u00ab<\/a>\n\t<\/h3>\n\n\t<div class=\"entry-meta\"><a href=\"https:\/\/www.las-stik.si\/programsko-obdobje-2014-2020\/2022\/09\/09\/\" title=\"12:36\" class=\"data-link\" rel=\"bookmark\"><time class=\"entry-date updated\" datetime=\"2022-09-09T12:36:10+02:00\">9. septembra, 2022<\/time><\/a><\/div>\n\t<div class=\"entry-excerpt\"><\/div>\n\t\n<a href=\"https:\/\/www.las-stik.si\/programsko-obdobje-2014-2020\/novice\/predstavitev-koncepta-certificiranja-kolesarjem-prijazni-ponudnik\/\" class=\"dt-btn-s dt-btn post-details details-type-btn\" aria-label=\"Read more about PREDSTAVITEV KONCEPTA CERTIFICIRANJA \u00bb KOLESARJEM PRIJAZNI PONUDNIK\u00ab\">Ve\u010d ...<i class=\"dt-icon-the7-arrow-03\" aria-hidden=\"true\"><\/i><\/a>\n\n<\/div><\/article><article class=\"post project-odd hidden no-img post-3900 type-post status-publish format-standard hentry category-novice category-33 description-off\" data-name=\"Konferenca Gorska obmo\u010dja in gorski proizvodi\" data-date=\"2022-09-05T14:12:40+02:00\">\n\n<div class=\"post-entry-content\">\n\n\t<h3 class=\"entry-title\">\n\t\t<a href=\"https:\/\/www.las-stik.si\/programsko-obdobje-2014-2020\/novice\/konferenca-gorska-obmocja-in-gorski-proizvodi\/\" title=\"Konferenca Gorska obmo\u010dja in gorski proizvodi\" rel=\"bookmark\">Konferenca Gorska obmo\u010dja in gorski proizvodi<\/a>\n\t<\/h3>\n\n\t<div class=\"entry-meta\"><a href=\"https:\/\/www.las-stik.si\/programsko-obdobje-2014-2020\/2022\/09\/05\/\" title=\"14:12\" class=\"data-link\" rel=\"bookmark\"><time class=\"entry-date updated\" datetime=\"2022-09-05T14:12:40+02:00\">5. septembra, 2022<\/time><\/a><\/div>\n\t<div class=\"entry-excerpt\"><p>Vabljeni na tematsko konferenco na hibridni na\u010din pod nazivom \u00bbGorska obmo\u010dja in gorski proizvodi\u00ab, ki bo potekala na Fakulteti za kmetijstvo in biosistemske vede Univerze&hellip;<\/p>\n<\/div>\n\t\n<a href=\"https:\/\/www.las-stik.si\/programsko-obdobje-2014-2020\/novice\/konferenca-gorska-obmocja-in-gorski-proizvodi\/\" class=\"dt-btn-s dt-btn post-details details-type-btn\" aria-label=\"Read more about Konferenca Gorska obmo\u010dja in gorski proizvodi\">Ve\u010d ...<i class=\"dt-icon-the7-arrow-03\" aria-hidden=\"true\"><\/i><\/a>\n\n<\/div><\/article><article class=\"post project-odd hidden no-img post-3859 type-post status-publish format-standard hentry category-novice category-33 description-off\" data-name=\"VABLJENI NA FIT FE\u0160TO DO\u017dIVLJAJSKI PARK CUKARCA\" data-date=\"2022-08-19T12:06:46+02:00\">\n\n<div class=\"post-entry-content\">\n\n\t<h3 class=\"entry-title\">\n\t\t<a href=\"https:\/\/www.las-stik.si\/programsko-obdobje-2014-2020\/novice\/vabljeni-na-fit-festo-dozivljajski-park-cukarca\/\" title=\"VABLJENI NA FIT FE\u0160TO DO\u017dIVLJAJSKI PARK CUKARCA\" rel=\"bookmark\">VABLJENI NA FIT FE\u0160TO DO\u017dIVLJAJSKI PARK CUKARCA<\/a>\n\t<\/h3>\n\n\t<div class=\"entry-meta\"><a href=\"https:\/\/www.las-stik.si\/programsko-obdobje-2014-2020\/2022\/08\/19\/\" title=\"12:06\" class=\"data-link\" rel=\"bookmark\"><time class=\"entry-date updated\" datetime=\"2022-08-19T12:06:46+02:00\">19. avgusta, 2022<\/time><\/a><\/div>\n\t<div class=\"entry-excerpt\"><p>Jutri v soboto 20. 8. 2022 partnerji projekta &#8220;Gozdna u\u010dna do\u017eivljajska pot s plezalno steno&#8221; vabijo v Park Cukarca na FIT FE\u0160TO. Pridru\u017eite se jim&hellip;<\/p>\n<\/div>\n\t\n<a href=\"https:\/\/www.las-stik.si\/programsko-obdobje-2014-2020\/novice\/vabljeni-na-fit-festo-dozivljajski-park-cukarca\/\" class=\"dt-btn-s dt-btn post-details details-type-btn\" aria-label=\"Read more about VABLJENI NA FIT FE\u0160TO DO\u017dIVLJAJSKI PARK CUKARCA\">Ve\u010d ...<i class=\"dt-icon-the7-arrow-03\" aria-hidden=\"true\"><\/i><\/a>\n\n<\/div><\/article><article class=\"post project-odd hidden no-img post-3838 type-post status-publish format-standard hentry category-novice category-33 description-off\" data-name=\"Vabljeni na okroglo mizo Pomen lokalno pridelane hrane in samooskrbe\" data-date=\"2022-07-08T07:21:00+02:00\">\n\n<div class=\"post-entry-content\">\n\n\t<h3 class=\"entry-title\">\n\t\t<a href=\"https:\/\/www.las-stik.si\/programsko-obdobje-2014-2020\/novice\/vabljeni-na-okroglo-mizo-pomen-lokalno-pridelane-hrane-in-samooskrbe\/\" title=\"Vabljeni na okroglo mizo Pomen lokalno pridelane hrane in samooskrbe\" rel=\"bookmark\">Vabljeni na okroglo mizo Pomen lokalno pridelane hrane in samooskrbe<\/a>\n\t<\/h3>\n\n\t<div class=\"entry-meta\"><a href=\"https:\/\/www.las-stik.si\/programsko-obdobje-2014-2020\/2022\/07\/08\/\" title=\"7:21\" class=\"data-link\" rel=\"bookmark\"><time class=\"entry-date updated\" datetime=\"2022-07-08T07:21:00+02:00\">8. julija, 2022<\/time><\/a><\/div>\n\t<div class=\"entry-excerpt\"><\/div>\n\t\n<a href=\"https:\/\/www.las-stik.si\/programsko-obdobje-2014-2020\/novice\/vabljeni-na-okroglo-mizo-pomen-lokalno-pridelane-hrane-in-samooskrbe\/\" class=\"dt-btn-s dt-btn post-details details-type-btn\" aria-label=\"Read more about Vabljeni na okroglo mizo Pomen lokalno pridelane hrane in samooskrbe\">Ve\u010d ...<i class=\"dt-icon-the7-arrow-03\" aria-hidden=\"true\"><\/i><\/a>\n\n<\/div><\/article><article class=\"post project-odd hidden no-img post-3834 type-post status-publish format-standard hentry category-novice category-33 description-off\" data-name=\"POLETNI DELOVNI \u010cAS 2022\" data-date=\"2022-07-07T12:16:26+02:00\">\n\n<div class=\"post-entry-content\">\n\n\t<h3 class=\"entry-title\">\n\t\t<a href=\"https:\/\/www.las-stik.si\/programsko-obdobje-2014-2020\/novice\/poletni-delovni-cas-2022\/\" title=\"POLETNI DELOVNI \u010cAS 2022\" rel=\"bookmark\">POLETNI DELOVNI \u010cAS 2022<\/a>\n\t<\/h3>\n\n\t<div class=\"entry-meta\"><a href=\"https:\/\/www.las-stik.si\/programsko-obdobje-2014-2020\/2022\/07\/07\/\" title=\"12:16\" class=\"data-link\" rel=\"bookmark\"><time class=\"entry-date updated\" datetime=\"2022-07-07T12:16:26+02:00\">7. julija, 2022<\/time><\/a><\/div>\n\t<div class=\"entry-excerpt\"><p>Spo\u0161tovani. Sporo\u010damo vam, da bo v \u010dasu poletnih po\u010ditnic, delovni \u010das pisarne CIK Trebnje in pisarne LAS STIK spremenjen. DAN DATUM VSEBINA DELOVNI \u010cAS pon.-pet.&hellip;<\/p>\n<\/div>\n\t\n<a href=\"https:\/\/www.las-stik.si\/programsko-obdobje-2014-2020\/novice\/poletni-delovni-cas-2022\/\" class=\"dt-btn-s dt-btn post-details details-type-btn\" aria-label=\"Read more about POLETNI DELOVNI \u010cAS 2022\">Ve\u010d ...<i class=\"dt-icon-the7-arrow-03\" aria-hidden=\"true\"><\/i><\/a>\n\n<\/div><\/article><article class=\"post project-odd hidden no-img post-3832 type-post status-publish format-standard hentry category-novice category-33 description-off\" data-name=\"Potrjen nov projekt sodelovanja \u00bbVERIGA EKO ZELI\u0160\u010c OD DOLENJSKE DO KRASA\u00ab\" data-date=\"2022-07-06T11:02:18+02:00\">\n\n<div class=\"post-entry-content\">\n\n\t<h3 class=\"entry-title\">\n\t\t<a href=\"https:\/\/www.las-stik.si\/programsko-obdobje-2014-2020\/novice\/potrjen-nov-projekt-sodelovanja-veriga-eko-zelisc-od-dolenjske-do-krasa\/\" title=\"Potrjen nov projekt sodelovanja \u00bbVERIGA EKO ZELI\u0160\u010c OD DOLENJSKE DO KRASA\u00ab\" rel=\"bookmark\">Potrjen nov projekt sodelovanja \u00bbVERIGA EKO ZELI\u0160\u010c OD DOLENJSKE DO KRASA\u00ab<\/a>\n\t<\/h3>\n\n\t<div class=\"entry-meta\"><a href=\"https:\/\/www.las-stik.si\/programsko-obdobje-2014-2020\/2022\/07\/06\/\" title=\"11:02\" class=\"data-link\" rel=\"bookmark\"><time class=\"entry-date updated\" datetime=\"2022-07-06T11:02:18+02:00\">6. julija, 2022<\/time><\/a><\/div>\n\t<div class=\"entry-excerpt\"><p>\u00bbVeriga eko zeli\u0161\u010d od Dolenjske do Krasa\u00ab, je rezultat sodelovanja \u0161tirih Lokalnih akcijskih skupin z obmo\u010dja Slovenije (LAS Dolenjske in Bele krajine, ki je vodilni&hellip;<\/p>\n<\/div>\n\t\n<a href=\"https:\/\/www.las-stik.si\/programsko-obdobje-2014-2020\/novice\/potrjen-nov-projekt-sodelovanja-veriga-eko-zelisc-od-dolenjske-do-krasa\/\" class=\"dt-btn-s dt-btn post-details details-type-btn\" aria-label=\"Read more about Potrjen nov projekt sodelovanja \u00bbVERIGA EKO ZELI\u0160\u010c OD DOLENJSKE DO KRASA\u00ab\">Ve\u010d ...<i class=\"dt-icon-the7-arrow-03\" aria-hidden=\"true\"><\/i><\/a>\n\n<\/div><\/article><article class=\"post project-odd hidden no-img post-3817 type-post status-publish format-standard hentry category-novice category-33 description-off\" data-name=\"V OKVIRU PROJEKTA SKUPAJ ZA VARNI JUTRI POTEKAJO USPOSABLJANJA IZ TEMELJNIH POSTOPKOV O\u017dIVLJANJA IN UPORABE AVTOMATSKEGA DEFIBRILATORJA\" data-date=\"2022-06-14T14:44:37+02:00\">\n\n<div class=\"post-entry-content\">\n\n\t<h3 class=\"entry-title\">\n\t\t<a href=\"https:\/\/www.las-stik.si\/programsko-obdobje-2014-2020\/novice\/v-okviru-projekta-skupaj-za-varni-jutri-potekajo-usposabljanja-iz-temeljnih-postopkov-ozivljanja-in-uporabe-avtomatskega-defibrilatorja\/\" title=\"V OKVIRU PROJEKTA SKUPAJ ZA VARNI JUTRI POTEKAJO USPOSABLJANJA IZ TEMELJNIH POSTOPKOV O\u017dIVLJANJA IN UPORABE AVTOMATSKEGA DEFIBRILATORJA\" rel=\"bookmark\">V OKVIRU PROJEKTA SKUPAJ ZA VARNI JUTRI POTEKAJO USPOSABLJANJA IZ TEMELJNIH POSTOPKOV O\u017dIVLJANJA IN UPORABE AVTOMATSKEGA DEFIBRILATORJA<\/a>\n\t<\/h3>\n\n\t<div class=\"entry-meta\"><a href=\"https:\/\/www.las-stik.si\/programsko-obdobje-2014-2020\/2022\/06\/14\/\" title=\"14:44\" class=\"data-link\" rel=\"bookmark\"><time class=\"entry-date updated\" datetime=\"2022-06-14T14:44:37+02:00\">14. junija, 2022<\/time><\/a><\/div>\n\t<div class=\"entry-excerpt\"><p>&nbsp; &nbsp; LAS STIK v sodelovanju s \u0161tirimi LAS iz Slovenije izvaja projekt Skupaj za varni jutri, ki bo pomembno prispeval k \u0161irjenju \u017ee obstoje\u010de&hellip;<\/p>\n<\/div>\n\t\n<a href=\"https:\/\/www.las-stik.si\/programsko-obdobje-2014-2020\/novice\/v-okviru-projekta-skupaj-za-varni-jutri-potekajo-usposabljanja-iz-temeljnih-postopkov-ozivljanja-in-uporabe-avtomatskega-defibrilatorja\/\" class=\"dt-btn-s dt-btn post-details details-type-btn\" aria-label=\"Read more about V OKVIRU PROJEKTA SKUPAJ ZA VARNI JUTRI POTEKAJO USPOSABLJANJA IZ TEMELJNIH POSTOPKOV O\u017dIVLJANJA IN UPORABE AVTOMATSKEGA DEFIBRILATORJA\">Ve\u010d ...<i class=\"dt-icon-the7-arrow-03\" aria-hidden=\"true\"><\/i><\/a>\n\n<\/div><\/article><article class=\"post project-odd hidden no-img post-3811 type-post status-publish format-standard hentry category-novice category-33 description-off\" data-name=\"Tudi poleti je potrebno skrbeti za sadovnjak &#8211; vabilo na sadjarsko delavnico\" data-date=\"2022-05-31T08:43:36+02:00\">\n\n<div class=\"post-entry-content\">\n\n\t<h3 class=\"entry-title\">\n\t\t<a href=\"https:\/\/www.las-stik.si\/programsko-obdobje-2014-2020\/novice\/tudi-poleti-je-potrebno-skrbeti-za-sadovnjak-vabilo-na-sadjarsko-delavnico\/\" title=\"Tudi poleti je potrebno skrbeti za sadovnjak &#8211; vabilo na sadjarsko delavnico\" rel=\"bookmark\">Tudi poleti je potrebno skrbeti za sadovnjak &#8211; vabilo na sadjarsko delavnico<\/a>\n\t<\/h3>\n\n\t<div class=\"entry-meta\"><a href=\"https:\/\/www.las-stik.si\/programsko-obdobje-2014-2020\/2022\/05\/31\/\" title=\"8:43\" class=\"data-link\" rel=\"bookmark\"><time class=\"entry-date updated\" datetime=\"2022-05-31T08:43:36+02:00\">31. maja, 2022<\/time><\/a><\/div>\n\t<div class=\"entry-excerpt\"><\/div>\n\t\n<a href=\"https:\/\/www.las-stik.si\/programsko-obdobje-2014-2020\/novice\/tudi-poleti-je-potrebno-skrbeti-za-sadovnjak-vabilo-na-sadjarsko-delavnico\/\" class=\"dt-btn-s dt-btn post-details details-type-btn\" aria-label=\"Read more about Tudi poleti je potrebno skrbeti za sadovnjak &#8211; vabilo na sadjarsko delavnico\">Ve\u010d ...<i class=\"dt-icon-the7-arrow-03\" aria-hidden=\"true\"><\/i><\/a>\n\n<\/div><\/article><article class=\"post project-odd hidden no-img post-3806 type-post status-publish format-standard hentry category-novice category-33 description-off\" data-name=\"\u017delite obogatiti svoje znanje tr\u017eenja v turizmu in stopiti korak naprej?\" data-date=\"2022-05-23T14:14:02+02:00\">\n\n<div class=\"post-entry-content\">\n\n\t<h3 class=\"entry-title\">\n\t\t<a href=\"https:\/\/www.las-stik.si\/programsko-obdobje-2014-2020\/novice\/zelite-obogatiti-svoje-znanje-trzenja-v-turizmu-in-stopiti-korak-naprej\/\" title=\"\u017delite obogatiti svoje znanje tr\u017eenja v turizmu in stopiti korak naprej?\" rel=\"bookmark\">\u017delite obogatiti svoje znanje tr\u017eenja v turizmu in stopiti korak naprej?<\/a>\n\t<\/h3>\n\n\t<div class=\"entry-meta\"><a href=\"https:\/\/www.las-stik.si\/programsko-obdobje-2014-2020\/2022\/05\/23\/\" title=\"14:14\" class=\"data-link\" rel=\"bookmark\"><time class=\"entry-date updated\" datetime=\"2022-05-23T14:14:02+02:00\">23. maja, 2022<\/time><\/a><\/div>\n\t<div class=\"entry-excerpt\"><p>&nbsp; V\u00a0ponedeljek, 30. maja 2022, organiziramo\u00a0brezpla\u010dno delavnico,\u00a0namenjeno obstoje\u010dim in novim turisti\u010dnim ponudnikom, na obmo\u010dju LAS STIK, ki \u017eelijo nadgraditi svoje znanje ter postati bolj prepoznavni&hellip;<\/p>\n<\/div>\n\t\n<a href=\"https:\/\/www.las-stik.si\/programsko-obdobje-2014-2020\/novice\/zelite-obogatiti-svoje-znanje-trzenja-v-turizmu-in-stopiti-korak-naprej\/\" class=\"dt-btn-s dt-btn post-details details-type-btn\" aria-label=\"Read more about \u017delite obogatiti svoje znanje tr\u017eenja v turizmu in stopiti korak naprej?\">Ve\u010d ...<i class=\"dt-icon-the7-arrow-03\" aria-hidden=\"true\"><\/i><\/a>\n\n<\/div><\/article><article class=\"post project-odd hidden no-img post-3797 type-post status-publish format-standard hentry category-novice category-33 description-off\" data-name=\"VABILO NA USPOSABLJANJA &#8211; TEMELJNI POSTOPKI O\u017dIVLJANJA IN UPORABA AED\" data-date=\"2022-05-20T10:09:33+02:00\">\n\n<div class=\"post-entry-content\">\n\n\t<h3 class=\"entry-title\">\n\t\t<a href=\"https:\/\/www.las-stik.si\/programsko-obdobje-2014-2020\/novice\/vabilo-na-usposabljanja-temeljni-postopki-ozivljanja-in-uporaba-aed\/\" title=\"VABILO NA USPOSABLJANJA &#8211; TEMELJNI POSTOPKI O\u017dIVLJANJA IN UPORABA AED\" rel=\"bookmark\">VABILO NA USPOSABLJANJA &#8211; TEMELJNI POSTOPKI O\u017dIVLJANJA IN UPORABA AED<\/a>\n\t<\/h3>\n\n\t<div class=\"entry-meta\"><a href=\"https:\/\/www.las-stik.si\/programsko-obdobje-2014-2020\/2022\/05\/20\/\" title=\"10:09\" class=\"data-link\" rel=\"bookmark\"><time class=\"entry-date updated\" datetime=\"2022-05-20T10:09:33+02:00\">20. maja, 2022<\/time><\/a><\/div>\n\t<div class=\"entry-excerpt\"><p>&nbsp; S projektom sodelovanja \u00bbSkupaj za varni jutri\u00ab je pet Lokalnih akcijskih skupin iz Slovenije zdru\u017eilo svoje mo\u010di in skupaj z lokalnimi partnerji sodeluje pri&hellip;<\/p>\n<\/div>\n\t\n<a href=\"https:\/\/www.las-stik.si\/programsko-obdobje-2014-2020\/novice\/vabilo-na-usposabljanja-temeljni-postopki-ozivljanja-in-uporaba-aed\/\" class=\"dt-btn-s dt-btn post-details details-type-btn\" aria-label=\"Read more about VABILO NA USPOSABLJANJA &#8211; TEMELJNI POSTOPKI O\u017dIVLJANJA IN UPORABA AED\">Ve\u010d ...<i class=\"dt-icon-the7-arrow-03\" aria-hidden=\"true\"><\/i><\/a>\n\n<\/div><\/article><article class=\"post project-odd hidden no-img post-3792 type-post status-publish format-standard hentry category-novice category-33 description-off\" data-name=\"Vabljeni v Dolenjske Toplice\" data-date=\"2022-05-17T09:07:08+02:00\">\n\n<div class=\"post-entry-content\">\n\n\t<h3 class=\"entry-title\">\n\t\t<a href=\"https:\/\/www.las-stik.si\/programsko-obdobje-2014-2020\/novice\/vabljeni-v-dolenjske-toplice\/\" title=\"Vabljeni v Dolenjske Toplice\" rel=\"bookmark\">Vabljeni v Dolenjske Toplice<\/a>\n\t<\/h3>\n\n\t<div class=\"entry-meta\"><a href=\"https:\/\/www.las-stik.si\/programsko-obdobje-2014-2020\/2022\/05\/17\/\" title=\"9:07\" class=\"data-link\" rel=\"bookmark\"><time class=\"entry-date updated\" datetime=\"2022-05-17T09:07:08+02:00\">17. maja, 2022<\/time><\/a><\/div>\n\t<div class=\"entry-excerpt\"><\/div>\n\t\n<a href=\"https:\/\/www.las-stik.si\/programsko-obdobje-2014-2020\/novice\/vabljeni-v-dolenjske-toplice\/\" class=\"dt-btn-s dt-btn post-details details-type-btn\" aria-label=\"Read more about Vabljeni v Dolenjske Toplice\">Ve\u010d ...<i class=\"dt-icon-the7-arrow-03\" aria-hidden=\"true\"><\/i><\/a>\n\n<\/div><\/article><article class=\"post project-odd hidden no-img post-3786 type-post status-publish format-standard hentry category-novice category-33 description-off\" data-name=\"Vabilo na delavnici za projekte v fazi izvajanja\" data-date=\"2022-05-12T13:37:30+02:00\">\n\n<div class=\"post-entry-content\">\n\n\t<h3 class=\"entry-title\">\n\t\t<a href=\"https:\/\/www.las-stik.si\/programsko-obdobje-2014-2020\/novice\/vabilo-na-delavnici-za-projekte-v-fazi-izvajanja\/\" title=\"Vabilo na delavnici za projekte v fazi izvajanja\" rel=\"bookmark\">Vabilo na delavnici za projekte v fazi izvajanja<\/a>\n\t<\/h3>\n\n\t<div class=\"entry-meta\"><a href=\"https:\/\/www.las-stik.si\/programsko-obdobje-2014-2020\/2022\/05\/12\/\" title=\"13:37\" class=\"data-link\" rel=\"bookmark\"><time class=\"entry-date updated\" datetime=\"2022-05-12T13:37:30+02:00\">12. maja, 2022<\/time><\/a><\/div>\n\t<div class=\"entry-excerpt\"><\/div>\n\t\n<a href=\"https:\/\/www.las-stik.si\/programsko-obdobje-2014-2020\/novice\/vabilo-na-delavnici-za-projekte-v-fazi-izvajanja\/\" class=\"dt-btn-s dt-btn post-details details-type-btn\" aria-label=\"Read more about Vabilo na delavnici za projekte v fazi izvajanja\">Ve\u010d ...<i class=\"dt-icon-the7-arrow-03\" aria-hidden=\"true\"><\/i><\/a>\n\n<\/div><\/article><article class=\"post project-odd hidden no-img post-3784 type-post status-publish format-standard hentry category-novice category-33 description-off\" data-name=\"Sodelujte v raziskavi: Odpadna hrana v gospodinjstvih\" data-date=\"2022-05-12T11:39:28+02:00\">\n\n<div class=\"post-entry-content\">\n\n\t<h3 class=\"entry-title\">\n\t\t<a href=\"https:\/\/www.las-stik.si\/programsko-obdobje-2014-2020\/novice\/sodelujte-v-raziskavi-odpadna-hrana-v-gospodinjstvih\/\" title=\"Sodelujte v raziskavi: Odpadna hrana v gospodinjstvih\" rel=\"bookmark\">Sodelujte v raziskavi: Odpadna hrana v gospodinjstvih<\/a>\n\t<\/h3>\n\n\t<div class=\"entry-meta\"><a href=\"https:\/\/www.las-stik.si\/programsko-obdobje-2014-2020\/2022\/05\/12\/\" title=\"11:39\" class=\"data-link\" rel=\"bookmark\"><time class=\"entry-date updated\" datetime=\"2022-05-12T11:39:28+02:00\">12. maja, 2022<\/time><\/a><\/div>\n\t<div class=\"entry-excerpt\"><p>Ekipa LIFE IP CARE4CLIMATE iz Ministrstva za okolje in prostor vabi, da pridru\u017eite najobse\u017enej\u0161i slovenski raziskavi o koli\u010dinah odpadne hrane v gospodinjstvih! V ta namen&hellip;<\/p>\n<\/div>\n\t\n<a href=\"https:\/\/www.las-stik.si\/programsko-obdobje-2014-2020\/novice\/sodelujte-v-raziskavi-odpadna-hrana-v-gospodinjstvih\/\" class=\"dt-btn-s dt-btn post-details details-type-btn\" aria-label=\"Read more about Sodelujte v raziskavi: Odpadna hrana v gospodinjstvih\">Ve\u010d ...<i class=\"dt-icon-the7-arrow-03\" aria-hidden=\"true\"><\/i><\/a>\n\n<\/div><\/article><article class=\"post project-odd hidden no-img post-3781 type-post status-publish format-standard hentry category-novice category-33 description-off\" data-name=\"LEADER ZA MLADE\" data-date=\"2022-04-26T14:13:40+02:00\">\n\n<div class=\"post-entry-content\">\n\n\t<h3 class=\"entry-title\">\n\t\t<a href=\"https:\/\/www.las-stik.si\/programsko-obdobje-2014-2020\/novice\/leader-za-mlade\/\" title=\"LEADER ZA MLADE\" rel=\"bookmark\">LEADER ZA MLADE<\/a>\n\t<\/h3>\n\n\t<div class=\"entry-meta\"><a href=\"https:\/\/www.las-stik.si\/programsko-obdobje-2014-2020\/2022\/04\/26\/\" title=\"14:13\" class=\"data-link\" rel=\"bookmark\"><time class=\"entry-date updated\" datetime=\"2022-04-26T14:13:40+02:00\">26. aprila, 2022<\/time><\/a><\/div>\n\t<div class=\"entry-excerpt\"><p>10. maja 2022 ob 10. uri bo potekal dogodek v sklopu evropskega leta mladih: LEADER ZA MLADE \u00a0&#8211; PREDSTAVITEV PROJEKTOV ZA MLADE IZ PRISTOPA LEADER&hellip;<\/p>\n<\/div>\n\t\n<a href=\"https:\/\/www.las-stik.si\/programsko-obdobje-2014-2020\/novice\/leader-za-mlade\/\" class=\"dt-btn-s dt-btn post-details details-type-btn\" aria-label=\"Read more about LEADER ZA MLADE\">Ve\u010d ...<i class=\"dt-icon-the7-arrow-03\" aria-hidden=\"true\"><\/i><\/a>\n\n<\/div><\/article><article class=\"post project-odd hidden no-img post-3779 type-post status-publish format-standard hentry category-novice category-33 description-off\" data-name=\"Delovni \u010das med prvomajskimi po\u010ditnicami\" data-date=\"2022-04-26T14:08:29+02:00\">\n\n<div class=\"post-entry-content\">\n\n\t<h3 class=\"entry-title\">\n\t\t<a href=\"https:\/\/www.las-stik.si\/programsko-obdobje-2014-2020\/novice\/delovni-cas-med-prvomajskimi-pocitnicami\/\" title=\"Delovni \u010das med prvomajskimi po\u010ditnicami\" rel=\"bookmark\">Delovni \u010das med prvomajskimi po\u010ditnicami<\/a>\n\t<\/h3>\n\n\t<div class=\"entry-meta\"><a href=\"https:\/\/www.las-stik.si\/programsko-obdobje-2014-2020\/2022\/04\/26\/\" title=\"14:08\" class=\"data-link\" rel=\"bookmark\"><time class=\"entry-date updated\" datetime=\"2022-04-26T14:08:29+02:00\">26. aprila, 2022<\/time><\/a><\/div>\n\t<div class=\"entry-excerpt\"><p>Spo\u0161tovani. Sporo\u010damo vam, da bo v \u010dasu prvomajskih po\u010ditnic, delovni \u010das pisarne LAS STIK slede\u010d: 27. 4. 2022 ZAPRTO \u2013 PRAZNIK 28. 4. -29. 4.&hellip;<\/p>\n<\/div>\n\t\n<a href=\"https:\/\/www.las-stik.si\/programsko-obdobje-2014-2020\/novice\/delovni-cas-med-prvomajskimi-pocitnicami\/\" class=\"dt-btn-s dt-btn post-details details-type-btn\" aria-label=\"Read more about Delovni \u010das med prvomajskimi po\u010ditnicami\">Ve\u010d ...<i class=\"dt-icon-the7-arrow-03\" aria-hidden=\"true\"><\/i><\/a>\n\n<\/div><\/article><article class=\"post project-odd hidden no-img post-3841 type-post status-publish format-standard hentry category-novice category-33 description-off\" data-name=\"Galerija likovnih samorastnikov Trebnje pripravlja novo AR mobilno aplikacijo\" data-date=\"2022-04-22T09:32:54+02:00\">\n\n<div class=\"post-entry-content\">\n\n\t<h3 class=\"entry-title\">\n\t\t<a href=\"https:\/\/www.las-stik.si\/programsko-obdobje-2014-2020\/novice\/galerija-likovnih-samorastnikov-trebnje-pripravlja-novo-ar-mobilno-aplikacijo\/\" title=\"Galerija likovnih samorastnikov Trebnje pripravlja novo AR mobilno aplikacijo\" rel=\"bookmark\">Galerija likovnih samorastnikov Trebnje pripravlja novo AR mobilno aplikacijo<\/a>\n\t<\/h3>\n\n\t<div class=\"entry-meta\"><a href=\"https:\/\/www.las-stik.si\/programsko-obdobje-2014-2020\/2022\/04\/22\/\" title=\"9:32\" class=\"data-link\" rel=\"bookmark\"><time class=\"entry-date updated\" datetime=\"2022-04-22T09:32:54+02:00\">22. aprila, 2022<\/time><\/a><\/div>\n\t<div class=\"entry-excerpt\"><p>Galerija likovnih samorastnikov Trebnje bo dobila virtualnega vodnika. Obiskovalke in obiskovalce bo po zbirki izjemne samorastni\u0161ke in naivne umetnosti vodil Samo Rastnik. Lik, s katerim&hellip;<\/p>\n<\/div>\n\t\n<a href=\"https:\/\/www.las-stik.si\/programsko-obdobje-2014-2020\/novice\/galerija-likovnih-samorastnikov-trebnje-pripravlja-novo-ar-mobilno-aplikacijo\/\" class=\"dt-btn-s dt-btn post-details details-type-btn\" aria-label=\"Read more about Galerija likovnih samorastnikov Trebnje pripravlja novo AR mobilno aplikacijo\">Ve\u010d ...<i class=\"dt-icon-the7-arrow-03\" aria-hidden=\"true\"><\/i><\/a>\n\n<\/div><\/article><article class=\"post project-odd hidden no-img post-3775 type-post status-publish format-standard hentry category-novice category-33 description-off\" data-name=\"Posvet v Dr\u017eavnem svetu: \u00bbIzvajanje lokalnega razvoja, ki ga vodi skupnost LEADER\/CLLD danes in jutri\u00ab\" data-date=\"2022-04-19T08:39:17+02:00\">\n\n<div class=\"post-entry-content\">\n\n\t<h3 class=\"entry-title\">\n\t\t<a href=\"https:\/\/www.las-stik.si\/programsko-obdobje-2014-2020\/novice\/posvet-v-drzavnem-svetu-izvajanje-lokalnega-razvoja-ki-ga-vodi-skupnost-leader-clld-danes-in-jutri\/\" title=\"Posvet v Dr\u017eavnem svetu: \u00bbIzvajanje lokalnega razvoja, ki ga vodi skupnost LEADER\/CLLD danes in jutri\u00ab\" rel=\"bookmark\">Posvet v Dr\u017eavnem svetu: \u00bbIzvajanje lokalnega razvoja, ki ga vodi skupnost LEADER\/CLLD danes in jutri\u00ab<\/a>\n\t<\/h3>\n\n\t<div class=\"entry-meta\"><a href=\"https:\/\/www.las-stik.si\/programsko-obdobje-2014-2020\/2022\/04\/19\/\" title=\"8:39\" class=\"data-link\" rel=\"bookmark\"><time class=\"entry-date updated\" datetime=\"2022-04-19T08:39:17+02:00\">19. aprila, 2022<\/time><\/a><\/div>\n\t<div class=\"entry-excerpt\"><p>Na pobudo Dru\u0161tva za razvoj slovenskega pode\u017eelja in v dogovoru z Ministrstvom za kmetijstvo, gozdarstvo in prehrano ter Komisijo za lokalno samoupravo in regionalni razvoj&hellip;<\/p>\n<\/div>\n\t\n<a href=\"https:\/\/www.las-stik.si\/programsko-obdobje-2014-2020\/novice\/posvet-v-drzavnem-svetu-izvajanje-lokalnega-razvoja-ki-ga-vodi-skupnost-leader-clld-danes-in-jutri\/\" class=\"dt-btn-s dt-btn post-details details-type-btn\" aria-label=\"Read more about Posvet v Dr\u017eavnem svetu: \u00bbIzvajanje lokalnega razvoja, ki ga vodi skupnost LEADER\/CLLD danes in jutri\u00ab\">Ve\u010d ...<i class=\"dt-icon-the7-arrow-03\" aria-hidden=\"true\"><\/i><\/a>\n\n<\/div><\/article><article class=\"post project-odd hidden no-img post-3769 type-post status-publish format-standard hentry category-novice category-33 description-off\" data-name=\"Vabljeni na delavnice v mesecu aprilu v okviru projekta Sitarjeva hi\u0161a\" data-date=\"2022-04-06T15:54:48+02:00\">\n\n<div class=\"post-entry-content\">\n\n\t<h3 class=\"entry-title\">\n\t\t<a href=\"https:\/\/www.las-stik.si\/programsko-obdobje-2014-2020\/novice\/vabljeni-na-delavnice-v-mesecu-aprilu-v-okviru-projekta-sitarjeva-hisa\/\" title=\"Vabljeni na delavnice v mesecu aprilu v okviru projekta Sitarjeva hi\u0161a\" rel=\"bookmark\">Vabljeni na delavnice v mesecu aprilu v okviru projekta Sitarjeva hi\u0161a<\/a>\n\t<\/h3>\n\n\t<div class=\"entry-meta\"><a href=\"https:\/\/www.las-stik.si\/programsko-obdobje-2014-2020\/2022\/04\/06\/\" title=\"15:54\" class=\"data-link\" rel=\"bookmark\"><time class=\"entry-date updated\" datetime=\"2022-04-06T15:54:48+02:00\">6. aprila, 2022<\/time><\/a><\/div>\n\t<div class=\"entry-excerpt\"><p>V mesecu aprilu vabljeni v Dolenjske Toplice na delavnice in sre\u010danja, ki se izvajajo v okviru projekta Sitarjeva hi\u0161a \u2013 na izvirih tradicije: \u00a0 \u00a0<\/p>\n<\/div>\n\t\n<a href=\"https:\/\/www.las-stik.si\/programsko-obdobje-2014-2020\/novice\/vabljeni-na-delavnice-v-mesecu-aprilu-v-okviru-projekta-sitarjeva-hisa\/\" class=\"dt-btn-s dt-btn post-details details-type-btn\" aria-label=\"Read more about Vabljeni na delavnice v mesecu aprilu v okviru projekta Sitarjeva hi\u0161a\">Ve\u010d ...<i class=\"dt-icon-the7-arrow-03\" aria-hidden=\"true\"><\/i><\/a>\n\n<\/div><\/article><article class=\"post project-odd hidden no-img post-3763 type-post status-publish format-standard hentry category-novice category-33 description-off\" data-name=\"Delovni obisk dr\u017eavnega sekretarja Antona Hareja\" data-date=\"2022-04-01T15:42:38+02:00\">\n\n<div class=\"post-entry-content\">\n\n\t<h3 class=\"entry-title\">\n\t\t<a href=\"https:\/\/www.las-stik.si\/programsko-obdobje-2014-2020\/novice\/delovni-obisk-drzavnega-sekretarja-antona-hareja\/\" title=\"Delovni obisk dr\u017eavnega sekretarja Antona Hareja\" rel=\"bookmark\">Delovni obisk dr\u017eavnega sekretarja Antona Hareja<\/a>\n\t<\/h3>\n\n\t<div class=\"entry-meta\"><a href=\"https:\/\/www.las-stik.si\/programsko-obdobje-2014-2020\/2022\/04\/01\/\" title=\"15:42\" class=\"data-link\" rel=\"bookmark\"><time class=\"entry-date updated\" datetime=\"2022-04-01T15:42:38+02:00\">1. aprila, 2022<\/time><\/a><\/div>\n\t<div class=\"entry-excerpt\"><p>V sklopu delovnega obiska Vlade v ju\u017enem delu Osrednjeslovenske regije sta\u00a0 Ob\u010dino Ivan\u010dna Gorica obiskala Anton Harej, dr\u017eavni sekretar z Ministrstva za kmetijstvo, gozdarstvo in&hellip;<\/p>\n<\/div>\n\t\n<a href=\"https:\/\/www.las-stik.si\/programsko-obdobje-2014-2020\/novice\/delovni-obisk-drzavnega-sekretarja-antona-hareja\/\" class=\"dt-btn-s dt-btn post-details details-type-btn\" aria-label=\"Read more about Delovni obisk dr\u017eavnega sekretarja Antona Hareja\">Ve\u010d ...<i class=\"dt-icon-the7-arrow-03\" aria-hidden=\"true\"><\/i><\/a>\n\n<\/div><\/article><article class=\"post project-odd hidden no-img post-3749 type-post status-publish format-standard hentry category-novice category-33 description-off\" data-name=\"Vabilo na aktivnosti v okviru projekta Sitarjeva hi\u0161a\" data-date=\"2022-03-11T09:20:13+01:00\">\n\n<div class=\"post-entry-content\">\n\n\t<h3 class=\"entry-title\">\n\t\t<a href=\"https:\/\/www.las-stik.si\/programsko-obdobje-2014-2020\/novice\/vabilo-na-delavnice-v-okviru-projekta-sitarjeva-hisa\/\" title=\"Vabilo na aktivnosti v okviru projekta Sitarjeva hi\u0161a\" rel=\"bookmark\">Vabilo na aktivnosti v okviru projekta Sitarjeva hi\u0161a<\/a>\n\t<\/h3>\n\n\t<div class=\"entry-meta\"><a href=\"https:\/\/www.las-stik.si\/programsko-obdobje-2014-2020\/2022\/03\/11\/\" title=\"9:20\" class=\"data-link\" rel=\"bookmark\"><time class=\"entry-date updated\" datetime=\"2022-03-11T09:20:13+01:00\">11. marca, 2022<\/time><\/a><\/div>\n\t<div class=\"entry-excerpt\"><p>V mesecu marcu vabljeni v Dolenjske Toplice na delavnice in sre\u010danja, ki se izvajajo v okviru projekta Sitarjeva hi\u0161a \u2013 na izvirih tradicije. \u00a0<\/p>\n<\/div>\n\t\n<a href=\"https:\/\/www.las-stik.si\/programsko-obdobje-2014-2020\/novice\/vabilo-na-delavnice-v-okviru-projekta-sitarjeva-hisa\/\" class=\"dt-btn-s dt-btn post-details details-type-btn\" aria-label=\"Read more about Vabilo na aktivnosti v okviru projekta Sitarjeva hi\u0161a\">Ve\u010d ...<i class=\"dt-icon-the7-arrow-03\" aria-hidden=\"true\"><\/i><\/a>\n\n<\/div><\/article><article class=\"post project-odd hidden no-img post-3747 type-post status-publish format-standard hentry category-novice category-33 description-off\" data-name=\"Zbor \u010dlanov DRSP in Posvet LAS\" data-date=\"2022-03-11T08:31:15+01:00\">\n\n<div class=\"post-entry-content\">\n\n\t<h3 class=\"entry-title\">\n\t\t<a href=\"https:\/\/www.las-stik.si\/programsko-obdobje-2014-2020\/novice\/zbor-clanov-drsp-in-posvet-las\/\" title=\"Zbor \u010dlanov DRSP in Posvet LAS\" rel=\"bookmark\">Zbor \u010dlanov DRSP in Posvet LAS<\/a>\n\t<\/h3>\n\n\t<div class=\"entry-meta\"><a href=\"https:\/\/www.las-stik.si\/programsko-obdobje-2014-2020\/2022\/03\/11\/\" title=\"8:31\" class=\"data-link\" rel=\"bookmark\"><time class=\"entry-date updated\" datetime=\"2022-03-11T08:31:15+01:00\">11. marca, 2022<\/time><\/a><\/div>\n\t<div class=\"entry-excerpt\"><p>V sredo 9. 3. 2022 je v dvorani Kulturnega centra Ko\u010devje potekal 17. redni zbor \u010dlanov Dru\u0161tva za razvoj slovenskega pode\u017eelja. Pregledali smo delo preteklega&hellip;<\/p>\n<\/div>\n\t\n<a href=\"https:\/\/www.las-stik.si\/programsko-obdobje-2014-2020\/novice\/zbor-clanov-drsp-in-posvet-las\/\" class=\"dt-btn-s dt-btn post-details details-type-btn\" aria-label=\"Read more about Zbor \u010dlanov DRSP in Posvet LAS\">Ve\u010d ...<i class=\"dt-icon-the7-arrow-03\" aria-hidden=\"true\"><\/i><\/a>\n\n<\/div><\/article><article class=\"post project-odd hidden no-img post-3734 type-post status-publish format-standard hentry category-novice category-33 description-off\" data-name=\"Nate\u010daj za tradicionalni dolenjski kuharski recept\" data-date=\"2022-03-02T11:41:04+01:00\">\n\n<div class=\"post-entry-content\">\n\n\t<h3 class=\"entry-title\">\n\t\t<a href=\"https:\/\/www.las-stik.si\/programsko-obdobje-2014-2020\/novice\/natecaj-za-tradicionalni-dolenjski-kuharski-recept\/\" title=\"Nate\u010daj za tradicionalni dolenjski kuharski recept\" rel=\"bookmark\">Nate\u010daj za tradicionalni dolenjski kuharski recept<\/a>\n\t<\/h3>\n\n\t<div class=\"entry-meta\"><a href=\"https:\/\/www.las-stik.si\/programsko-obdobje-2014-2020\/2022\/03\/02\/\" title=\"11:41\" class=\"data-link\" rel=\"bookmark\"><time class=\"entry-date updated\" datetime=\"2022-03-02T11:41:04+01:00\">2. marca, 2022<\/time><\/a><\/div>\n\t<div class=\"entry-excerpt\"><p>Knji\u017enica Pavla Golie Trebnje, v okviru projekta Raziskovanje in obujanje kulinari\u010dne dedi\u0161\u010dine Dolenjske akronim Sredi\u0161\u010de gastronomije Dolenjske, vabi k sodelovanju na nate\u010daju za tradicionalni dolenjski&hellip;<\/p>\n<\/div>\n\t\n<a href=\"https:\/\/www.las-stik.si\/programsko-obdobje-2014-2020\/novice\/natecaj-za-tradicionalni-dolenjski-kuharski-recept\/\" class=\"dt-btn-s dt-btn post-details details-type-btn\" aria-label=\"Read more about Nate\u010daj za tradicionalni dolenjski kuharski recept\">Ve\u010d ...<i class=\"dt-icon-the7-arrow-03\" aria-hidden=\"true\"><\/i><\/a>\n\n<\/div><\/article><article class=\"post project-odd hidden no-img post-3851 type-post status-publish format-standard hentry category-novice category-33 description-off\" data-name=\"VIRTUALNA GALERIJA LIKOVNIH SAMORASTNIKOV TREBNJE\" data-date=\"2022-02-28T13:36:28+01:00\">\n\n<div class=\"post-entry-content\">\n\n\t<h3 class=\"entry-title\">\n\t\t<a href=\"https:\/\/www.las-stik.si\/programsko-obdobje-2014-2020\/novice\/virtualna-galerija-likovnih-samorastnikov-trebnje\/\" title=\"VIRTUALNA GALERIJA LIKOVNIH SAMORASTNIKOV TREBNJE\" rel=\"bookmark\">VIRTUALNA GALERIJA LIKOVNIH SAMORASTNIKOV TREBNJE<\/a>\n\t<\/h3>\n\n\t<div class=\"entry-meta\"><a href=\"https:\/\/www.las-stik.si\/programsko-obdobje-2014-2020\/2022\/02\/28\/\" title=\"13:36\" class=\"data-link\" rel=\"bookmark\"><time class=\"entry-date updated\" datetime=\"2022-02-28T13:36:28+01:00\">28. februarja, 2022<\/time><\/a><\/div>\n\t<div class=\"entry-excerpt\"><p>V GALERIJI LIKOVNIH SAMORASTNIKOV TREBNJE IZVAJAMO PROJEKT VIRTUALNA GALERIJA LIKOVNIH SAMORASTNIKOV TREBNJE: KULTURNA DEDI\u0160\u010cINA V OBOGATENI RESNI\u010cNOSTI V Galeriji likovnih samorastnikov Trebnje izvajamo projekt z&hellip;<\/p>\n<\/div>\n\t\n<a href=\"https:\/\/www.las-stik.si\/programsko-obdobje-2014-2020\/novice\/virtualna-galerija-likovnih-samorastnikov-trebnje\/\" class=\"dt-btn-s dt-btn post-details details-type-btn\" aria-label=\"Read more about VIRTUALNA GALERIJA LIKOVNIH SAMORASTNIKOV TREBNJE\">Ve\u010d ...<i class=\"dt-icon-the7-arrow-03\" aria-hidden=\"true\"><\/i><\/a>\n\n<\/div><\/article><article class=\"post project-odd hidden no-img post-3728 type-post status-publish format-standard hentry category-novice category-33 description-off\" data-name=\"Temeljni postopki o\u017eivljanja in uporaba AED aparata\" data-date=\"2022-02-21T12:42:52+01:00\">\n\n<div class=\"post-entry-content\">\n\n\t<h3 class=\"entry-title\">\n\t\t<a href=\"https:\/\/www.las-stik.si\/programsko-obdobje-2014-2020\/novice\/temeljni-postopki-ozivljanja-in-uporaba-aed-aparata\/\" title=\"Temeljni postopki o\u017eivljanja in uporaba AED aparata\" rel=\"bookmark\">Temeljni postopki o\u017eivljanja in uporaba AED aparata<\/a>\n\t<\/h3>\n\n\t<div class=\"entry-meta\"><a href=\"https:\/\/www.las-stik.si\/programsko-obdobje-2014-2020\/2022\/02\/21\/\" title=\"12:42\" class=\"data-link\" rel=\"bookmark\"><time class=\"entry-date updated\" datetime=\"2022-02-21T12:42:52+01:00\">21. februarja, 2022<\/time><\/a><\/div>\n\t<div class=\"entry-excerpt\"><p>&nbsp; Meseca oktobra 2021 smo pri\u010deli z izvajanjem projekta sodelovanja SKUPAJ ZA VARNI JUTRI. Projekt izvajamo skupaj s \u0161tirimi slovenskimi LASi, na obmo\u010dju LAS STIK&hellip;<\/p>\n<\/div>\n\t\n<a href=\"https:\/\/www.las-stik.si\/programsko-obdobje-2014-2020\/novice\/temeljni-postopki-ozivljanja-in-uporaba-aed-aparata\/\" class=\"dt-btn-s dt-btn post-details details-type-btn\" aria-label=\"Read more about Temeljni postopki o\u017eivljanja in uporaba AED aparata\">Ve\u010d ...<i class=\"dt-icon-the7-arrow-03\" aria-hidden=\"true\"><\/i><\/a>\n\n<\/div><\/article><article class=\"post project-odd hidden no-img post-3662 type-post status-publish format-standard hentry category-novice category-33 description-off\" data-name=\"VABLJENI NA \u0160KREBLFEST 2021\" data-date=\"2021-09-28T08:00:55+02:00\">\n\n<div class=\"post-entry-content\">\n\n\t<h3 class=\"entry-title\">\n\t\t<a href=\"https:\/\/www.las-stik.si\/programsko-obdobje-2014-2020\/novice\/skreblfest-2021\/\" title=\"VABLJENI NA \u0160KREBLFEST 2021\" rel=\"bookmark\">VABLJENI NA \u0160KREBLFEST 2021<\/a>\n\t<\/h3>\n\n\t<div class=\"entry-meta\"><a href=\"https:\/\/www.las-stik.si\/programsko-obdobje-2014-2020\/2021\/09\/28\/\" title=\"8:00\" class=\"data-link\" rel=\"bookmark\"><time class=\"entry-date updated\" datetime=\"2021-09-28T08:00:55+02:00\">28. septembra, 2021<\/time><\/a><\/div>\n\t<div class=\"entry-excerpt\"><\/div>\n\t\n<a href=\"https:\/\/www.las-stik.si\/programsko-obdobje-2014-2020\/novice\/skreblfest-2021\/\" class=\"dt-btn-s dt-btn post-details details-type-btn\" aria-label=\"Read more about VABLJENI NA \u0160KREBLFEST 2021\">Ve\u010d ...<i class=\"dt-icon-the7-arrow-03\" aria-hidden=\"true\"><\/i><\/a>\n\n<\/div><\/article><article class=\"post project-odd hidden no-img post-3656 type-post status-publish format-standard hentry category-novice category-33 description-off\" data-name=\"Poletni delovni \u010das\" data-date=\"2021-07-14T09:49:12+02:00\">\n\n<div class=\"post-entry-content\">\n\n\t<h3 class=\"entry-title\">\n\t\t<a href=\"https:\/\/www.las-stik.si\/programsko-obdobje-2014-2020\/novice\/poletni-delovni-cas\/\" title=\"Poletni delovni \u010das\" rel=\"bookmark\">Poletni delovni \u010das<\/a>\n\t<\/h3>\n\n\t<div class=\"entry-meta\"><a href=\"https:\/\/www.las-stik.si\/programsko-obdobje-2014-2020\/2021\/07\/14\/\" title=\"9:49\" class=\"data-link\" rel=\"bookmark\"><time class=\"entry-date updated\" datetime=\"2021-07-14T09:49:12+02:00\">14. julija, 2021<\/time><\/a><\/div>\n\t<div class=\"entry-excerpt\"><\/div>\n\t\n<a href=\"https:\/\/www.las-stik.si\/programsko-obdobje-2014-2020\/novice\/poletni-delovni-cas\/\" class=\"dt-btn-s dt-btn post-details details-type-btn\" aria-label=\"Read more about Poletni delovni \u010das\">Ve\u010d ...<i class=\"dt-icon-the7-arrow-03\" aria-hidden=\"true\"><\/i><\/a>\n\n<\/div><\/article><article class=\"post project-odd hidden no-img post-3650 type-post status-publish format-standard hentry category-novice category-33 description-off\" data-name=\"Za\u010detek javne razprave o predlogu Strate\u0161kega na\u010drta skupne kmetijske politike\" data-date=\"2021-07-09T09:33:59+02:00\">\n\n<div class=\"post-entry-content\">\n\n\t<h3 class=\"entry-title\">\n\t\t<a href=\"https:\/\/www.las-stik.si\/programsko-obdobje-2014-2020\/novice\/zacetek-javne-razprave-o-predlogu-strateskega-nacrta-skupne-kmetijske-politike\/\" title=\"Za\u010detek javne razprave o predlogu Strate\u0161kega na\u010drta skupne kmetijske politike\" rel=\"bookmark\">Za\u010detek javne razprave o predlogu Strate\u0161kega na\u010drta skupne kmetijske politike<\/a>\n\t<\/h3>\n\n\t<div class=\"entry-meta\"><a href=\"https:\/\/www.las-stik.si\/programsko-obdobje-2014-2020\/2021\/07\/09\/\" title=\"9:33\" class=\"data-link\" rel=\"bookmark\"><time class=\"entry-date updated\" datetime=\"2021-07-09T09:33:59+02:00\">9. julija, 2021<\/time><\/a><\/div>\n\t<div class=\"entry-excerpt\"><p>Ministrstvo za kmetijstvo, gozdarstvo in prehrano je v petek, 2. 7. 2021, objavilo predlog Strate\u0161kega na\u010drta Skupne kmetijske politike Republike Slovenije za obdobje 2023\u20132027, s&hellip;<\/p>\n<\/div>\n\t\n<a href=\"https:\/\/www.las-stik.si\/programsko-obdobje-2014-2020\/novice\/zacetek-javne-razprave-o-predlogu-strateskega-nacrta-skupne-kmetijske-politike\/\" class=\"dt-btn-s dt-btn post-details details-type-btn\" aria-label=\"Read more about Za\u010detek javne razprave o predlogu Strate\u0161kega na\u010drta skupne kmetijske politike\">Ve\u010d ...<i class=\"dt-icon-the7-arrow-03\" aria-hidden=\"true\"><\/i><\/a>\n\n<\/div><\/article><article class=\"post project-odd hidden no-img post-3637 type-post status-publish format-standard hentry category-novice category-33 description-off\" data-name=\"V okviru projekta RAST izvedli spletni zbor z dr. Janezom Bogatajem\" data-date=\"2021-06-02T14:43:07+02:00\">\n\n<div class=\"post-entry-content\">\n\n\t<h3 class=\"entry-title\">\n\t\t<a href=\"https:\/\/www.las-stik.si\/programsko-obdobje-2014-2020\/novice\/v-okviru-projekta-rast-izvedli-spletni-zbor-z-dr-janezom-bogatajem\/\" title=\"V okviru projekta RAST izvedli spletni zbor z dr. Janezom Bogatajem\" rel=\"bookmark\">V okviru projekta RAST izvedli spletni zbor z dr. Janezom Bogatajem<\/a>\n\t<\/h3>\n\n\t<div class=\"entry-meta\"><a href=\"https:\/\/www.las-stik.si\/programsko-obdobje-2014-2020\/2021\/06\/02\/\" title=\"14:43\" class=\"data-link\" rel=\"bookmark\"><time class=\"entry-date updated\" datetime=\"2021-06-02T14:43:07+02:00\">2. junija, 2021<\/time><\/a><\/div>\n\t<div class=\"entry-excerpt\"><p>V \u010detrtek, 20. 5. 2021, je Zavod Prijetno doma\u010de v okviru projekta Razvoj in vzpostavitev sistema tr\u017eenja enostavnih in integralnih turisti\u010dnih produktov (RAST) izvedel Zbor&hellip;<\/p>\n<\/div>\n\t\n<a href=\"https:\/\/www.las-stik.si\/programsko-obdobje-2014-2020\/novice\/v-okviru-projekta-rast-izvedli-spletni-zbor-z-dr-janezom-bogatajem\/\" class=\"dt-btn-s dt-btn post-details details-type-btn\" aria-label=\"Read more about V okviru projekta RAST izvedli spletni zbor z dr. Janezom Bogatajem\">Ve\u010d ...<i class=\"dt-icon-the7-arrow-03\" aria-hidden=\"true\"><\/i><\/a>\n\n<\/div><\/article><article class=\"post project-odd hidden no-img post-3628 type-post status-publish format-standard hentry category-novice category-33 description-off\" data-name=\"Vabilo na sestanek z Medresorsko delovno skupino CLLD 2021-2027\" data-date=\"2021-05-31T13:42:49+02:00\">\n\n<div class=\"post-entry-content\">\n\n\t<h3 class=\"entry-title\">\n\t\t<a href=\"https:\/\/www.las-stik.si\/programsko-obdobje-2014-2020\/novice\/vabilo-na-sestanek-z-medresorsko-delovno-skupino-clld-2021-2027\/\" title=\"Vabilo na sestanek z Medresorsko delovno skupino CLLD 2021-2027\" rel=\"bookmark\">Vabilo na sestanek z Medresorsko delovno skupino CLLD 2021-2027<\/a>\n\t<\/h3>\n\n\t<div class=\"entry-meta\"><a href=\"https:\/\/www.las-stik.si\/programsko-obdobje-2014-2020\/2021\/05\/31\/\" title=\"13:42\" class=\"data-link\" rel=\"bookmark\"><time class=\"entry-date updated\" datetime=\"2021-05-31T13:42:49+02:00\">31. maja, 2021<\/time><\/a><\/div>\n\t<div class=\"entry-excerpt\"><p>Vljudno vas vabimo na sestanek z Medresorsko delovno skupino CLLD 2021-2027, ki bo v petek 4. junija 2021 ob 9.00 na CIK Trebnje, Kidri\u010deva ulica&hellip;<\/p>\n<\/div>\n\t\n<a href=\"https:\/\/www.las-stik.si\/programsko-obdobje-2014-2020\/novice\/vabilo-na-sestanek-z-medresorsko-delovno-skupino-clld-2021-2027\/\" class=\"dt-btn-s dt-btn post-details details-type-btn\" aria-label=\"Read more about Vabilo na sestanek z Medresorsko delovno skupino CLLD 2021-2027\">Ve\u010d ...<i class=\"dt-icon-the7-arrow-03\" aria-hidden=\"true\"><\/i><\/a>\n\n<\/div><\/article><article class=\"post project-odd hidden no-img post-3625 type-post status-publish format-standard hentry category-novice category-33 description-off\" data-name=\"Spletno sre\u010danje turisti\u010dnih in gostinskih ponudnikov z dr. Janezom Bogatajem\" data-date=\"2021-05-19T09:10:22+02:00\">\n\n<div class=\"post-entry-content\">\n\n\t<h3 class=\"entry-title\">\n\t\t<a href=\"https:\/\/www.las-stik.si\/programsko-obdobje-2014-2020\/novice\/spletno-srecanje-turisticnih-in-gostinskih-ponudnikov-z-dr-janezom-bogatajem\/\" title=\"Spletno sre\u010danje turisti\u010dnih in gostinskih ponudnikov z dr. Janezom Bogatajem\" rel=\"bookmark\">Spletno sre\u010danje turisti\u010dnih in gostinskih ponudnikov z dr. Janezom Bogatajem<\/a>\n\t<\/h3>\n\n\t<div class=\"entry-meta\"><a href=\"https:\/\/www.las-stik.si\/programsko-obdobje-2014-2020\/2021\/05\/19\/\" title=\"9:10\" class=\"data-link\" rel=\"bookmark\"><time class=\"entry-date updated\" datetime=\"2021-05-19T09:10:22+02:00\">19. maja, 2021<\/time><\/a><\/div>\n\t<div class=\"entry-excerpt\"><p>Vabljeni na spletni dogodek Zbor turisti\u010dnih in gostinskih ponudnikov, s prof. dr. Janezom Bogatajem. Dogodek bo potekal v okviru aktivnosti Zavoda Prijetno doma\u010de in projekta&hellip;<\/p>\n<\/div>\n\t\n<a href=\"https:\/\/www.las-stik.si\/programsko-obdobje-2014-2020\/novice\/spletno-srecanje-turisticnih-in-gostinskih-ponudnikov-z-dr-janezom-bogatajem\/\" class=\"dt-btn-s dt-btn post-details details-type-btn\" aria-label=\"Read more about Spletno sre\u010danje turisti\u010dnih in gostinskih ponudnikov z dr. Janezom Bogatajem\">Ve\u010d ...<i class=\"dt-icon-the7-arrow-03\" aria-hidden=\"true\"><\/i><\/a>\n\n<\/div><\/article><article class=\"post project-odd hidden no-img post-2339 type-post status-publish format-standard hentry category-javni-pozivi category-novice category-4 category-33 description-off\" data-name=\"PODAJL\u0160ANJE ROKA &#8211; 1. Javni poziv za izbor operacij za uresni\u010devanje ciljev Strategije lokalnega razvoja na obmo\u010dju LAS Suhe krajine, Temenice in Krke v letu 2021\" data-date=\"2021-04-12T09:42:44+02:00\">\n\n<div class=\"post-entry-content\">\n\n\t<h3 class=\"entry-title\">\n\t\t<a href=\"https:\/\/www.las-stik.si\/programsko-obdobje-2014-2020\/javni-pozivi\/1-javni-poziv-2021\/\" title=\"PODAJL\u0160ANJE ROKA &#8211; 1. Javni poziv za izbor operacij za uresni\u010devanje ciljev Strategije lokalnega razvoja na obmo\u010dju LAS Suhe krajine, Temenice in Krke v letu 2021\" rel=\"bookmark\">PODAJL\u0160ANJE ROKA &#8211; 1. Javni poziv za izbor operacij za uresni\u010devanje ciljev Strategije lokalnega razvoja na obmo\u010dju LAS Suhe krajine, Temenice in Krke v letu 2021<\/a>\n\t<\/h3>\n\n\t<div class=\"entry-meta\"><a href=\"https:\/\/www.las-stik.si\/programsko-obdobje-2014-2020\/2021\/04\/12\/\" title=\"9:42\" class=\"data-link\" rel=\"bookmark\"><time class=\"entry-date updated\" datetime=\"2021-04-12T09:42:44+02:00\">12. aprila, 2021<\/time><\/a><\/div>\n\t<div class=\"entry-excerpt\"><p>Podalj\u0161anje roka za oddajo prijav na 1 javni poziv za izbor operacij sofinanciranih iz Evropskega sklada za regionalni razvoj (ESRR) za uresni\u010devanje ciljev Strategije lokalnega&hellip;<\/p>\n<\/div>\n\t\n<a href=\"https:\/\/www.las-stik.si\/programsko-obdobje-2014-2020\/javni-pozivi\/1-javni-poziv-2021\/\" class=\"dt-btn-s dt-btn post-details details-type-btn\" aria-label=\"Read more about PODAJL\u0160ANJE ROKA &#8211; 1. Javni poziv za izbor operacij za uresni\u010devanje ciljev Strategije lokalnega razvoja na obmo\u010dju LAS Suhe krajine, Temenice in Krke v letu 2021\">Ve\u010d ...<i class=\"dt-icon-the7-arrow-03\" aria-hidden=\"true\"><\/i><\/a>\n\n<\/div><\/article><article class=\"post project-odd hidden no-img post-2443 type-post status-publish format-standard hentry category-novice category-33 description-off\" data-name=\"Dodatna navodila MGRT- Investicijska dokumentacija in NRP\" data-date=\"2021-02-26T07:04:00+01:00\">\n\n<div class=\"post-entry-content\">\n\n\t<h3 class=\"entry-title\">\n\t\t<a href=\"https:\/\/www.las-stik.si\/programsko-obdobje-2014-2020\/novice\/dodatna-navodila-mgrt-2021\/\" title=\"Dodatna navodila MGRT- Investicijska dokumentacija in NRP\" rel=\"bookmark\">Dodatna navodila MGRT- Investicijska dokumentacija in NRP<\/a>\n\t<\/h3>\n\n\t<div class=\"entry-meta\"><a href=\"https:\/\/www.las-stik.si\/programsko-obdobje-2014-2020\/2021\/02\/26\/\" title=\"7:04\" class=\"data-link\" rel=\"bookmark\"><time class=\"entry-date updated\" datetime=\"2021-02-26T07:04:00+01:00\">26. februarja, 2021<\/time><\/a><\/div>\n\t<div class=\"entry-excerpt\"><p>Dodatna navodila MGRT- Investicijska dokumentacija in NRP- operacije 19.2., ki so sofinancirane iz ESRR Spo\u0161tovani.\u00a0 Obve\u0161\u010damo vas, da smo s strani MGRT dne 25.2.2021 dobili&hellip;<\/p>\n<\/div>\n\t\n<a href=\"https:\/\/www.las-stik.si\/programsko-obdobje-2014-2020\/novice\/dodatna-navodila-mgrt-2021\/\" class=\"dt-btn-s dt-btn post-details details-type-btn\" aria-label=\"Read more about Dodatna navodila MGRT- Investicijska dokumentacija in NRP\">Ve\u010d ...<i class=\"dt-icon-the7-arrow-03\" aria-hidden=\"true\"><\/i><\/a>\n\n<\/div><\/article><article class=\"post project-odd hidden no-img post-2442 type-post status-publish format-standard hentry category-novice category-33 description-off\" data-name=\"Nova verzija Navodil organa upravljanja o upravi\u010denih stro\u0161kih za sredstva evropske kohezijske politike v programskem obdobju 2014-2020 -ESRR\" data-date=\"2021-01-27T08:23:48+01:00\">\n\n<div class=\"post-entry-content\">\n\n\t<h3 class=\"entry-title\">\n\t\t<a href=\"https:\/\/www.las-stik.si\/programsko-obdobje-2014-2020\/novice\/nova-verzija-navodil-organa-upravljanja-o-upravicenih-stroskih-za-sredstva-evropske-kohezijske-politike-v-programskem-obdobju-2014-2020-esrr\/\" title=\"Nova verzija Navodil organa upravljanja o upravi\u010denih stro\u0161kih za sredstva evropske kohezijske politike v programskem obdobju 2014-2020 -ESRR\" rel=\"bookmark\">Nova verzija Navodil organa upravljanja o upravi\u010denih stro\u0161kih za sredstva evropske kohezijske politike v programskem obdobju 2014-2020 -ESRR<\/a>\n\t<\/h3>\n\n\t<div class=\"entry-meta\"><a href=\"https:\/\/www.las-stik.si\/programsko-obdobje-2014-2020\/2021\/01\/27\/\" title=\"8:23\" class=\"data-link\" rel=\"bookmark\"><time class=\"entry-date updated\" datetime=\"2021-01-27T08:23:48+01:00\">27. januarja, 2021<\/time><\/a><\/div>\n\t<div class=\"entry-excerpt\"><p>Spo\u0161tovani, obve\u0161\u010damo vas, da je Organ upravljanja dne 18.12.2020 na spletni strani eu-skladi.si objavil novo verzijo Navodil organa upravljanja o upravi\u010denih stro\u0161kih za sredstva evropske&hellip;<\/p>\n<\/div>\n\t\n<a href=\"https:\/\/www.las-stik.si\/programsko-obdobje-2014-2020\/novice\/nova-verzija-navodil-organa-upravljanja-o-upravicenih-stroskih-za-sredstva-evropske-kohezijske-politike-v-programskem-obdobju-2014-2020-esrr\/\" class=\"dt-btn-s dt-btn post-details details-type-btn\" aria-label=\"Read more about Nova verzija Navodil organa upravljanja o upravi\u010denih stro\u0161kih za sredstva evropske kohezijske politike v programskem obdobju 2014-2020 -ESRR\">Ve\u010d ...<i class=\"dt-icon-the7-arrow-03\" aria-hidden=\"true\"><\/i><\/a>\n\n<\/div><\/article><article class=\"post project-odd hidden no-img post-2441 type-post status-publish format-standard hentry category-novice category-33 description-off\" data-name=\"\u0160KREBLFEST malo druga\u010de\" data-date=\"2021-01-15T11:09:00+01:00\">\n\n<div class=\"post-entry-content\">\n\n\t<h3 class=\"entry-title\">\n\t\t<a href=\"https:\/\/www.las-stik.si\/programsko-obdobje-2014-2020\/novice\/skreblfest-malo-drugace\/\" title=\"\u0160KREBLFEST malo druga\u010de\" rel=\"bookmark\">\u0160KREBLFEST malo druga\u010de<\/a>\n\t<\/h3>\n\n\t<div class=\"entry-meta\"><a href=\"https:\/\/www.las-stik.si\/programsko-obdobje-2014-2020\/2021\/01\/15\/\" title=\"11:09\" class=\"data-link\" rel=\"bookmark\"><time class=\"entry-date updated\" datetime=\"2021-01-15T11:09:00+01:00\">15. januarja, 2021<\/time><\/a><\/div>\n\t<div class=\"entry-excerpt\"><p>Na \u010cate\u017eu domuje prav poseben festival \u2013 \u0160KREBLFEST. \u0160KREBL po \u010date\u0161ko pomeni sadni krhelj, FEST pa prireditev. Gre za tradicionalni praznik suhega sadnja, ki se&hellip;<\/p>\n<\/div>\n\t\n<a href=\"https:\/\/www.las-stik.si\/programsko-obdobje-2014-2020\/novice\/skreblfest-malo-drugace\/\" class=\"dt-btn-s dt-btn post-details details-type-btn\" aria-label=\"Read more about \u0160KREBLFEST malo druga\u010de\">Ve\u010d ...<i class=\"dt-icon-the7-arrow-03\" aria-hidden=\"true\"><\/i><\/a>\n\n<\/div><\/article><article class=\"post project-odd hidden no-img post-2439 type-post status-publish format-standard hentry category-novice category-33 description-off\" data-name=\"Upravni odbor in Skup\u0161\u010dina LAS STIK potrdila operacije prispele na 1. javni poziv v letu 2020 (EKSRP)\" data-date=\"2020-12-24T17:20:00+01:00\">\n\n<div class=\"post-entry-content\">\n\n\t<h3 class=\"entry-title\">\n\t\t<a href=\"https:\/\/www.las-stik.si\/programsko-obdobje-2014-2020\/novice\/upravni-odbor-in-skupscina-las-stik-potrdila-operacije-prispele-na-1-javni-poziv-v-letu-2020-eksrp\/\" title=\"Upravni odbor in Skup\u0161\u010dina LAS STIK potrdila operacije prispele na 1. javni poziv v letu 2020 (EKSRP)\" rel=\"bookmark\">Upravni odbor in Skup\u0161\u010dina LAS STIK potrdila operacije prispele na 1. javni poziv v letu 2020 (EKSRP)<\/a>\n\t<\/h3>\n\n\t<div class=\"entry-meta\"><a href=\"https:\/\/www.las-stik.si\/programsko-obdobje-2014-2020\/2020\/12\/24\/\" title=\"17:20\" class=\"data-link\" rel=\"bookmark\"><time class=\"entry-date updated\" datetime=\"2020-12-24T17:20:00+01:00\">24. decembra, 2020<\/time><\/a><\/div>\n\t<div class=\"entry-excerpt\"><p>Upravni odbor in Skup\u0161\u010dina LAS STIK sta na sejah dne 16.12.2020 glasovala o izboru operacij, ki so prispele na 1 javni poziv za izbor operacij&hellip;<\/p>\n<\/div>\n\t\n<a href=\"https:\/\/www.las-stik.si\/programsko-obdobje-2014-2020\/novice\/upravni-odbor-in-skupscina-las-stik-potrdila-operacije-prispele-na-1-javni-poziv-v-letu-2020-eksrp\/\" class=\"dt-btn-s dt-btn post-details details-type-btn\" aria-label=\"Read more about Upravni odbor in Skup\u0161\u010dina LAS STIK potrdila operacije prispele na 1. javni poziv v letu 2020 (EKSRP)\">Ve\u010d ...<i class=\"dt-icon-the7-arrow-03\" aria-hidden=\"true\"><\/i><\/a>\n\n<\/div><\/article><article class=\"post project-odd hidden no-img post-2438 type-post status-publish format-standard hentry category-novice category-33 description-off\" data-name=\"Anketa o trendih na pode\u017eelju\" data-date=\"2020-09-01T07:34:59+02:00\">\n\n<div class=\"post-entry-content\">\n\n\t<h3 class=\"entry-title\">\n\t\t<a href=\"https:\/\/www.las-stik.si\/programsko-obdobje-2014-2020\/novice\/anketa-o-trendih-na-podezelju\/\" title=\"Anketa o trendih na pode\u017eelju\" rel=\"bookmark\">Anketa o trendih na pode\u017eelju<\/a>\n\t<\/h3>\n\n\t<div class=\"entry-meta\"><a href=\"https:\/\/www.las-stik.si\/programsko-obdobje-2014-2020\/2020\/09\/01\/\" title=\"7:34\" class=\"data-link\" rel=\"bookmark\"><time class=\"entry-date updated\" datetime=\"2020-09-01T07:34:59+02:00\">1. septembra, 2020<\/time><\/a><\/div>\n\t<div class=\"entry-excerpt\"><p>Pred vami je anketa v podporo oblikovanju vizije za razvoj slovenskega pode\u017eelja v naslednjih 20 letih. Anketa naslavlja razli\u010dne razse\u017enosti izzivov, s katerimi se sre\u010dujemo&hellip;<\/p>\n<\/div>\n\t\n<a href=\"https:\/\/www.las-stik.si\/programsko-obdobje-2014-2020\/novice\/anketa-o-trendih-na-podezelju\/\" class=\"dt-btn-s dt-btn post-details details-type-btn\" aria-label=\"Read more about Anketa o trendih na pode\u017eelju\">Ve\u010d ...<i class=\"dt-icon-the7-arrow-03\" aria-hidden=\"true\"><\/i><\/a>\n\n<\/div><\/article><article class=\"post project-odd hidden no-img post-2437 type-post status-publish format-standard hentry category-novice category-33 description-off\" data-name=\"POLETNI DELOVNI \u010cAS\" data-date=\"2020-07-14T12:44:01+02:00\">\n\n<div class=\"post-entry-content\">\n\n\t<h3 class=\"entry-title\">\n\t\t<a href=\"https:\/\/www.las-stik.si\/programsko-obdobje-2014-2020\/novice\/poletni-delovni-cas-2\/\" title=\"POLETNI DELOVNI \u010cAS\" rel=\"bookmark\">POLETNI DELOVNI \u010cAS<\/a>\n\t<\/h3>\n\n\t<div class=\"entry-meta\"><a href=\"https:\/\/www.las-stik.si\/programsko-obdobje-2014-2020\/2020\/07\/14\/\" title=\"12:44\" class=\"data-link\" rel=\"bookmark\"><time class=\"entry-date updated\" datetime=\"2020-07-14T12:44:01+02:00\">14. julija, 2020<\/time><\/a><\/div>\n\t<div class=\"entry-excerpt\"><p>6. 7. 2020 \u2013 24. 7. 2020 8.00 \u2013 14.00 27. 7. 2020 \u2013 7. 8. 2020 ZAPRTO 10. 8. 2020 \u2013 14. 8. 2020&hellip;<\/p>\n<\/div>\n\t\n<a href=\"https:\/\/www.las-stik.si\/programsko-obdobje-2014-2020\/novice\/poletni-delovni-cas-2\/\" class=\"dt-btn-s dt-btn post-details details-type-btn\" aria-label=\"Read more about POLETNI DELOVNI \u010cAS\">Ve\u010d ...<i class=\"dt-icon-the7-arrow-03\" aria-hidden=\"true\"><\/i><\/a>\n\n<\/div><\/article><article class=\"post project-odd hidden no-img post-2333 type-post status-publish format-standard hentry category-javni-pozivi category-4 description-off\" data-name=\"1. javni poziv za izbor operacij za uresni\u010devanje ciljev Strategije lokalnega razvoja na obmo\u010dju LAS STIK v letu 2020\" data-date=\"2020-07-06T09:34:32+02:00\">\n\n<div class=\"post-entry-content\">\n\n\t<h3 class=\"entry-title\">\n\t\t<a href=\"https:\/\/www.las-stik.si\/programsko-obdobje-2014-2020\/javni-pozivi\/1-javni-poziv-2020\/\" title=\"1. javni poziv za izbor operacij za uresni\u010devanje ciljev Strategije lokalnega razvoja na obmo\u010dju LAS STIK v letu 2020\" rel=\"bookmark\">1. javni poziv za izbor operacij za uresni\u010devanje ciljev Strategije lokalnega razvoja na obmo\u010dju LAS STIK v letu 2020<\/a>\n\t<\/h3>\n\n\t<div class=\"entry-meta\"><a href=\"https:\/\/www.las-stik.si\/programsko-obdobje-2014-2020\/2020\/07\/06\/\" title=\"9:34\" class=\"data-link\" rel=\"bookmark\"><time class=\"entry-date updated\" datetime=\"2020-07-06T09:34:32+02:00\">6. julija, 2020<\/time><\/a><\/div>\n\t<div class=\"entry-excerpt\"><p>[vc_row][vc_column][vc_column_text]Center za izobra\u017eevanje in kulturo Trebnje, Kidri\u010deva ulica 2, 8210 Trebnje, kot vodilni partner LAS Suhe krajine, Temenice in Krke, Kidri\u010deva ulica 2, 8210 Trebnje,&hellip;<\/p>\n<\/div>\n\t\n<a href=\"https:\/\/www.las-stik.si\/programsko-obdobje-2014-2020\/javni-pozivi\/1-javni-poziv-2020\/\" class=\"dt-btn-s dt-btn post-details details-type-btn\" aria-label=\"Read more about 1. javni poziv za izbor operacij za uresni\u010devanje ciljev Strategije lokalnega razvoja na obmo\u010dju LAS STIK v letu 2020\">Ve\u010d ...<i class=\"dt-icon-the7-arrow-03\" aria-hidden=\"true\"><\/i><\/a>\n\n<\/div><\/article><article class=\"post project-odd hidden no-img post-2435 type-post status-publish format-standard hentry category-novice category-33 description-off\" data-name=\"Spletni seminar &#8220;Knji\u017eenje terjatev do ARSKTRP oz. MKGP&#8221;\" data-date=\"2020-06-15T06:47:04+02:00\">\n\n<div class=\"post-entry-content\">\n\n\t<h3 class=\"entry-title\">\n\t\t<a href=\"https:\/\/www.las-stik.si\/programsko-obdobje-2014-2020\/novice\/spletni-seminar-knjizenje-terjatev-do-arsktrp-oz-mkgp\/\" title=\"Spletni seminar &#8220;Knji\u017eenje terjatev do ARSKTRP oz. MKGP&#8221;\" rel=\"bookmark\">Spletni seminar &#8220;Knji\u017eenje terjatev do ARSKTRP oz. MKGP&#8221;<\/a>\n\t<\/h3>\n\n\t<div class=\"entry-meta\"><a href=\"https:\/\/www.las-stik.si\/programsko-obdobje-2014-2020\/2020\/06\/15\/\" title=\"6:47\" class=\"data-link\" rel=\"bookmark\"><time class=\"entry-date updated\" datetime=\"2020-06-15T06:47:04+02:00\">15. junija, 2020<\/time><\/a><\/div>\n\t<div class=\"entry-excerpt\"><p>Agencija RS za kmetijske trge in razvoj pode\u017eelja organizira spletni seminar &#8220;Knji\u017eenje terjatev do ARSKTRP oz. MKGP&#8221;, ki bo potekal v sredo, 17. 6. 2020,&hellip;<\/p>\n<\/div>\n\t\n<a href=\"https:\/\/www.las-stik.si\/programsko-obdobje-2014-2020\/novice\/spletni-seminar-knjizenje-terjatev-do-arsktrp-oz-mkgp\/\" class=\"dt-btn-s dt-btn post-details details-type-btn\" aria-label=\"Read more about Spletni seminar &#8220;Knji\u017eenje terjatev do ARSKTRP oz. MKGP&#8221;\">Ve\u010d ...<i class=\"dt-icon-the7-arrow-03\" aria-hidden=\"true\"><\/i><\/a>\n\n<\/div><\/article><article class=\"post project-odd hidden no-img post-2433 type-post status-publish format-standard hentry category-novice category-33 description-off\" data-name=\"CIK PONOVNO ODPIRA SVOJA VRATA\" data-date=\"2020-05-18T07:05:00+02:00\">\n\n<div class=\"post-entry-content\">\n\n\t<h3 class=\"entry-title\">\n\t\t<a href=\"https:\/\/www.las-stik.si\/programsko-obdobje-2014-2020\/novice\/cik-ponovno-odpira-svoja-vrata\/\" title=\"CIK PONOVNO ODPIRA SVOJA VRATA\" rel=\"bookmark\">CIK PONOVNO ODPIRA SVOJA VRATA<\/a>\n\t<\/h3>\n\n\t<div class=\"entry-meta\"><a href=\"https:\/\/www.las-stik.si\/programsko-obdobje-2014-2020\/2020\/05\/18\/\" title=\"7:05\" class=\"data-link\" rel=\"bookmark\"><time class=\"entry-date updated\" datetime=\"2020-05-18T07:05:00+02:00\">18. maja, 2020<\/time><\/a><\/div>\n\t<div class=\"entry-excerpt\"><p>Spo&scaron;tovani. Na podlagi priporo\u010dil pristojnih in Odlokom o preklicu epidemije nalezljive bolezni SARS-CoV-2 (COVID-19) ter Odlokom o za\u010dasni prepovedi zbiranja ljudi v zavodih s podro\u010dja&hellip;<\/p>\n<\/div>\n\t\n<a href=\"https:\/\/www.las-stik.si\/programsko-obdobje-2014-2020\/novice\/cik-ponovno-odpira-svoja-vrata\/\" class=\"dt-btn-s dt-btn post-details details-type-btn\" aria-label=\"Read more about CIK PONOVNO ODPIRA SVOJA VRATA\">Ve\u010d ...<i class=\"dt-icon-the7-arrow-03\" aria-hidden=\"true\"><\/i><\/a>\n\n<\/div><\/article><article class=\"post project-odd hidden no-img post-2431 type-post status-publish format-standard hentry category-novice category-33 description-off\" data-name=\"Posodobljena verzija Navodil organa upravljanja o upravi\u010denih stro\u0161kih za sredstva evropske kohezijske politike v obdobju 2014-2020\" data-date=\"2020-05-07T13:20:39+02:00\">\n\n<div class=\"post-entry-content\">\n\n\t<h3 class=\"entry-title\">\n\t\t<a href=\"https:\/\/www.las-stik.si\/programsko-obdobje-2014-2020\/novice\/posodobljena-verzija-navodil-organa-upravljanja-o-upravicenih-stroskih-za-sredstva-evropske-kohezijske-politike-v-obdobju-2014-2020\/\" title=\"Posodobljena verzija Navodil organa upravljanja o upravi\u010denih stro\u0161kih za sredstva evropske kohezijske politike v obdobju 2014-2020\" rel=\"bookmark\">Posodobljena verzija Navodil organa upravljanja o upravi\u010denih stro\u0161kih za sredstva evropske kohezijske politike v obdobju 2014-2020<\/a>\n\t<\/h3>\n\n\t<div class=\"entry-meta\"><a href=\"https:\/\/www.las-stik.si\/programsko-obdobje-2014-2020\/2020\/05\/07\/\" title=\"13:20\" class=\"data-link\" rel=\"bookmark\"><time class=\"entry-date updated\" datetime=\"2020-05-07T13:20:39+02:00\">7. maja, 2020<\/time><\/a><\/div>\n\t<div class=\"entry-excerpt\"><p>Obve&scaron;\u010damo vas, da je na spletni strani https:\/\/www.eu-skladi.si\/sl\/ekp\/navodila objavljena posodobljena verzija &nbsp;Navodil organa upravljanja o upravi\u010denih stro&scaron;kih za sredstva evropske kohezijske politike v obdobju 2014-2020&hellip;<\/p>\n<\/div>\n\t\n<a href=\"https:\/\/www.las-stik.si\/programsko-obdobje-2014-2020\/novice\/posodobljena-verzija-navodil-organa-upravljanja-o-upravicenih-stroskih-za-sredstva-evropske-kohezijske-politike-v-obdobju-2014-2020\/\" class=\"dt-btn-s dt-btn post-details details-type-btn\" aria-label=\"Read more about Posodobljena verzija Navodil organa upravljanja o upravi\u010denih stro\u0161kih za sredstva evropske kohezijske politike v obdobju 2014-2020\">Ve\u010d ...<i class=\"dt-icon-the7-arrow-03\" aria-hidden=\"true\"><\/i><\/a>\n\n<\/div><\/article><article class=\"post project-odd hidden no-img post-2429 type-post status-publish format-standard hentry category-novice category-33 description-off\" data-name=\"Potrjena 2. sprememba SLR LAS STIK\" data-date=\"2020-03-24T14:54:17+01:00\">\n\n<div class=\"post-entry-content\">\n\n\t<h3 class=\"entry-title\">\n\t\t<a href=\"https:\/\/www.las-stik.si\/programsko-obdobje-2014-2020\/novice\/potrjena-2-sprememba-slr-las-stik\/\" title=\"Potrjena 2. sprememba SLR LAS STIK\" rel=\"bookmark\">Potrjena 2. sprememba SLR LAS STIK<\/a>\n\t<\/h3>\n\n\t<div class=\"entry-meta\"><a href=\"https:\/\/www.las-stik.si\/programsko-obdobje-2014-2020\/2020\/03\/24\/\" title=\"14:54\" class=\"data-link\" rel=\"bookmark\"><time class=\"entry-date updated\" datetime=\"2020-03-24T14:54:17+01:00\">24. marca, 2020<\/time><\/a><\/div>\n\t<div class=\"entry-excerpt\"><p>Obve&scaron;\u010damo vas, da je bila druga sprememba Strategije lokalnega razvoja LAS STIK potrjena s strani Ministrstva za kmetijstvo, gozdarstvo in prehrano. Ker trenutna situacija in&hellip;<\/p>\n<\/div>\n\t\n<a href=\"https:\/\/www.las-stik.si\/programsko-obdobje-2014-2020\/novice\/potrjena-2-sprememba-slr-las-stik\/\" class=\"dt-btn-s dt-btn post-details details-type-btn\" aria-label=\"Read more about Potrjena 2. sprememba SLR LAS STIK\">Ve\u010d ...<i class=\"dt-icon-the7-arrow-03\" aria-hidden=\"true\"><\/i><\/a>\n\n<\/div><\/article><article class=\"post project-odd hidden no-img post-2428 type-post status-publish format-standard hentry category-novice category-33 description-off\" data-name=\"OBVESTILO CIK TREBNJE OB POJAVU COVID19\" data-date=\"2020-03-16T09:08:00+01:00\">\n\n<div class=\"post-entry-content\">\n\n\t<h3 class=\"entry-title\">\n\t\t<a href=\"https:\/\/www.las-stik.si\/programsko-obdobje-2014-2020\/novice\/obvestilo-cik-trebnje-ob-pojavu-covid19\/\" title=\"OBVESTILO CIK TREBNJE OB POJAVU COVID19\" rel=\"bookmark\">OBVESTILO CIK TREBNJE OB POJAVU COVID19<\/a>\n\t<\/h3>\n\n\t<div class=\"entry-meta\"><a href=\"https:\/\/www.las-stik.si\/programsko-obdobje-2014-2020\/2020\/03\/16\/\" title=\"9:08\" class=\"data-link\" rel=\"bookmark\"><time class=\"entry-date updated\" datetime=\"2020-03-16T09:08:00+01:00\">16. marca, 2020<\/time><\/a><\/div>\n\t<div class=\"entry-excerpt\"><p>Zaradi izvajanja ukrepov za prepre\u010ditev &scaron;irjenja virusa COVID19&nbsp;Center za izobra\u017eevanje in kulturo Trebnje (CIK Trebnje), vodilni partner LAS STIK, obve&scaron;\u010da vse uporabnike storitev pisarne LAS&hellip;<\/p>\n<\/div>\n\t\n<a href=\"https:\/\/www.las-stik.si\/programsko-obdobje-2014-2020\/novice\/obvestilo-cik-trebnje-ob-pojavu-covid19\/\" class=\"dt-btn-s dt-btn post-details details-type-btn\" aria-label=\"Read more about OBVESTILO CIK TREBNJE OB POJAVU COVID19\">Ve\u010d ...<i class=\"dt-icon-the7-arrow-03\" aria-hidden=\"true\"><\/i><\/a>\n\n<\/div><\/article><article class=\"post project-odd hidden post-2427 type-post status-publish format-standard has-post-thumbnail hentry category-novice category-33 description-off\" data-name=\"DELOVNI \u010cAS V \u010cASU NOVOLETNIH PO\u010cITNIC\" data-date=\"2019-12-10T14:56:41+01:00\">\n\n<div class=\"post-thumbnail-wrap\">\n\t<div class=\"post-thumbnail\">\n\n\t\t\n\t\t\n\t\t<a href=\"https:\/\/www.las-stik.si\/programsko-obdobje-2014-2020\/novice\/delovni-cas-v-casu-novoletnih-pocitnic\/\" class=\"post-thumbnail-rollover layzr-bg layzr-bg\" ><img fetchpriority=\"high\" decoding=\"async\" class=\"blog-thumb-lazy-load preload-me lazy-load aspect\" src=\"data:image\/svg+xml,%3Csvg%20xmlns%3D&#39;http%3A%2F%2Fwww.w3.org%2F2000%2Fsvg&#39;%20viewBox%3D&#39;0%200%20566%20377&#39;%2F%3E\" data-src=\"https:\/\/www.las-stik.si\/programsko-obdobje-2014-2020\/wp-content\/uploads\/2019\/12\/Novoletni-delovni-cas-1-566x377.jpg\" data-srcset=\"https:\/\/www.las-stik.si\/programsko-obdobje-2014-2020\/wp-content\/uploads\/2019\/12\/Novoletni-delovni-cas-1-566x377.jpg 566w\" loading=\"eager\" style=\"--ratio: 566 \/ 377\" sizes=\"(max-width: 566px) 100vw, 566px\" alt=\"Novoletni delovni \u010das 1\" title=\"Novoletni delovni \u010das 1\" width=\"566\" height=\"377\"  \/><\/a>\n\t<\/div>\n<\/div>\n\n\n<div class=\"post-entry-content\">\n\n\t<h3 class=\"entry-title\">\n\t\t<a href=\"https:\/\/www.las-stik.si\/programsko-obdobje-2014-2020\/novice\/delovni-cas-v-casu-novoletnih-pocitnic\/\" title=\"DELOVNI \u010cAS V \u010cASU NOVOLETNIH PO\u010cITNIC\" rel=\"bookmark\">DELOVNI \u010cAS V \u010cASU NOVOLETNIH PO\u010cITNIC<\/a>\n\t<\/h3>\n\n\t<div class=\"entry-meta\"><a href=\"https:\/\/www.las-stik.si\/programsko-obdobje-2014-2020\/2019\/12\/10\/\" title=\"14:56\" class=\"data-link\" rel=\"bookmark\"><time class=\"entry-date updated\" datetime=\"2019-12-10T14:56:41+01:00\">10. decembra, 2019<\/time><\/a><\/div>\n\t<div class=\"entry-excerpt\"><p>V \u010dasu novoletnih po\u010ditnic bo odpiralni \u010das pisarne LAS STIK spremenjen. Hvala za razumevanje.<\/p>\n<\/div>\n\t\n<a href=\"https:\/\/www.las-stik.si\/programsko-obdobje-2014-2020\/novice\/delovni-cas-v-casu-novoletnih-pocitnic\/\" class=\"dt-btn-s dt-btn post-details details-type-btn\" aria-label=\"Read more about DELOVNI \u010cAS V \u010cASU NOVOLETNIH PO\u010cITNIC\">Ve\u010d ...<i class=\"dt-icon-the7-arrow-03\" aria-hidden=\"true\"><\/i><\/a>\n\n<\/div><\/article><article class=\"post project-odd hidden no-img post-2425 type-post status-publish format-standard hentry category-novice category-33 description-off\" data-name=\"Objavljena Uredba o spremembah in dopolnitvah Uredbe CLLD\" data-date=\"2019-11-22T10:10:52+01:00\">\n\n<div class=\"post-entry-content\">\n\n\t<h3 class=\"entry-title\">\n\t\t<a href=\"https:\/\/www.las-stik.si\/programsko-obdobje-2014-2020\/novice\/objavljena-uredba-o-spremembah-in-dopolnitvah-uredbe-clld\/\" title=\"Objavljena Uredba o spremembah in dopolnitvah Uredbe CLLD\" rel=\"bookmark\">Objavljena Uredba o spremembah in dopolnitvah Uredbe CLLD<\/a>\n\t<\/h3>\n\n\t<div class=\"entry-meta\"><a href=\"https:\/\/www.las-stik.si\/programsko-obdobje-2014-2020\/2019\/11\/22\/\" title=\"10:10\" class=\"data-link\" rel=\"bookmark\"><time class=\"entry-date updated\" datetime=\"2019-11-22T10:10:52+01:00\">22. novembra, 2019<\/time><\/a><\/div>\n\t<div class=\"entry-excerpt\"><p>V Uradnem listu &scaron;t. 68\/2019 je bila dne 15. 11. 2019 objavljena Uredba o spremembah in dopolnitvah Uredbe o izvajanju lokalnega razvoja, ki ga vodi&hellip;<\/p>\n<\/div>\n\t\n<a href=\"https:\/\/www.las-stik.si\/programsko-obdobje-2014-2020\/novice\/objavljena-uredba-o-spremembah-in-dopolnitvah-uredbe-clld\/\" class=\"dt-btn-s dt-btn post-details details-type-btn\" aria-label=\"Read more about Objavljena Uredba o spremembah in dopolnitvah Uredbe CLLD\">Ve\u010d ...<i class=\"dt-icon-the7-arrow-03\" aria-hidden=\"true\"><\/i><\/a>\n\n<\/div><\/article><article class=\"post project-odd hidden no-img post-2424 type-post status-publish format-standard hentry category-novice category-33 description-off\" data-name=\"Objavljen okvirni terminski na\u010drt objave javnih razpisov Programa razvoja pode\u017eelja do konca 2020\" data-date=\"2019-11-22T09:30:35+01:00\">\n\n<div class=\"post-entry-content\">\n\n\t<h3 class=\"entry-title\">\n\t\t<a href=\"https:\/\/www.las-stik.si\/programsko-obdobje-2014-2020\/novice\/objavljen-okvirni-terminski-nacrt-objave-javnih-razpisov-programa-razvoja-podezelja-do-konca-2020\/\" title=\"Objavljen okvirni terminski na\u010drt objave javnih razpisov Programa razvoja pode\u017eelja do konca 2020\" rel=\"bookmark\">Objavljen okvirni terminski na\u010drt objave javnih razpisov Programa razvoja pode\u017eelja do konca 2020<\/a>\n\t<\/h3>\n\n\t<div class=\"entry-meta\"><a href=\"https:\/\/www.las-stik.si\/programsko-obdobje-2014-2020\/2019\/11\/22\/\" title=\"9:30\" class=\"data-link\" rel=\"bookmark\"><time class=\"entry-date updated\" datetime=\"2019-11-22T09:30:35+01:00\">22. novembra, 2019<\/time><\/a><\/div>\n\t<div class=\"entry-excerpt\"><p>Ministrstvo za kmetijstvo, gozdarstvo in prehrano je objavilo okvirni terminski na\u010drt objave javnih razpisov za ukrepe Programa razvoja pode\u017eelja 2014&ndash;2020 do konca 2020, ki ga&hellip;<\/p>\n<\/div>\n\t\n<a href=\"https:\/\/www.las-stik.si\/programsko-obdobje-2014-2020\/novice\/objavljen-okvirni-terminski-nacrt-objave-javnih-razpisov-programa-razvoja-podezelja-do-konca-2020\/\" class=\"dt-btn-s dt-btn post-details details-type-btn\" aria-label=\"Read more about Objavljen okvirni terminski na\u010drt objave javnih razpisov Programa razvoja pode\u017eelja do konca 2020\">Ve\u010d ...<i class=\"dt-icon-the7-arrow-03\" aria-hidden=\"true\"><\/i><\/a>\n\n<\/div><\/article><article class=\"post project-odd hidden no-img post-2423 type-post status-publish format-standard hentry category-novice category-33 description-off\" data-name=\"Imate projektno idejo in razmi\u0161ljate kako bi jo uresni\u010dili?\" data-date=\"2019-11-13T11:46:57+01:00\">\n\n<div class=\"post-entry-content\">\n\n\t<h3 class=\"entry-title\">\n\t\t<a href=\"https:\/\/www.las-stik.si\/programsko-obdobje-2014-2020\/novice\/imate-projektno-idejo-in-razmisljate-kako-bi-jo-uresnicili\/\" title=\"Imate projektno idejo in razmi\u0161ljate kako bi jo uresni\u010dili?\" rel=\"bookmark\">Imate projektno idejo in razmi\u0161ljate kako bi jo uresni\u010dili?<\/a>\n\t<\/h3>\n\n\t<div class=\"entry-meta\"><a href=\"https:\/\/www.las-stik.si\/programsko-obdobje-2014-2020\/2019\/11\/13\/\" title=\"11:46\" class=\"data-link\" rel=\"bookmark\"><time class=\"entry-date updated\" datetime=\"2019-11-13T11:46:57+01:00\">13. novembra, 2019<\/time><\/a><\/div>\n\t<div class=\"entry-excerpt\"><p>Na&scaron;e programsko obdobje se zaklju\u010duje in s tem tudi \u010drpanje sredstev CLLD v okviru SLR LAS STIK. LAS STIK bo tako, predvidoma v za\u010detku leta&hellip;<\/p>\n<\/div>\n\t\n<a href=\"https:\/\/www.las-stik.si\/programsko-obdobje-2014-2020\/novice\/imate-projektno-idejo-in-razmisljate-kako-bi-jo-uresnicili\/\" class=\"dt-btn-s dt-btn post-details details-type-btn\" aria-label=\"Read more about Imate projektno idejo in razmi\u0161ljate kako bi jo uresni\u010dili?\">Ve\u010d ...<i class=\"dt-icon-the7-arrow-03\" aria-hidden=\"true\"><\/i><\/a>\n\n<\/div><\/article><article class=\"post project-odd hidden no-img post-2422 type-post status-publish format-standard hentry category-novice category-33 description-off\" data-name=\"ROKE NAM NISO ZASTONJ ZRASLE\" data-date=\"2019-10-11T08:43:20+02:00\">\n\n<div class=\"post-entry-content\">\n\n\t<h3 class=\"entry-title\">\n\t\t<a href=\"https:\/\/www.las-stik.si\/programsko-obdobje-2014-2020\/novice\/roke-nam-niso-zastonj-zrasle\/\" title=\"ROKE NAM NISO ZASTONJ ZRASLE\" rel=\"bookmark\">ROKE NAM NISO ZASTONJ ZRASLE<\/a>\n\t<\/h3>\n\n\t<div class=\"entry-meta\"><a href=\"https:\/\/www.las-stik.si\/programsko-obdobje-2014-2020\/2019\/10\/11\/\" title=\"8:43\" class=\"data-link\" rel=\"bookmark\"><time class=\"entry-date updated\" datetime=\"2019-10-11T08:43:20+02:00\">11. oktobra, 2019<\/time><\/a><\/div>\n\t<div class=\"entry-excerpt\"><p>Vljudno vabljeni na dogodek z naslovom Roke nam niso zastonj zrasle, ki se bo odvijal v muzeju De\u017eela kozolcev v &Scaron;entrupertu, v soboto, 12. 10.&hellip;<\/p>\n<\/div>\n\t\n<a href=\"https:\/\/www.las-stik.si\/programsko-obdobje-2014-2020\/novice\/roke-nam-niso-zastonj-zrasle\/\" class=\"dt-btn-s dt-btn post-details details-type-btn\" aria-label=\"Read more about ROKE NAM NISO ZASTONJ ZRASLE\">Ve\u010d ...<i class=\"dt-icon-the7-arrow-03\" aria-hidden=\"true\"><\/i><\/a>\n\n<\/div><\/article><article class=\"post project-odd hidden post-2421 type-post status-publish format-standard has-post-thumbnail hentry category-novice category-33 description-off\" data-name=\"5. SLOVENSKI PODE\u017dELSKI PARLAMENT\" data-date=\"2019-09-27T06:28:25+02:00\">\n\n<div class=\"post-thumbnail-wrap\">\n\t<div class=\"post-thumbnail\">\n\n\t\t\n\t\t\n\t\t<a href=\"https:\/\/www.las-stik.si\/programsko-obdobje-2014-2020\/novice\/5-slovenski-podezelski-parlament\/\" class=\"post-thumbnail-rollover layzr-bg layzr-bg\" ><img decoding=\"async\" class=\"blog-thumb-lazy-load preload-me lazy-load aspect\" src=\"data:image\/svg+xml,%3Csvg%20xmlns%3D&#39;http%3A%2F%2Fwww.w3.org%2F2000%2Fsvg&#39;%20viewBox%3D&#39;0%200%20325%20217&#39;%2F%3E\" data-src=\"https:\/\/www.las-stik.si\/programsko-obdobje-2014-2020\/wp-content\/uploads\/2019\/09\/5SPP_logo_hor-325x217.jpg\" data-srcset=\"https:\/\/www.las-stik.si\/programsko-obdobje-2014-2020\/wp-content\/uploads\/2019\/09\/5SPP_logo_hor-325x217.jpg 325w\" loading=\"eager\" style=\"--ratio: 325 \/ 217\" sizes=\"(max-width: 325px) 100vw, 325px\" alt=\"5SPP logo hor\" title=\"5SPP logo hor\" width=\"325\" height=\"217\"  \/><\/a>\n\t<\/div>\n<\/div>\n\n\n<div class=\"post-entry-content\">\n\n\t<h3 class=\"entry-title\">\n\t\t<a href=\"https:\/\/www.las-stik.si\/programsko-obdobje-2014-2020\/novice\/5-slovenski-podezelski-parlament\/\" title=\"5. SLOVENSKI PODE\u017dELSKI PARLAMENT\" rel=\"bookmark\">5. SLOVENSKI PODE\u017dELSKI PARLAMENT<\/a>\n\t<\/h3>\n\n\t<div class=\"entry-meta\"><a href=\"https:\/\/www.las-stik.si\/programsko-obdobje-2014-2020\/2019\/09\/27\/\" title=\"6:28\" class=\"data-link\" rel=\"bookmark\"><time class=\"entry-date updated\" datetime=\"2019-09-27T06:28:25+02:00\">27. septembra, 2019<\/time><\/a><\/div>\n\t<div class=\"entry-excerpt\"><p>&nbsp; 8. in 9. oktobra v bo potekal 5. Slovenski pode\u017eelski parlament katerega glavna tema je Skupna kmetijska politika 2021-2027. &nbsp; 1. dan: torek, 8.&hellip;<\/p>\n<\/div>\n\t\n<a href=\"https:\/\/www.las-stik.si\/programsko-obdobje-2014-2020\/novice\/5-slovenski-podezelski-parlament\/\" class=\"dt-btn-s dt-btn post-details details-type-btn\" aria-label=\"Read more about 5. SLOVENSKI PODE\u017dELSKI PARLAMENT\">Ve\u010d ...<i class=\"dt-icon-the7-arrow-03\" aria-hidden=\"true\"><\/i><\/a>\n\n<\/div><\/article><article class=\"post project-odd hidden post-2418 type-post status-publish format-standard has-post-thumbnail hentry category-novice category-33 description-off\" data-name=\"Vabljeni na LIKOVNO SRE\u010cANJE PETIH ELEMENTOV &#8211; VODA v Dolenjske Toplice\" data-date=\"2019-07-05T10:46:05+02:00\">\n\n<div class=\"post-thumbnail-wrap\">\n\t<div class=\"post-thumbnail\">\n\n\t\t\n\t\t\n\t\t<a href=\"https:\/\/www.las-stik.si\/programsko-obdobje-2014-2020\/novice\/vabljeni-na-likovno-srecanje-petih-elementov-voda-v-dolenjske-toplice\/\" class=\"post-thumbnail-rollover layzr-bg layzr-bg\" ><img decoding=\"async\" class=\"blog-thumb-lazy-load preload-me lazy-load aspect\" src=\"data:image\/svg+xml,%3Csvg%20xmlns%3D&#39;http%3A%2F%2Fwww.w3.org%2F2000%2Fsvg&#39;%20viewBox%3D&#39;0%200%20566%20377&#39;%2F%3E\" data-src=\"https:\/\/www.las-stik.si\/programsko-obdobje-2014-2020\/wp-content\/uploads\/2019\/07\/Forma_Viva_Trebnje_-_likovno_srecanje_petih_elementov_-Voda__Dol-566x377.jpg\" data-srcset=\"https:\/\/www.las-stik.si\/programsko-obdobje-2014-2020\/wp-content\/uploads\/2019\/07\/Forma_Viva_Trebnje_-_likovno_srecanje_petih_elementov_-Voda__Dol-566x377.jpg 566w\" loading=\"eager\" style=\"--ratio: 566 \/ 377\" sizes=\"(max-width: 566px) 100vw, 566px\" alt=\"Forma Viva Trebnje likovno sre\u010danje petih elementov Voda Dol\" title=\"Forma Viva Trebnje likovno sre\u010danje petih elementov Voda Dol\" width=\"566\" height=\"377\"  \/><\/a>\n\t<\/div>\n<\/div>\n\n\n<div class=\"post-entry-content\">\n\n\t<h3 class=\"entry-title\">\n\t\t<a href=\"https:\/\/www.las-stik.si\/programsko-obdobje-2014-2020\/novice\/vabljeni-na-likovno-srecanje-petih-elementov-voda-v-dolenjske-toplice\/\" title=\"Vabljeni na LIKOVNO SRE\u010cANJE PETIH ELEMENTOV &#8211; VODA v Dolenjske Toplice\" rel=\"bookmark\">Vabljeni na LIKOVNO SRE\u010cANJE PETIH ELEMENTOV &#8211; VODA v Dolenjske Toplice<\/a>\n\t<\/h3>\n\n\t<div class=\"entry-meta\"><a href=\"https:\/\/www.las-stik.si\/programsko-obdobje-2014-2020\/2019\/07\/05\/\" title=\"10:46\" class=\"data-link\" rel=\"bookmark\"><time class=\"entry-date updated\" datetime=\"2019-07-05T10:46:05+02:00\">5. julija, 2019<\/time><\/a><\/div>\n\t<div class=\"entry-excerpt\"><\/div>\n\t\n<a href=\"https:\/\/www.las-stik.si\/programsko-obdobje-2014-2020\/novice\/vabljeni-na-likovno-srecanje-petih-elementov-voda-v-dolenjske-toplice\/\" class=\"dt-btn-s dt-btn post-details details-type-btn\" aria-label=\"Read more about Vabljeni na LIKOVNO SRE\u010cANJE PETIH ELEMENTOV &#8211; VODA v Dolenjske Toplice\">Ve\u010d ...<i class=\"dt-icon-the7-arrow-03\" aria-hidden=\"true\"><\/i><\/a>\n\n<\/div><\/article><article class=\"post project-odd hidden post-2416 type-post status-publish format-standard has-post-thumbnail hentry category-novice category-33 description-off\" data-name=\"Vabljeni na LIKOVNO SRE\u010cANJE PETIH ELEMENTOV &#8211; VODA v \u017du\u017eemberk\" data-date=\"2019-07-05T10:43:47+02:00\">\n\n<div class=\"post-thumbnail-wrap\">\n\t<div class=\"post-thumbnail\">\n\n\t\t\n\t\t\n\t\t<a href=\"https:\/\/www.las-stik.si\/programsko-obdobje-2014-2020\/novice\/vabljeni-na-likovno-srecanje-petih-elementov-voda-v-zuzemberk\/\" class=\"post-thumbnail-rollover layzr-bg layzr-bg\" ><img decoding=\"async\" class=\"blog-thumb-lazy-load preload-me lazy-load aspect\" src=\"data:image\/svg+xml,%3Csvg%20xmlns%3D&#39;http%3A%2F%2Fwww.w3.org%2F2000%2Fsvg&#39;%20viewBox%3D&#39;0%200%20566%20377&#39;%2F%3E\" data-src=\"https:\/\/www.las-stik.si\/programsko-obdobje-2014-2020\/wp-content\/uploads\/2019\/07\/Forma_Viva_Trebnje_-_likovno_srecanje_petih_elementov_-Zuzemberk-566x377.jpg\" data-srcset=\"https:\/\/www.las-stik.si\/programsko-obdobje-2014-2020\/wp-content\/uploads\/2019\/07\/Forma_Viva_Trebnje_-_likovno_srecanje_petih_elementov_-Zuzemberk-566x377.jpg 566w\" loading=\"eager\" style=\"--ratio: 566 \/ 377\" sizes=\"(max-width: 566px) 100vw, 566px\" alt=\"Forma Viva Trebnje likovno sre\u010danje petih elementov \u017du\u017eemberk\" title=\"Forma Viva Trebnje likovno sre\u010danje petih elementov \u017du\u017eemberk\" width=\"566\" height=\"377\"  \/><\/a>\n\t<\/div>\n<\/div>\n\n\n<div class=\"post-entry-content\">\n\n\t<h3 class=\"entry-title\">\n\t\t<a href=\"https:\/\/www.las-stik.si\/programsko-obdobje-2014-2020\/novice\/vabljeni-na-likovno-srecanje-petih-elementov-voda-v-zuzemberk\/\" title=\"Vabljeni na LIKOVNO SRE\u010cANJE PETIH ELEMENTOV &#8211; VODA v \u017du\u017eemberk\" rel=\"bookmark\">Vabljeni na LIKOVNO SRE\u010cANJE PETIH ELEMENTOV &#8211; VODA v \u017du\u017eemberk<\/a>\n\t<\/h3>\n\n\t<div class=\"entry-meta\"><a href=\"https:\/\/www.las-stik.si\/programsko-obdobje-2014-2020\/2019\/07\/05\/\" title=\"10:43\" class=\"data-link\" rel=\"bookmark\"><time class=\"entry-date updated\" datetime=\"2019-07-05T10:43:47+02:00\">5. julija, 2019<\/time><\/a><\/div>\n\t<div class=\"entry-excerpt\"><\/div>\n\t\n<a href=\"https:\/\/www.las-stik.si\/programsko-obdobje-2014-2020\/novice\/vabljeni-na-likovno-srecanje-petih-elementov-voda-v-zuzemberk\/\" class=\"dt-btn-s dt-btn post-details details-type-btn\" aria-label=\"Read more about Vabljeni na LIKOVNO SRE\u010cANJE PETIH ELEMENTOV &#8211; VODA v \u017du\u017eemberk\">Ve\u010d ...<i class=\"dt-icon-the7-arrow-03\" aria-hidden=\"true\"><\/i><\/a>\n\n<\/div><\/article><article class=\"post project-odd hidden post-2414 type-post status-publish format-standard has-post-thumbnail hentry category-novice category-33 description-off\" data-name=\"Vabljeni na delavnice ELEMENT: VODA v Dolenjske Toplice\" data-date=\"2019-07-05T08:50:48+02:00\">\n\n<div class=\"post-thumbnail-wrap\">\n\t<div class=\"post-thumbnail\">\n\n\t\t\n\t\t\n\t\t<a href=\"https:\/\/www.las-stik.si\/programsko-obdobje-2014-2020\/novice\/vabljeni-na-delavnice-element-voda-v-dolenjske-toplice\/\" class=\"post-thumbnail-rollover layzr-bg layzr-bg\" ><img decoding=\"async\" class=\"blog-thumb-lazy-load preload-me lazy-load aspect\" src=\"data:image\/svg+xml,%3Csvg%20xmlns%3D&#39;http%3A%2F%2Fwww.w3.org%2F2000%2Fsvg&#39;%20viewBox%3D&#39;0%200%20566%20377&#39;%2F%3E\" data-src=\"https:\/\/www.las-stik.si\/programsko-obdobje-2014-2020\/wp-content\/uploads\/2019\/07\/Forma_Viva_-_Dol._Toplice-566x377.jpg\" data-srcset=\"https:\/\/www.las-stik.si\/programsko-obdobje-2014-2020\/wp-content\/uploads\/2019\/07\/Forma_Viva_-_Dol._Toplice-566x377.jpg 566w\" loading=\"eager\" style=\"--ratio: 566 \/ 377\" sizes=\"(max-width: 566px) 100vw, 566px\" alt=\"Forma Viva Dol. Toplice\" title=\"Forma Viva Dol. Toplice\" width=\"566\" height=\"377\"  \/><\/a>\n\t<\/div>\n<\/div>\n\n\n<div class=\"post-entry-content\">\n\n\t<h3 class=\"entry-title\">\n\t\t<a href=\"https:\/\/www.las-stik.si\/programsko-obdobje-2014-2020\/novice\/vabljeni-na-delavnice-element-voda-v-dolenjske-toplice\/\" title=\"Vabljeni na delavnice ELEMENT: VODA v Dolenjske Toplice\" rel=\"bookmark\">Vabljeni na delavnice ELEMENT: VODA v Dolenjske Toplice<\/a>\n\t<\/h3>\n\n\t<div class=\"entry-meta\"><a href=\"https:\/\/www.las-stik.si\/programsko-obdobje-2014-2020\/2019\/07\/05\/\" title=\"8:50\" class=\"data-link\" rel=\"bookmark\"><time class=\"entry-date updated\" datetime=\"2019-07-05T08:50:48+02:00\">5. julija, 2019<\/time><\/a><\/div>\n\t<div class=\"entry-excerpt\"><\/div>\n\t\n<a href=\"https:\/\/www.las-stik.si\/programsko-obdobje-2014-2020\/novice\/vabljeni-na-delavnice-element-voda-v-dolenjske-toplice\/\" class=\"dt-btn-s dt-btn post-details details-type-btn\" aria-label=\"Read more about Vabljeni na delavnice ELEMENT: VODA v Dolenjske Toplice\">Ve\u010d ...<i class=\"dt-icon-the7-arrow-03\" aria-hidden=\"true\"><\/i><\/a>\n\n<\/div><\/article><article class=\"post project-odd hidden post-2412 type-post status-publish format-standard has-post-thumbnail hentry category-novice category-33 description-off\" data-name=\"Vabljeni na delavnice ELEMENT: VODA v \u017du\u017eemberk\" data-date=\"2019-07-01T08:14:26+02:00\">\n\n<div class=\"post-thumbnail-wrap\">\n\t<div class=\"post-thumbnail\">\n\n\t\t\n\t\t\n\t\t<a href=\"https:\/\/www.las-stik.si\/programsko-obdobje-2014-2020\/novice\/vabilo-na-delavnice-element-voda\/\" class=\"post-thumbnail-rollover layzr-bg layzr-bg\" ><img decoding=\"async\" class=\"blog-thumb-lazy-load preload-me lazy-load aspect\" src=\"data:image\/svg+xml,%3Csvg%20xmlns%3D&#39;http%3A%2F%2Fwww.w3.org%2F2000%2Fsvg&#39;%20viewBox%3D&#39;0%200%20566%20377&#39;%2F%3E\" data-src=\"https:\/\/www.las-stik.si\/programsko-obdobje-2014-2020\/wp-content\/uploads\/2019\/07\/Forma_Viva_-Zuzemberk-566x377.jpg\" data-srcset=\"https:\/\/www.las-stik.si\/programsko-obdobje-2014-2020\/wp-content\/uploads\/2019\/07\/Forma_Viva_-Zuzemberk-566x377.jpg 566w\" loading=\"eager\" style=\"--ratio: 566 \/ 377\" sizes=\"(max-width: 566px) 100vw, 566px\" alt=\"Forma Viva \u017du\u017eemberk\" title=\"Forma Viva \u017du\u017eemberk\" width=\"566\" height=\"377\"  \/><\/a>\n\t<\/div>\n<\/div>\n\n\n<div class=\"post-entry-content\">\n\n\t<h3 class=\"entry-title\">\n\t\t<a href=\"https:\/\/www.las-stik.si\/programsko-obdobje-2014-2020\/novice\/vabilo-na-delavnice-element-voda\/\" title=\"Vabljeni na delavnice ELEMENT: VODA v \u017du\u017eemberk\" rel=\"bookmark\">Vabljeni na delavnice ELEMENT: VODA v \u017du\u017eemberk<\/a>\n\t<\/h3>\n\n\t<div class=\"entry-meta\"><a href=\"https:\/\/www.las-stik.si\/programsko-obdobje-2014-2020\/2019\/07\/01\/\" title=\"8:14\" class=\"data-link\" rel=\"bookmark\"><time class=\"entry-date updated\" datetime=\"2019-07-01T08:14:26+02:00\">1. julija, 2019<\/time><\/a><\/div>\n\t<div class=\"entry-excerpt\"><\/div>\n\t\n<a href=\"https:\/\/www.las-stik.si\/programsko-obdobje-2014-2020\/novice\/vabilo-na-delavnice-element-voda\/\" class=\"dt-btn-s dt-btn post-details details-type-btn\" aria-label=\"Read more about Vabljeni na delavnice ELEMENT: VODA v \u017du\u017eemberk\">Ve\u010d ...<i class=\"dt-icon-the7-arrow-03\" aria-hidden=\"true\"><\/i><\/a>\n\n<\/div><\/article><article class=\"post project-odd hidden no-img post-2410 type-post status-publish format-standard hentry category-novice category-33 description-off\" data-name=\"Vabilo na delavnice Tr\u017eenjske akademije\" data-date=\"2019-05-30T13:59:14+02:00\">\n\n<div class=\"post-entry-content\">\n\n\t<h3 class=\"entry-title\">\n\t\t<a href=\"https:\/\/www.las-stik.si\/programsko-obdobje-2014-2020\/novice\/vabilo-na-delavnice-trzenjske-akademije\/\" title=\"Vabilo na delavnice Tr\u017eenjske akademije\" rel=\"bookmark\">Vabilo na delavnice Tr\u017eenjske akademije<\/a>\n\t<\/h3>\n\n\t<div class=\"entry-meta\"><a href=\"https:\/\/www.las-stik.si\/programsko-obdobje-2014-2020\/2019\/05\/30\/\" title=\"13:59\" class=\"data-link\" rel=\"bookmark\"><time class=\"entry-date updated\" datetime=\"2019-05-30T13:59:14+02:00\">30. maja, 2019<\/time><\/a><\/div>\n\t<div class=\"entry-excerpt\"><p>Vabilo na delavnice Tr\u017eenjske akademije V okviru operacije Inovativnej\u0161e ve\u0161\u010dine tr\u017eenja za mlada podjetja vabijo po nova znanja in poslovne ve\u0161\u010dine na brezpla\u010dne izobra\u017eevalne delavnice&hellip;<\/p>\n<\/div>\n\t\n<a href=\"https:\/\/www.las-stik.si\/programsko-obdobje-2014-2020\/novice\/vabilo-na-delavnice-trzenjske-akademije\/\" class=\"dt-btn-s dt-btn post-details details-type-btn\" aria-label=\"Read more about Vabilo na delavnice Tr\u017eenjske akademije\">Ve\u010d ...<i class=\"dt-icon-the7-arrow-03\" aria-hidden=\"true\"><\/i><\/a>\n\n<\/div><\/article><article class=\"post project-odd hidden no-img post-2407 type-post status-publish format-standard hentry category-javni-pozivi category-novice category-4 category-33 description-off\" data-name=\"Popravek 1. javnega poziva za izbor operacij za uresni\u010devanje ciljev Strategije lokalnega razvoja na obmo\u010dju LAS STIK  v letu 2019 &#8211; EKSRP\" data-date=\"2019-03-08T09:22:22+01:00\">\n\n<div class=\"post-entry-content\">\n\n\t<h3 class=\"entry-title\">\n\t\t<a href=\"https:\/\/www.las-stik.si\/programsko-obdobje-2014-2020\/javni-pozivi\/popravek-1-jp-2019\/\" title=\"Popravek 1. javnega poziva za izbor operacij za uresni\u010devanje ciljev Strategije lokalnega razvoja na obmo\u010dju LAS STIK  v letu 2019 &#8211; EKSRP\" rel=\"bookmark\">Popravek 1. javnega poziva za izbor operacij za uresni\u010devanje ciljev Strategije lokalnega razvoja na obmo\u010dju LAS STIK  v letu 2019 &#8211; EKSRP<\/a>\n\t<\/h3>\n\n\t<div class=\"entry-meta\"><a href=\"https:\/\/www.las-stik.si\/programsko-obdobje-2014-2020\/2019\/03\/08\/\" title=\"9:22\" class=\"data-link\" rel=\"bookmark\"><time class=\"entry-date updated\" datetime=\"2019-03-08T09:22:22+01:00\">8. marca, 2019<\/time><\/a><\/div>\n\t<div class=\"entry-excerpt\"><p>Center za izobra\u017eevanje in kulturo Trebnje, Kidri\u010deva ulica 2, 8210 Trebnje, kot vodilni partner LAS Suhe krajine, Temenice in Krke, Kidri\u010deva ulica 2, 8210 Trebnje,&hellip;<\/p>\n<\/div>\n\t\n<a href=\"https:\/\/www.las-stik.si\/programsko-obdobje-2014-2020\/javni-pozivi\/popravek-1-jp-2019\/\" class=\"dt-btn-s dt-btn post-details details-type-btn\" aria-label=\"Read more about Popravek 1. javnega poziva za izbor operacij za uresni\u010devanje ciljev Strategije lokalnega razvoja na obmo\u010dju LAS STIK  v letu 2019 &#8211; EKSRP\">Ve\u010d ...<i class=\"dt-icon-the7-arrow-03\" aria-hidden=\"true\"><\/i><\/a>\n\n<\/div><\/article><article class=\"post project-odd hidden no-img post-2314 type-post status-publish format-standard hentry category-javni-pozivi category-4 description-off\" data-name=\"1. javni poziv za izbor operacij za uresni\u010devanje ciljev Strategije lokalnega razvoja na obmo\u010dju LAS STIK  v letu 2019\" data-date=\"2019-03-04T08:40:01+01:00\">\n\n<div class=\"post-entry-content\">\n\n\t<h3 class=\"entry-title\">\n\t\t<a href=\"https:\/\/www.las-stik.si\/programsko-obdobje-2014-2020\/javni-pozivi\/1-javni-poziv-2019\/\" title=\"1. javni poziv za izbor operacij za uresni\u010devanje ciljev Strategije lokalnega razvoja na obmo\u010dju LAS STIK  v letu 2019\" rel=\"bookmark\">1. javni poziv za izbor operacij za uresni\u010devanje ciljev Strategije lokalnega razvoja na obmo\u010dju LAS STIK  v letu 2019<\/a>\n\t<\/h3>\n\n\t<div class=\"entry-meta\"><a href=\"https:\/\/www.las-stik.si\/programsko-obdobje-2014-2020\/2019\/03\/04\/\" title=\"8:40\" class=\"data-link\" rel=\"bookmark\"><time class=\"entry-date updated\" datetime=\"2019-03-04T08:40:01+01:00\">4. marca, 2019<\/time><\/a><\/div>\n\t<div class=\"entry-excerpt\"><p>&nbsp;&nbsp;&nbsp;&nbsp;&nbsp;&nbsp;&nbsp;&nbsp;&nbsp;&nbsp;&nbsp;&nbsp;&nbsp;&nbsp;&nbsp;&nbsp;&nbsp;&nbsp;&nbsp;&nbsp;&nbsp;&nbsp;&nbsp;&nbsp;&nbsp;&nbsp;&nbsp;&nbsp;&nbsp;&nbsp;&nbsp;&nbsp;&nbsp;&nbsp;&nbsp; Center za izobra\u017eevanje in kulturo Trebnje, Kidri\u010deva ulica 2, 8210 Trebnje, &nbsp;&nbsp;&nbsp;&nbsp;&nbsp;&nbsp;&nbsp;&nbsp;&nbsp;&nbsp;&nbsp;&nbsp;&nbsp;&nbsp;&nbsp;&nbsp;&nbsp;&nbsp;&nbsp;&nbsp; kot vodilni partner LAS Suhe krajine, Temenice in Krke, Kidri\u010deva ulica 2,&hellip;<\/p>\n<\/div>\n\t\n<a href=\"https:\/\/www.las-stik.si\/programsko-obdobje-2014-2020\/javni-pozivi\/1-javni-poziv-2019\/\" class=\"dt-btn-s dt-btn post-details details-type-btn\" aria-label=\"Read more about 1. javni poziv za izbor operacij za uresni\u010devanje ciljev Strategije lokalnega razvoja na obmo\u010dju LAS STIK  v letu 2019\">Ve\u010d ...<i class=\"dt-icon-the7-arrow-03\" aria-hidden=\"true\"><\/i><\/a>\n\n<\/div><\/article><article class=\"post project-odd hidden no-img post-2405 type-post status-publish format-standard hentry category-novice category-33 description-off\" data-name=\"Katalog slovenskih Lokalnih akcijskih skupin\" data-date=\"2019-01-18T12:01:55+01:00\">\n\n<div class=\"post-entry-content\">\n\n\t<h3 class=\"entry-title\">\n\t\t<a href=\"https:\/\/www.las-stik.si\/programsko-obdobje-2014-2020\/novice\/katalog-slovenskih-lokalnih-akcijskih-skupin\/\" title=\"Katalog slovenskih Lokalnih akcijskih skupin\" rel=\"bookmark\">Katalog slovenskih Lokalnih akcijskih skupin<\/a>\n\t<\/h3>\n\n\t<div class=\"entry-meta\"><a href=\"https:\/\/www.las-stik.si\/programsko-obdobje-2014-2020\/2019\/01\/18\/\" title=\"12:01\" class=\"data-link\" rel=\"bookmark\"><time class=\"entry-date updated\" datetime=\"2019-01-18T12:01:55+01:00\">18. januarja, 2019<\/time><\/a><\/div>\n\t<div class=\"entry-excerpt\"><p>Ministrstvo za kmetijstvo, gozdarstvo in prehrano je izdalo katalog lokalnih akcijskih skupin v programskem obdobju 2014-2020. Katalog vsebuje splo&scaron;ne in konkretne podatke o izvajanju ukrepa&hellip;<\/p>\n<\/div>\n\t\n<a href=\"https:\/\/www.las-stik.si\/programsko-obdobje-2014-2020\/novice\/katalog-slovenskih-lokalnih-akcijskih-skupin\/\" class=\"dt-btn-s dt-btn post-details details-type-btn\" aria-label=\"Read more about Katalog slovenskih Lokalnih akcijskih skupin\">Ve\u010d ...<i class=\"dt-icon-the7-arrow-03\" aria-hidden=\"true\"><\/i><\/a>\n\n<\/div><\/article><article class=\"post project-odd hidden no-img post-2404 type-post status-publish format-standard hentry category-novice category-33 description-off\" data-name=\"Potrjena sprememba SLR LAS STIK\" data-date=\"2019-01-18T11:27:17+01:00\">\n\n<div class=\"post-entry-content\">\n\n\t<h3 class=\"entry-title\">\n\t\t<a href=\"https:\/\/www.las-stik.si\/programsko-obdobje-2014-2020\/novice\/potrjena-sprememba-slr-las-stik\/\" title=\"Potrjena sprememba SLR LAS STIK\" rel=\"bookmark\">Potrjena sprememba SLR LAS STIK<\/a>\n\t<\/h3>\n\n\t<div class=\"entry-meta\"><a href=\"https:\/\/www.las-stik.si\/programsko-obdobje-2014-2020\/2019\/01\/18\/\" title=\"11:27\" class=\"data-link\" rel=\"bookmark\"><time class=\"entry-date updated\" datetime=\"2019-01-18T11:27:17+01:00\">18. januarja, 2019<\/time><\/a><\/div>\n\t<div class=\"entry-excerpt\"><p>Obve&scaron;\u010damo vas, da je bila prva sprememba Strategije lokalnega razvoja LAS STIK dne 19.12.2018 potrjena s strani Ministrstva za kmetijstvo, gozdarstvo in prehrano. Spremenjeno SLR&hellip;<\/p>\n<\/div>\n\t\n<a href=\"https:\/\/www.las-stik.si\/programsko-obdobje-2014-2020\/novice\/potrjena-sprememba-slr-las-stik\/\" class=\"dt-btn-s dt-btn post-details details-type-btn\" aria-label=\"Read more about Potrjena sprememba SLR LAS STIK\">Ve\u010d ...<i class=\"dt-icon-the7-arrow-03\" aria-hidden=\"true\"><\/i><\/a>\n\n<\/div><\/article><article class=\"post project-odd hidden no-img post-2403 type-post status-publish format-standard hentry category-novice category-33 description-off\" data-name=\"VABILO NA DELAVNICE\" data-date=\"2019-01-03T06:59:03+01:00\">\n\n<div class=\"post-entry-content\">\n\n\t<h3 class=\"entry-title\">\n\t\t<a href=\"https:\/\/www.las-stik.si\/programsko-obdobje-2014-2020\/novice\/vabilo-na-delavnice\/\" title=\"VABILO NA DELAVNICE\" rel=\"bookmark\">VABILO NA DELAVNICE<\/a>\n\t<\/h3>\n\n\t<div class=\"entry-meta\"><a href=\"https:\/\/www.las-stik.si\/programsko-obdobje-2014-2020\/2019\/01\/03\/\" title=\"6:59\" class=\"data-link\" rel=\"bookmark\"><time class=\"entry-date updated\" datetime=\"2019-01-03T06:59:03+01:00\">3. januarja, 2019<\/time><\/a><\/div>\n\t<div class=\"entry-excerpt\"><p>VABILO NA DELAVNICE Center za izobra\u017eevanje in kulturo Trebnje, Kidri\u010deva ulica 2, 8210 Trebnje, kot vodilni partner LAS Suhe krajine, Temenice in Krke, Kidri\u010deva ulica&hellip;<\/p>\n<\/div>\n\t\n<a href=\"https:\/\/www.las-stik.si\/programsko-obdobje-2014-2020\/novice\/vabilo-na-delavnice\/\" class=\"dt-btn-s dt-btn post-details details-type-btn\" aria-label=\"Read more about VABILO NA DELAVNICE\">Ve\u010d ...<i class=\"dt-icon-the7-arrow-03\" aria-hidden=\"true\"><\/i><\/a>\n\n<\/div><\/article><article class=\"post project-odd hidden post-2400 type-post status-publish format-standard has-post-thumbnail hentry category-novice category-33 description-off\" data-name=\"Zgodbe rok in krajev &#8211; Vabilo na II. RAZSTAVO ROKODELSKIH IZDELKOV\" data-date=\"2018-12-14T07:48:25+01:00\">\n\n<div class=\"post-thumbnail-wrap\">\n\t<div class=\"post-thumbnail\">\n\n\t\t\n\t\t\n\t\t<a href=\"https:\/\/www.las-stik.si\/programsko-obdobje-2014-2020\/novice\/zgodbe-rok-in-krajev-vabilo-na-ii-razstavo-rokodelskih-izdelkov\/\" class=\"post-thumbnail-rollover layzr-bg layzr-bg\" ><img decoding=\"async\" class=\"blog-thumb-lazy-load preload-me lazy-load aspect\" src=\"data:image\/svg+xml,%3Csvg%20xmlns%3D&#39;http%3A%2F%2Fwww.w3.org%2F2000%2Fsvg&#39;%20viewBox%3D&#39;0%200%20159%20106&#39;%2F%3E\" data-src=\"https:\/\/www.las-stik.si\/programsko-obdobje-2014-2020\/wp-content\/uploads\/2017\/10\/zgodbe_2_navp.240x0-159x106.jpg\" data-srcset=\"https:\/\/www.las-stik.si\/programsko-obdobje-2014-2020\/wp-content\/uploads\/2017\/10\/zgodbe_2_navp.240x0-159x106.jpg 159w\" loading=\"eager\" style=\"--ratio: 159 \/ 106\" sizes=\"(max-width: 159px) 100vw, 159px\" alt=\"zgodbe 2 navp.240x0\" title=\"zgodbe 2 navp.240&#215;0\" width=\"159\" height=\"106\"  \/><\/a>\n\t<\/div>\n<\/div>\n\n\n<div class=\"post-entry-content\">\n\n\t<h3 class=\"entry-title\">\n\t\t<a href=\"https:\/\/www.las-stik.si\/programsko-obdobje-2014-2020\/novice\/zgodbe-rok-in-krajev-vabilo-na-ii-razstavo-rokodelskih-izdelkov\/\" title=\"Zgodbe rok in krajev &#8211; Vabilo na II. RAZSTAVO ROKODELSKIH IZDELKOV\" rel=\"bookmark\">Zgodbe rok in krajev &#8211; Vabilo na II. RAZSTAVO ROKODELSKIH IZDELKOV<\/a>\n\t<\/h3>\n\n\t<div class=\"entry-meta\"><a href=\"https:\/\/www.las-stik.si\/programsko-obdobje-2014-2020\/2018\/12\/14\/\" title=\"7:48\" class=\"data-link\" rel=\"bookmark\"><time class=\"entry-date updated\" datetime=\"2018-12-14T07:48:25+01:00\">14. decembra, 2018<\/time><\/a><\/div>\n\t<div class=\"entry-excerpt\"><p>Spo&scaron;tovani, doma\u010di in umetnostni obrti vse ve\u010d pozornosti zadnje \u010dase namenja tudi lai\u010dna javnost, Lokalna akcijska skupina (LAS) STIK pa se je pridru\u017eila vseslovenskemu projektu&hellip;<\/p>\n<\/div>\n\t\n<a href=\"https:\/\/www.las-stik.si\/programsko-obdobje-2014-2020\/novice\/zgodbe-rok-in-krajev-vabilo-na-ii-razstavo-rokodelskih-izdelkov\/\" class=\"dt-btn-s dt-btn post-details details-type-btn\" aria-label=\"Read more about Zgodbe rok in krajev &#8211; Vabilo na II. RAZSTAVO ROKODELSKIH IZDELKOV\">Ve\u010d ...<i class=\"dt-icon-the7-arrow-03\" aria-hidden=\"true\"><\/i><\/a>\n\n<\/div><\/article><article class=\"post project-odd hidden post-2397 type-post status-publish format-standard has-post-thumbnail hentry category-novice category-33 description-off\" data-name=\"Zgodbe rok in krajev &#8211; RAZSTAVA ROKODELSKIH IZDELKOV I.\" data-date=\"2018-12-07T14:01:48+01:00\">\n\n<div class=\"post-thumbnail-wrap\">\n\t<div class=\"post-thumbnail\">\n\n\t\t\n\t\t\n\t\t<a href=\"https:\/\/www.las-stik.si\/programsko-obdobje-2014-2020\/novice\/zgodbe-rok-in-krajev-razstava-rokodelskih-izdelkov-i\/\" class=\"post-thumbnail-rollover layzr-bg layzr-bg\" ><img decoding=\"async\" class=\"blog-thumb-lazy-load preload-me lazy-load aspect\" src=\"data:image\/svg+xml,%3Csvg%20xmlns%3D&#39;http%3A%2F%2Fwww.w3.org%2F2000%2Fsvg&#39;%20viewBox%3D&#39;0%200%20159%20106&#39;%2F%3E\" data-src=\"https:\/\/www.las-stik.si\/programsko-obdobje-2014-2020\/wp-content\/uploads\/2017\/10\/zgodbe_2_navp.240x0-159x106.jpg\" data-srcset=\"https:\/\/www.las-stik.si\/programsko-obdobje-2014-2020\/wp-content\/uploads\/2017\/10\/zgodbe_2_navp.240x0-159x106.jpg 159w\" loading=\"eager\" style=\"--ratio: 159 \/ 106\" sizes=\"(max-width: 159px) 100vw, 159px\" alt=\"zgodbe 2 navp.240x0\" title=\"zgodbe 2 navp.240&#215;0\" width=\"159\" height=\"106\"  \/><\/a>\n\t<\/div>\n<\/div>\n\n\n<div class=\"post-entry-content\">\n\n\t<h3 class=\"entry-title\">\n\t\t<a href=\"https:\/\/www.las-stik.si\/programsko-obdobje-2014-2020\/novice\/zgodbe-rok-in-krajev-razstava-rokodelskih-izdelkov-i\/\" title=\"Zgodbe rok in krajev &#8211; RAZSTAVA ROKODELSKIH IZDELKOV I.\" rel=\"bookmark\">Zgodbe rok in krajev &#8211; RAZSTAVA ROKODELSKIH IZDELKOV I.<\/a>\n\t<\/h3>\n\n\t<div class=\"entry-meta\"><a href=\"https:\/\/www.las-stik.si\/programsko-obdobje-2014-2020\/2018\/12\/07\/\" title=\"14:01\" class=\"data-link\" rel=\"bookmark\"><time class=\"entry-date updated\" datetime=\"2018-12-07T14:01:48+01:00\">7. decembra, 2018<\/time><\/a><\/div>\n\t<div class=\"entry-excerpt\"><p>&nbsp; V okviru projekta Zgodbe rok in krajev LAS STIK vljudno vabi na 1. Razstavo rokodelskih izdelkov LAS STIK, in sicer v sredo, 12. 12.&hellip;<\/p>\n<\/div>\n\t\n<a href=\"https:\/\/www.las-stik.si\/programsko-obdobje-2014-2020\/novice\/zgodbe-rok-in-krajev-razstava-rokodelskih-izdelkov-i\/\" class=\"dt-btn-s dt-btn post-details details-type-btn\" aria-label=\"Read more about Zgodbe rok in krajev &#8211; RAZSTAVA ROKODELSKIH IZDELKOV I.\">Ve\u010d ...<i class=\"dt-icon-the7-arrow-03\" aria-hidden=\"true\"><\/i><\/a>\n\n<\/div><\/article><article class=\"post project-odd hidden no-img post-2395 type-post status-publish format-standard hentry category-novice category-33 description-off\" data-name=\"Vabilo na delavnico SADJE Z DOMA\u010cEGA VRTA II\" data-date=\"2018-12-07T13:57:35+01:00\">\n\n<div class=\"post-entry-content\">\n\n\t<h3 class=\"entry-title\">\n\t\t<a href=\"https:\/\/www.las-stik.si\/programsko-obdobje-2014-2020\/novice\/vabilo-na-delavnico-sadje-z-domacega-vrta-ii\/\" title=\"Vabilo na delavnico SADJE Z DOMA\u010cEGA VRTA II\" rel=\"bookmark\">Vabilo na delavnico SADJE Z DOMA\u010cEGA VRTA II<\/a>\n\t<\/h3>\n\n\t<div class=\"entry-meta\"><a href=\"https:\/\/www.las-stik.si\/programsko-obdobje-2014-2020\/2018\/12\/07\/\" title=\"13:57\" class=\"data-link\" rel=\"bookmark\"><time class=\"entry-date updated\" datetime=\"2018-12-07T13:57:35+01:00\">7. decembra, 2018<\/time><\/a><\/div>\n\t<div class=\"entry-excerpt\"><p>Partnerji projekta &#8220;\u010cate&scaron;ki &scaron;kreblni in prgi&scaron;\u010de sonca&#8221; vabijo na delavnico SADJE Z DOMA\u010cEGA VRTA II. V SOBOTO, 8. DECEMBRA 2018, OB 13.00 URI, V KULTURNEM&hellip;<\/p>\n<\/div>\n\t\n<a href=\"https:\/\/www.las-stik.si\/programsko-obdobje-2014-2020\/novice\/vabilo-na-delavnico-sadje-z-domacega-vrta-ii\/\" class=\"dt-btn-s dt-btn post-details details-type-btn\" aria-label=\"Read more about Vabilo na delavnico SADJE Z DOMA\u010cEGA VRTA II\">Ve\u010d ...<i class=\"dt-icon-the7-arrow-03\" aria-hidden=\"true\"><\/i><\/a>\n\n<\/div><\/article><article class=\"post project-odd hidden post-2393 type-post status-publish format-standard has-post-thumbnail hentry category-novice category-33 description-off\" data-name=\"Zgodbe rok in krajev &#8211; rokodelci obogateni z novimi znanji\" data-date=\"2018-12-07T08:30:00+01:00\">\n\n<div class=\"post-thumbnail-wrap\">\n\t<div class=\"post-thumbnail\">\n\n\t\t\n\t\t\n\t\t<a href=\"https:\/\/www.las-stik.si\/programsko-obdobje-2014-2020\/novice\/zgodbe-rok-in-krajev-rokodelci-obogateni-z-novimi-znanji\/\" class=\"post-thumbnail-rollover layzr-bg layzr-bg\" ><img decoding=\"async\" class=\"blog-thumb-lazy-load preload-me lazy-load aspect\" src=\"data:image\/svg+xml,%3Csvg%20xmlns%3D&#39;http%3A%2F%2Fwww.w3.org%2F2000%2Fsvg&#39;%20viewBox%3D&#39;0%200%20159%20106&#39;%2F%3E\" data-src=\"https:\/\/www.las-stik.si\/programsko-obdobje-2014-2020\/wp-content\/uploads\/2017\/10\/zgodbe_2_navp.240x0-159x106.jpg\" data-srcset=\"https:\/\/www.las-stik.si\/programsko-obdobje-2014-2020\/wp-content\/uploads\/2017\/10\/zgodbe_2_navp.240x0-159x106.jpg 159w\" loading=\"eager\" style=\"--ratio: 159 \/ 106\" sizes=\"(max-width: 159px) 100vw, 159px\" alt=\"zgodbe 2 navp.240x0\" title=\"zgodbe 2 navp.240&#215;0\" width=\"159\" height=\"106\"  \/><\/a>\n\t<\/div>\n<\/div>\n\n\n<div class=\"post-entry-content\">\n\n\t<h3 class=\"entry-title\">\n\t\t<a href=\"https:\/\/www.las-stik.si\/programsko-obdobje-2014-2020\/novice\/zgodbe-rok-in-krajev-rokodelci-obogateni-z-novimi-znanji\/\" title=\"Zgodbe rok in krajev &#8211; rokodelci obogateni z novimi znanji\" rel=\"bookmark\">Zgodbe rok in krajev &#8211; rokodelci obogateni z novimi znanji<\/a>\n\t<\/h3>\n\n\t<div class=\"entry-meta\"><a href=\"https:\/\/www.las-stik.si\/programsko-obdobje-2014-2020\/2018\/12\/07\/\" title=\"8:30\" class=\"data-link\" rel=\"bookmark\"><time class=\"entry-date updated\" datetime=\"2018-12-07T08:30:00+01:00\">7. decembra, 2018<\/time><\/a><\/div>\n\t<div class=\"entry-excerpt\"><p>&nbsp; V okviru projekta Zgodbe rok in krajev, ki s povezovanjem 11. slovenskih lokalnih akcijskih skupin ustvarja bolj vzpodbudno okolje za razvoj rokodelstva v Sloveniji&hellip;<\/p>\n<\/div>\n\t\n<a href=\"https:\/\/www.las-stik.si\/programsko-obdobje-2014-2020\/novice\/zgodbe-rok-in-krajev-rokodelci-obogateni-z-novimi-znanji\/\" class=\"dt-btn-s dt-btn post-details details-type-btn\" aria-label=\"Read more about Zgodbe rok in krajev &#8211; rokodelci obogateni z novimi znanji\">Ve\u010d ...<i class=\"dt-icon-the7-arrow-03\" aria-hidden=\"true\"><\/i><\/a>\n\n<\/div><\/article><article class=\"post project-odd hidden no-img post-2392 type-post status-publish format-standard hentry category-novice category-33 description-off\" data-name=\"Vabilo na delavnico Kako se pravilno lotiti energetske sanacije stavbe (hi\u0161e)?\" data-date=\"2018-12-03T08:35:23+01:00\">\n\n<div class=\"post-entry-content\">\n\n\t<h3 class=\"entry-title\">\n\t\t<a href=\"https:\/\/www.las-stik.si\/programsko-obdobje-2014-2020\/novice\/vabilo-na-delavnico-kako-se-pravilno-lotiti-energetske-sanacije-stavbe-hise\/\" title=\"Vabilo na delavnico Kako se pravilno lotiti energetske sanacije stavbe (hi\u0161e)?\" rel=\"bookmark\">Vabilo na delavnico Kako se pravilno lotiti energetske sanacije stavbe (hi\u0161e)?<\/a>\n\t<\/h3>\n\n\t<div class=\"entry-meta\"><a href=\"https:\/\/www.las-stik.si\/programsko-obdobje-2014-2020\/2018\/12\/03\/\" title=\"8:35\" class=\"data-link\" rel=\"bookmark\"><time class=\"entry-date updated\" datetime=\"2018-12-03T08:35:23+01:00\">3. decembra, 2018<\/time><\/a><\/div>\n\t<div class=\"entry-excerpt\"><p>in.OVE.in.URE&nbsp; Informiranje in ozave&scaron;\u010danje o potencialu u\u010dinkovite rabe energije (URE) in obnovljivih virov energije (OVE) za sonaravni razvoj &nbsp; V okviru operacije in.OVE.in.URE vabljeni na&hellip;<\/p>\n<\/div>\n\t\n<a href=\"https:\/\/www.las-stik.si\/programsko-obdobje-2014-2020\/novice\/vabilo-na-delavnico-kako-se-pravilno-lotiti-energetske-sanacije-stavbe-hise\/\" class=\"dt-btn-s dt-btn post-details details-type-btn\" aria-label=\"Read more about Vabilo na delavnico Kako se pravilno lotiti energetske sanacije stavbe (hi\u0161e)?\">Ve\u010d ...<i class=\"dt-icon-the7-arrow-03\" aria-hidden=\"true\"><\/i><\/a>\n\n<\/div><\/article><article class=\"post project-odd hidden post-2391 type-post status-publish format-standard has-post-thumbnail hentry category-novice category-33 description-off\" data-name=\"Zgodbe rok in krajev &#8211; v decembru vabljeni na delavnice in razstavi\" data-date=\"2018-11-27T14:59:51+01:00\">\n\n<div class=\"post-thumbnail-wrap\">\n\t<div class=\"post-thumbnail\">\n\n\t\t\n\t\t\n\t\t<a href=\"https:\/\/www.las-stik.si\/programsko-obdobje-2014-2020\/novice\/zgodbe-rok-in-krajev-v-decembru-vabljeni-na-delavnice-in-razstavi\/\" class=\"post-thumbnail-rollover layzr-bg layzr-bg\" ><img decoding=\"async\" class=\"blog-thumb-lazy-load preload-me lazy-load aspect\" src=\"data:image\/svg+xml,%3Csvg%20xmlns%3D&#39;http%3A%2F%2Fwww.w3.org%2F2000%2Fsvg&#39;%20viewBox%3D&#39;0%200%20159%20106&#39;%2F%3E\" data-src=\"https:\/\/www.las-stik.si\/programsko-obdobje-2014-2020\/wp-content\/uploads\/2017\/10\/zgodbe_2_navp.240x0-159x106.jpg\" data-srcset=\"https:\/\/www.las-stik.si\/programsko-obdobje-2014-2020\/wp-content\/uploads\/2017\/10\/zgodbe_2_navp.240x0-159x106.jpg 159w\" loading=\"eager\" style=\"--ratio: 159 \/ 106\" sizes=\"(max-width: 159px) 100vw, 159px\" alt=\"zgodbe 2 navp.240x0\" title=\"zgodbe 2 navp.240&#215;0\" width=\"159\" height=\"106\"  \/><\/a>\n\t<\/div>\n<\/div>\n\n\n<div class=\"post-entry-content\">\n\n\t<h3 class=\"entry-title\">\n\t\t<a href=\"https:\/\/www.las-stik.si\/programsko-obdobje-2014-2020\/novice\/zgodbe-rok-in-krajev-v-decembru-vabljeni-na-delavnice-in-razstavi\/\" title=\"Zgodbe rok in krajev &#8211; v decembru vabljeni na delavnice in razstavi\" rel=\"bookmark\">Zgodbe rok in krajev &#8211; v decembru vabljeni na delavnice in razstavi<\/a>\n\t<\/h3>\n\n\t<div class=\"entry-meta\"><a href=\"https:\/\/www.las-stik.si\/programsko-obdobje-2014-2020\/2018\/11\/27\/\" title=\"14:59\" class=\"data-link\" rel=\"bookmark\"><time class=\"entry-date updated\" datetime=\"2018-11-27T14:59:51+01:00\">27. novembra, 2018<\/time><\/a><\/div>\n\t<div class=\"entry-excerpt\"><p>&nbsp; V okviru projekta Zgodbe rok in krajev vas vljudno vabimo na delavnice in razstavi, ki jih na\u010drtujemo v mesecu decembru 2018 v okviru projekta:&hellip;<\/p>\n<\/div>\n\t\n<a href=\"https:\/\/www.las-stik.si\/programsko-obdobje-2014-2020\/novice\/zgodbe-rok-in-krajev-v-decembru-vabljeni-na-delavnice-in-razstavi\/\" class=\"dt-btn-s dt-btn post-details details-type-btn\" aria-label=\"Read more about Zgodbe rok in krajev &#8211; v decembru vabljeni na delavnice in razstavi\">Ve\u010d ...<i class=\"dt-icon-the7-arrow-03\" aria-hidden=\"true\"><\/i><\/a>\n\n<\/div><\/article><article class=\"post project-odd hidden no-img post-2389 type-post status-publish format-standard hentry category-javni-pozivi category-4 description-off\" data-name=\"2. javni poziv za izbor operacij za uresni\u010devanje ciljev Strategije lokalnega razvoja na obmo\u010dju LAS STIK v letu 2018 &#8211; ESRR\" data-date=\"2018-11-26T08:52:13+01:00\">\n\n<div class=\"post-entry-content\">\n\n\t<h3 class=\"entry-title\">\n\t\t<a href=\"https:\/\/www.las-stik.si\/programsko-obdobje-2014-2020\/javni-pozivi\/2-javni-poziv-2018\/\" title=\"2. javni poziv za izbor operacij za uresni\u010devanje ciljev Strategije lokalnega razvoja na obmo\u010dju LAS STIK v letu 2018 &#8211; ESRR\" rel=\"bookmark\">2. javni poziv za izbor operacij za uresni\u010devanje ciljev Strategije lokalnega razvoja na obmo\u010dju LAS STIK v letu 2018 &#8211; ESRR<\/a>\n\t<\/h3>\n\n\t<div class=\"entry-meta\"><a href=\"https:\/\/www.las-stik.si\/programsko-obdobje-2014-2020\/2018\/11\/26\/\" title=\"8:52\" class=\"data-link\" rel=\"bookmark\"><time class=\"entry-date updated\" datetime=\"2018-11-26T08:52:13+01:00\">26. novembra, 2018<\/time><\/a><\/div>\n\t<div class=\"entry-excerpt\"><p>[vc_row][vc_column][vc_column_text] Center za izobra\u017eevanje in kulturo Trebnje, Kidri\u010deva ulica 2, 8210 Trebnje, kot vodilni partner LAS Suhe krajine, Temenice in Krke, Kidri\u010deva ulica 2, 8210&hellip;<\/p>\n<\/div>\n\t\n<a href=\"https:\/\/www.las-stik.si\/programsko-obdobje-2014-2020\/javni-pozivi\/2-javni-poziv-2018\/\" class=\"dt-btn-s dt-btn post-details details-type-btn\" aria-label=\"Read more about 2. javni poziv za izbor operacij za uresni\u010devanje ciljev Strategije lokalnega razvoja na obmo\u010dju LAS STIK v letu 2018 &#8211; ESRR\">Ve\u010d ...<i class=\"dt-icon-the7-arrow-03\" aria-hidden=\"true\"><\/i><\/a>\n\n<\/div><\/article><article class=\"post project-odd hidden post-2388 type-post status-publish format-standard has-post-thumbnail hentry category-novice category-33 description-off\" data-name=\"Zgodbe rok in krajev &#8211; Interaktivna delavnica in Sre\u010danje rokodelcev\" data-date=\"2018-11-21T14:50:45+01:00\">\n\n<div class=\"post-thumbnail-wrap\">\n\t<div class=\"post-thumbnail\">\n\n\t\t\n\t\t\n\t\t<a href=\"https:\/\/www.las-stik.si\/programsko-obdobje-2014-2020\/novice\/zgodbe-rok-in-krajev-interaktivna-delavnica-in-srecanje-rokodelcev\/\" class=\"post-thumbnail-rollover layzr-bg layzr-bg\" ><img decoding=\"async\" class=\"blog-thumb-lazy-load preload-me lazy-load aspect\" src=\"data:image\/svg+xml,%3Csvg%20xmlns%3D&#39;http%3A%2F%2Fwww.w3.org%2F2000%2Fsvg&#39;%20viewBox%3D&#39;0%200%20159%20106&#39;%2F%3E\" data-src=\"https:\/\/www.las-stik.si\/programsko-obdobje-2014-2020\/wp-content\/uploads\/2017\/10\/zgodbe_2_navp.240x0-159x106.jpg\" data-srcset=\"https:\/\/www.las-stik.si\/programsko-obdobje-2014-2020\/wp-content\/uploads\/2017\/10\/zgodbe_2_navp.240x0-159x106.jpg 159w\" loading=\"eager\" style=\"--ratio: 159 \/ 106\" sizes=\"(max-width: 159px) 100vw, 159px\" alt=\"zgodbe 2 navp.240x0\" title=\"zgodbe 2 navp.240&#215;0\" width=\"159\" height=\"106\"  \/><\/a>\n\t<\/div>\n<\/div>\n\n\n<div class=\"post-entry-content\">\n\n\t<h3 class=\"entry-title\">\n\t\t<a href=\"https:\/\/www.las-stik.si\/programsko-obdobje-2014-2020\/novice\/zgodbe-rok-in-krajev-interaktivna-delavnica-in-srecanje-rokodelcev\/\" title=\"Zgodbe rok in krajev &#8211; Interaktivna delavnica in Sre\u010danje rokodelcev\" rel=\"bookmark\">Zgodbe rok in krajev &#8211; Interaktivna delavnica in Sre\u010danje rokodelcev<\/a>\n\t<\/h3>\n\n\t<div class=\"entry-meta\"><a href=\"https:\/\/www.las-stik.si\/programsko-obdobje-2014-2020\/2018\/11\/21\/\" title=\"14:50\" class=\"data-link\" rel=\"bookmark\"><time class=\"entry-date updated\" datetime=\"2018-11-21T14:50:45+01:00\">21. novembra, 2018<\/time><\/a><\/div>\n\t<div class=\"entry-excerpt\"><p>Interaktivna delavnica in Sre\u010danje rokodelcev s predavanjem o oblikovanju embala\u017ee za rokodelske izdelke V okviru projekta Zgodbe rok in krajev, ki s povezovanjem 11. slovenskih&hellip;<\/p>\n<\/div>\n\t\n<a href=\"https:\/\/www.las-stik.si\/programsko-obdobje-2014-2020\/novice\/zgodbe-rok-in-krajev-interaktivna-delavnica-in-srecanje-rokodelcev\/\" class=\"dt-btn-s dt-btn post-details details-type-btn\" aria-label=\"Read more about Zgodbe rok in krajev &#8211; Interaktivna delavnica in Sre\u010danje rokodelcev\">Ve\u010d ...<i class=\"dt-icon-the7-arrow-03\" aria-hidden=\"true\"><\/i><\/a>\n\n<\/div><\/article><article class=\"post project-odd hidden post-2387 type-post status-publish format-standard has-post-thumbnail hentry category-novice category-33 description-off\" data-name=\"Vabilo na delavnice in sre\u010danje rokodelcev v okviru projekta sodelovanja Zgodbe rok in krajev\" data-date=\"2018-11-16T12:11:10+01:00\">\n\n<div class=\"post-thumbnail-wrap\">\n\t<div class=\"post-thumbnail\">\n\n\t\t\n\t\t\n\t\t<a href=\"https:\/\/www.las-stik.si\/programsko-obdobje-2014-2020\/novice\/vabilo-na-delavnice-in-srecanje-rokodelcev-v-okviru-projekta-sodelovanja-zgodbe-rok-in-krajev\/\" class=\"post-thumbnail-rollover layzr-bg layzr-bg\" ><img decoding=\"async\" class=\"blog-thumb-lazy-load preload-me lazy-load aspect\" src=\"data:image\/svg+xml,%3Csvg%20xmlns%3D&#39;http%3A%2F%2Fwww.w3.org%2F2000%2Fsvg&#39;%20viewBox%3D&#39;0%200%20159%20106&#39;%2F%3E\" data-src=\"https:\/\/www.las-stik.si\/programsko-obdobje-2014-2020\/wp-content\/uploads\/2017\/10\/zgodbe_2_navp.240x0-159x106.jpg\" data-srcset=\"https:\/\/www.las-stik.si\/programsko-obdobje-2014-2020\/wp-content\/uploads\/2017\/10\/zgodbe_2_navp.240x0-159x106.jpg 159w\" loading=\"eager\" style=\"--ratio: 159 \/ 106\" sizes=\"(max-width: 159px) 100vw, 159px\" alt=\"zgodbe 2 navp.240x0\" title=\"zgodbe 2 navp.240&#215;0\" width=\"159\" height=\"106\"  \/><\/a>\n\t<\/div>\n<\/div>\n\n\n<div class=\"post-entry-content\">\n\n\t<h3 class=\"entry-title\">\n\t\t<a href=\"https:\/\/www.las-stik.si\/programsko-obdobje-2014-2020\/novice\/vabilo-na-delavnice-in-srecanje-rokodelcev-v-okviru-projekta-sodelovanja-zgodbe-rok-in-krajev\/\" title=\"Vabilo na delavnice in sre\u010danje rokodelcev v okviru projekta sodelovanja Zgodbe rok in krajev\" rel=\"bookmark\">Vabilo na delavnice in sre\u010danje rokodelcev v okviru projekta sodelovanja Zgodbe rok in krajev<\/a>\n\t<\/h3>\n\n\t<div class=\"entry-meta\"><a href=\"https:\/\/www.las-stik.si\/programsko-obdobje-2014-2020\/2018\/11\/16\/\" title=\"12:11\" class=\"data-link\" rel=\"bookmark\"><time class=\"entry-date updated\" datetime=\"2018-11-16T12:11:10+01:00\">16. novembra, 2018<\/time><\/a><\/div>\n\t<div class=\"entry-excerpt\"><p>&nbsp; &nbsp; V okviru projekta Zgodbe rok in krajev vas vljudno vabimo na Interaktivno delavnico I, Sre\u010danje rokodelcev s predavanjem o oblikovanju embala\u017ee za rokodelske&hellip;<\/p>\n<\/div>\n\t\n<a href=\"https:\/\/www.las-stik.si\/programsko-obdobje-2014-2020\/novice\/vabilo-na-delavnice-in-srecanje-rokodelcev-v-okviru-projekta-sodelovanja-zgodbe-rok-in-krajev\/\" class=\"dt-btn-s dt-btn post-details details-type-btn\" aria-label=\"Read more about Vabilo na delavnice in sre\u010danje rokodelcev v okviru projekta sodelovanja Zgodbe rok in krajev\">Ve\u010d ...<i class=\"dt-icon-the7-arrow-03\" aria-hidden=\"true\"><\/i><\/a>\n\n<\/div><\/article><article class=\"post project-odd hidden no-img post-2383 type-post status-publish format-standard hentry category-novice category-33 description-off\" data-name=\"5. sprememba Uredbe CLLD &#8211; Uredba o spremembah in dopolnitvah Uredbe o izvajanju lokalnega razvoja, ki ga vodi skupnost, v programskem obdobju 2014\u20132020\" data-date=\"2018-11-05T10:37:22+01:00\">\n\n<div class=\"post-entry-content\">\n\n\t<h3 class=\"entry-title\">\n\t\t<a href=\"https:\/\/www.las-stik.si\/programsko-obdobje-2014-2020\/novice\/5-sprememba-uredbe-clld-uredba-o-spremembah-in-dopolnitvah-uredbe-o-izvajanju-lokalnega-razvoja-ki-ga-vodi-skupnost-v-programskem-obdobju-2014-2020\/\" title=\"5. sprememba Uredbe CLLD &#8211; Uredba o spremembah in dopolnitvah Uredbe o izvajanju lokalnega razvoja, ki ga vodi skupnost, v programskem obdobju 2014\u20132020\" rel=\"bookmark\">5. sprememba Uredbe CLLD &#8211; Uredba o spremembah in dopolnitvah Uredbe o izvajanju lokalnega razvoja, ki ga vodi skupnost, v programskem obdobju 2014\u20132020<\/a>\n\t<\/h3>\n\n\t<div class=\"entry-meta\"><a href=\"https:\/\/www.las-stik.si\/programsko-obdobje-2014-2020\/2018\/11\/05\/\" title=\"10:37\" class=\"data-link\" rel=\"bookmark\"><time class=\"entry-date updated\" datetime=\"2018-11-05T10:37:22+01:00\">5. novembra, 2018<\/time><\/a><\/div>\n\t<div class=\"entry-excerpt\"><p>26. 10. 2018 je bila v Uradnem listu &scaron;t. 68\/2018 objavljena Uredba o spremembah in dopolnitvah Uredbe o izvajanju lokalnega razvoja, ki ga vodi skupnost,&hellip;<\/p>\n<\/div>\n\t\n<a href=\"https:\/\/www.las-stik.si\/programsko-obdobje-2014-2020\/novice\/5-sprememba-uredbe-clld-uredba-o-spremembah-in-dopolnitvah-uredbe-o-izvajanju-lokalnega-razvoja-ki-ga-vodi-skupnost-v-programskem-obdobju-2014-2020\/\" class=\"dt-btn-s dt-btn post-details details-type-btn\" aria-label=\"Read more about 5. sprememba Uredbe CLLD &#8211; Uredba o spremembah in dopolnitvah Uredbe o izvajanju lokalnega razvoja, ki ga vodi skupnost, v programskem obdobju 2014\u20132020\">Ve\u010d ...<i class=\"dt-icon-the7-arrow-03\" aria-hidden=\"true\"><\/i><\/a>\n\n<\/div><\/article><article class=\"post project-odd hidden no-img post-2382 type-post status-publish format-standard hentry category-novice category-33 description-off\" data-name=\"Strokovna ekskurzija slovenskih LAS na obmo\u010dju LAS &#8220;Capo Santa Maria di Leuca v Italiji\" data-date=\"2018-11-05T10:16:04+01:00\">\n\n<div class=\"post-entry-content\">\n\n\t<h3 class=\"entry-title\">\n\t\t<a href=\"https:\/\/www.las-stik.si\/programsko-obdobje-2014-2020\/novice\/strokovna-ekskurzija-slovenskih-las-na-obmocju-las-capo-santa-maria-di-leuca-v-italiji\/\" title=\"Strokovna ekskurzija slovenskih LAS na obmo\u010dju LAS &#8220;Capo Santa Maria di Leuca v Italiji\" rel=\"bookmark\">Strokovna ekskurzija slovenskih LAS na obmo\u010dju LAS &#8220;Capo Santa Maria di Leuca v Italiji<\/a>\n\t<\/h3>\n\n\t<div class=\"entry-meta\"><a href=\"https:\/\/www.las-stik.si\/programsko-obdobje-2014-2020\/2018\/11\/05\/\" title=\"10:16\" class=\"data-link\" rel=\"bookmark\"><time class=\"entry-date updated\" datetime=\"2018-11-05T10:16:04+01:00\">5. novembra, 2018<\/time><\/a><\/div>\n\t<div class=\"entry-excerpt\"><p>V tednu od 22. do 26. 10.2018 je potekala strokovna ekskurzija slovenskih LAS, letos v provinci Lecce (Apulia) v Ju\u017eni Italiji, v obmo\u010dju LAS &#8220;Capo&hellip;<\/p>\n<\/div>\n\t\n<a href=\"https:\/\/www.las-stik.si\/programsko-obdobje-2014-2020\/novice\/strokovna-ekskurzija-slovenskih-las-na-obmocju-las-capo-santa-maria-di-leuca-v-italiji\/\" class=\"dt-btn-s dt-btn post-details details-type-btn\" aria-label=\"Read more about Strokovna ekskurzija slovenskih LAS na obmo\u010dju LAS &#8220;Capo Santa Maria di Leuca v Italiji\">Ve\u010d ...<i class=\"dt-icon-the7-arrow-03\" aria-hidden=\"true\"><\/i><\/a>\n\n<\/div><\/article><article class=\"post project-odd hidden no-img post-2381 type-post status-publish format-standard hentry category-novice category-33 description-off\" data-name=\"Vabilo na Predavanja fizioterapevtke v okviru projekta Mobilno drsali\u0161\u010de kot medgeneracijsko sti\u010di\u0161\u010de\" data-date=\"2018-10-25T13:09:30+02:00\">\n\n<div class=\"post-entry-content\">\n\n\t<h3 class=\"entry-title\">\n\t\t<a href=\"https:\/\/www.las-stik.si\/programsko-obdobje-2014-2020\/novice\/vabilo-na-predavanja-fizioterapevtke-v-okviru-projekta-mobilno-drsalisce-kot-medgeneracijsko-sticisce\/\" title=\"Vabilo na Predavanja fizioterapevtke v okviru projekta Mobilno drsali\u0161\u010de kot medgeneracijsko sti\u010di\u0161\u010de\" rel=\"bookmark\">Vabilo na Predavanja fizioterapevtke v okviru projekta Mobilno drsali\u0161\u010de kot medgeneracijsko sti\u010di\u0161\u010de<\/a>\n\t<\/h3>\n\n\t<div class=\"entry-meta\"><a href=\"https:\/\/www.las-stik.si\/programsko-obdobje-2014-2020\/2018\/10\/25\/\" title=\"13:09\" class=\"data-link\" rel=\"bookmark\"><time class=\"entry-date updated\" datetime=\"2018-10-25T13:09:30+02:00\">25. oktobra, 2018<\/time><\/a><\/div>\n\t<div class=\"entry-excerpt\"><\/div>\n\t\n<a href=\"https:\/\/www.las-stik.si\/programsko-obdobje-2014-2020\/novice\/vabilo-na-predavanja-fizioterapevtke-v-okviru-projekta-mobilno-drsalisce-kot-medgeneracijsko-sticisce\/\" class=\"dt-btn-s dt-btn post-details details-type-btn\" aria-label=\"Read more about Vabilo na Predavanja fizioterapevtke v okviru projekta Mobilno drsali\u0161\u010de kot medgeneracijsko sti\u010di\u0161\u010de\">Ve\u010d ...<i class=\"dt-icon-the7-arrow-03\" aria-hidden=\"true\"><\/i><\/a>\n\n<\/div><\/article><article class=\"post project-odd hidden no-img post-2380 type-post status-publish format-standard hentry category-novice category-33 description-off\" data-name=\"Vabilo na Otvoritev objekta Mobilno drsali\u0161\u010de kot medgeneracijsko sti\u010di\u0161\u010de\" data-date=\"2018-10-25T13:01:33+02:00\">\n\n<div class=\"post-entry-content\">\n\n\t<h3 class=\"entry-title\">\n\t\t<a href=\"https:\/\/www.las-stik.si\/programsko-obdobje-2014-2020\/novice\/vabilo-na-otvoritev-objekta-mobilno-drsalisce-kot-medgeneracijsko-sticisce\/\" title=\"Vabilo na Otvoritev objekta Mobilno drsali\u0161\u010de kot medgeneracijsko sti\u010di\u0161\u010de\" rel=\"bookmark\">Vabilo na Otvoritev objekta Mobilno drsali\u0161\u010de kot medgeneracijsko sti\u010di\u0161\u010de<\/a>\n\t<\/h3>\n\n\t<div class=\"entry-meta\"><a href=\"https:\/\/www.las-stik.si\/programsko-obdobje-2014-2020\/2018\/10\/25\/\" title=\"13:01\" class=\"data-link\" rel=\"bookmark\"><time class=\"entry-date updated\" datetime=\"2018-10-25T13:01:33+02:00\">25. oktobra, 2018<\/time><\/a><\/div>\n\t<div class=\"entry-excerpt\"><\/div>\n\t\n<a href=\"https:\/\/www.las-stik.si\/programsko-obdobje-2014-2020\/novice\/vabilo-na-otvoritev-objekta-mobilno-drsalisce-kot-medgeneracijsko-sticisce\/\" class=\"dt-btn-s dt-btn post-details details-type-btn\" aria-label=\"Read more about Vabilo na Otvoritev objekta Mobilno drsali\u0161\u010de kot medgeneracijsko sti\u010di\u0161\u010de\">Ve\u010d ...<i class=\"dt-icon-the7-arrow-03\" aria-hidden=\"true\"><\/i><\/a>\n\n<\/div><\/article><article class=\"post project-odd hidden no-img post-2379 type-post status-publish format-standard hentry category-novice category-33 description-off\" data-name=\"Vabilo na delavnico SADJE Z DOMA\u010cEGA VRTA\" data-date=\"2018-10-19T16:02:07+02:00\">\n\n<div class=\"post-entry-content\">\n\n\t<h3 class=\"entry-title\">\n\t\t<a href=\"https:\/\/www.las-stik.si\/programsko-obdobje-2014-2020\/novice\/vabilo-na-delavnico-sadje-z-domacega-vrta\/\" title=\"Vabilo na delavnico SADJE Z DOMA\u010cEGA VRTA\" rel=\"bookmark\">Vabilo na delavnico SADJE Z DOMA\u010cEGA VRTA<\/a>\n\t<\/h3>\n\n\t<div class=\"entry-meta\"><a href=\"https:\/\/www.las-stik.si\/programsko-obdobje-2014-2020\/2018\/10\/19\/\" title=\"16:02\" class=\"data-link\" rel=\"bookmark\"><time class=\"entry-date updated\" datetime=\"2018-10-19T16:02:07+02:00\">19. oktobra, 2018<\/time><\/a><\/div>\n\t<div class=\"entry-excerpt\"><p>Partnerji projekta &#8220;\u010cate&scaron;ki &scaron;kreblni in prgi&scaron;\u010de sonca&#8221; vabijo na delavnico SADJE Z DOMA\u010cEGA VRTA I. V SOBOTO, 27. OKTOBRA 2018, OB 17.00 URI, V KULTURNEM&hellip;<\/p>\n<\/div>\n\t\n<a href=\"https:\/\/www.las-stik.si\/programsko-obdobje-2014-2020\/novice\/vabilo-na-delavnico-sadje-z-domacega-vrta\/\" class=\"dt-btn-s dt-btn post-details details-type-btn\" aria-label=\"Read more about Vabilo na delavnico SADJE Z DOMA\u010cEGA VRTA\">Ve\u010d ...<i class=\"dt-icon-the7-arrow-03\" aria-hidden=\"true\"><\/i><\/a>\n\n<\/div><\/article><article class=\"post project-odd hidden no-img post-2377 type-post status-publish format-standard hentry category-novice category-33 description-off\" data-name=\"Vabilo na izobra\u017eevalne delavnice v okviru projekta FINAN\u010cNA GOSPODINJA\" data-date=\"2018-10-09T08:50:12+02:00\">\n\n<div class=\"post-entry-content\">\n\n\t<h3 class=\"entry-title\">\n\t\t<a href=\"https:\/\/www.las-stik.si\/programsko-obdobje-2014-2020\/novice\/vabilo-na-izobrazevalne-delavnice-v-okviru-projekta-financna-gospodinja\/\" title=\"Vabilo na izobra\u017eevalne delavnice v okviru projekta FINAN\u010cNA GOSPODINJA\" rel=\"bookmark\">Vabilo na izobra\u017eevalne delavnice v okviru projekta FINAN\u010cNA GOSPODINJA<\/a>\n\t<\/h3>\n\n\t<div class=\"entry-meta\"><a href=\"https:\/\/www.las-stik.si\/programsko-obdobje-2014-2020\/2018\/10\/09\/\" title=\"8:50\" class=\"data-link\" rel=\"bookmark\"><time class=\"entry-date updated\" datetime=\"2018-10-09T08:50:12+02:00\">9. oktobra, 2018<\/time><\/a><\/div>\n\t<div class=\"entry-excerpt\"><p>Partnerji projekta FINAN\u010cNA GOSPODINJA vabijo na izobra\u017eevalne delavnice. Prepri\u010dani so, da so teme (Upravljanje ban\u010dnih stro&scaron;kov in drugih stro&scaron;kov gospodinjstva, Mobing in proaktivna vloga sindikatov&hellip;<\/p>\n<\/div>\n\t\n<a href=\"https:\/\/www.las-stik.si\/programsko-obdobje-2014-2020\/novice\/vabilo-na-izobrazevalne-delavnice-v-okviru-projekta-financna-gospodinja\/\" class=\"dt-btn-s dt-btn post-details details-type-btn\" aria-label=\"Read more about Vabilo na izobra\u017eevalne delavnice v okviru projekta FINAN\u010cNA GOSPODINJA\">Ve\u010d ...<i class=\"dt-icon-the7-arrow-03\" aria-hidden=\"true\"><\/i><\/a>\n\n<\/div><\/article><article class=\"post project-odd hidden post-2375 type-post status-publish format-standard has-post-thumbnail hentry category-novice category-33 description-off\" data-name=\"Zaklju\u010dni dogodek v okviru projekta Zgodbe rok in krajev\" data-date=\"2018-10-09T06:50:22+02:00\">\n\n<div class=\"post-thumbnail-wrap\">\n\t<div class=\"post-thumbnail\">\n\n\t\t\n\t\t\n\t\t<a href=\"https:\/\/www.las-stik.si\/programsko-obdobje-2014-2020\/novice\/zakljucni-dogodek-v-okviru-projekta-zgodbe-rok-in-krajev\/\" class=\"post-thumbnail-rollover layzr-bg layzr-bg\" ><img decoding=\"async\" class=\"blog-thumb-lazy-load preload-me lazy-load aspect\" src=\"data:image\/svg+xml,%3Csvg%20xmlns%3D&#39;http%3A%2F%2Fwww.w3.org%2F2000%2Fsvg&#39;%20viewBox%3D&#39;0%200%20159%20106&#39;%2F%3E\" data-src=\"https:\/\/www.las-stik.si\/programsko-obdobje-2014-2020\/wp-content\/uploads\/2017\/10\/zgodbe_2_navp.240x0-159x106.jpg\" data-srcset=\"https:\/\/www.las-stik.si\/programsko-obdobje-2014-2020\/wp-content\/uploads\/2017\/10\/zgodbe_2_navp.240x0-159x106.jpg 159w\" loading=\"eager\" style=\"--ratio: 159 \/ 106\" sizes=\"(max-width: 159px) 100vw, 159px\" alt=\"zgodbe 2 navp.240x0\" title=\"zgodbe 2 navp.240&#215;0\" width=\"159\" height=\"106\"  \/><\/a>\n\t<\/div>\n<\/div>\n\n\n<div class=\"post-entry-content\">\n\n\t<h3 class=\"entry-title\">\n\t\t<a href=\"https:\/\/www.las-stik.si\/programsko-obdobje-2014-2020\/novice\/zakljucni-dogodek-v-okviru-projekta-zgodbe-rok-in-krajev\/\" title=\"Zaklju\u010dni dogodek v okviru projekta Zgodbe rok in krajev\" rel=\"bookmark\">Zaklju\u010dni dogodek v okviru projekta Zgodbe rok in krajev<\/a>\n\t<\/h3>\n\n\t<div class=\"entry-meta\"><a href=\"https:\/\/www.las-stik.si\/programsko-obdobje-2014-2020\/2018\/10\/09\/\" title=\"6:50\" class=\"data-link\" rel=\"bookmark\"><time class=\"entry-date updated\" datetime=\"2018-10-09T06:50:22+02:00\">9. oktobra, 2018<\/time><\/a><\/div>\n\t<div class=\"entry-excerpt\"><p>&nbsp; V nedeljo, 30. 9. 2018, smo se predstavniki LAS STIK skupaj z na&scaron;imi rokodelkami udele\u017eili Mihalovega sejma v Ver\u017eeju. V dopoldanskem \u010dasu je potekal&hellip;<\/p>\n<\/div>\n\t\n<a href=\"https:\/\/www.las-stik.si\/programsko-obdobje-2014-2020\/novice\/zakljucni-dogodek-v-okviru-projekta-zgodbe-rok-in-krajev\/\" class=\"dt-btn-s dt-btn post-details details-type-btn\" aria-label=\"Read more about Zaklju\u010dni dogodek v okviru projekta Zgodbe rok in krajev\">Ve\u010d ...<i class=\"dt-icon-the7-arrow-03\" aria-hidden=\"true\"><\/i><\/a>\n\n<\/div><\/article><article class=\"post project-odd hidden post-2372 type-post status-publish format-standard has-post-thumbnail hentry category-novice category-33 description-off\" data-name=\"Vabilo na uvodni dogodek projekta Baraga in \u010dipka kot niti sodelovanja (BA-\u010cI)\" data-date=\"2018-09-28T07:23:34+02:00\">\n\n<div class=\"post-thumbnail-wrap\">\n\t<div class=\"post-thumbnail\">\n\n\t\t\n\t\t\n\t\t<a href=\"https:\/\/www.las-stik.si\/programsko-obdobje-2014-2020\/novice\/uvodni-dogodek-projekta-baraga-in-cipka-kot-niti-sodelovanja-ba-ci\/\" class=\"post-thumbnail-rollover layzr-bg layzr-bg\" ><img decoding=\"async\" class=\"blog-thumb-lazy-load preload-me lazy-load aspect\" src=\"data:image\/svg+xml,%3Csvg%20xmlns%3D&#39;http%3A%2F%2Fwww.w3.org%2F2000%2Fsvg&#39;%20viewBox%3D&#39;0%200%20553%20368&#39;%2F%3E\" data-src=\"https:\/\/www.las-stik.si\/programsko-obdobje-2014-2020\/wp-content\/uploads\/2018\/09\/Vabilo_Po_Baragovi_poti_29_9_2018-553x368.jpg\" data-srcset=\"https:\/\/www.las-stik.si\/programsko-obdobje-2014-2020\/wp-content\/uploads\/2018\/09\/Vabilo_Po_Baragovi_poti_29_9_2018-553x368.jpg 553w\" loading=\"eager\" style=\"--ratio: 553 \/ 368\" sizes=\"(max-width: 553px) 100vw, 553px\" alt=\"Vabilo Po Baragovi poti 29 9 2018\" title=\"Vabilo Po Baragovi poti 29 9 2018\" width=\"553\" height=\"368\"  \/><\/a>\n\t<\/div>\n<\/div>\n\n\n<div class=\"post-entry-content\">\n\n\t<h3 class=\"entry-title\">\n\t\t<a href=\"https:\/\/www.las-stik.si\/programsko-obdobje-2014-2020\/novice\/uvodni-dogodek-projekta-baraga-in-cipka-kot-niti-sodelovanja-ba-ci\/\" title=\"Vabilo na uvodni dogodek projekta Baraga in \u010dipka kot niti sodelovanja (BA-\u010cI)\" rel=\"bookmark\">Vabilo na uvodni dogodek projekta Baraga in \u010dipka kot niti sodelovanja (BA-\u010cI)<\/a>\n\t<\/h3>\n\n\t<div class=\"entry-meta\"><a href=\"https:\/\/www.las-stik.si\/programsko-obdobje-2014-2020\/2018\/09\/28\/\" title=\"7:23\" class=\"data-link\" rel=\"bookmark\"><time class=\"entry-date updated\" datetime=\"2018-09-28T07:23:34+02:00\">28. septembra, 2018<\/time><\/a><\/div>\n\t<div class=\"entry-excerpt\"><p>Vljudno vabljeni na uvodni dogodek projekta Eno je potrebno &ndash; Baraga in \u010dipka kot niti sodelovanja (BA-\u010cI), ki bo v soboto, 29. septembra 2018, ob&hellip;<\/p>\n<\/div>\n\t\n<a href=\"https:\/\/www.las-stik.si\/programsko-obdobje-2014-2020\/novice\/uvodni-dogodek-projekta-baraga-in-cipka-kot-niti-sodelovanja-ba-ci\/\" class=\"dt-btn-s dt-btn post-details details-type-btn\" aria-label=\"Read more about Vabilo na uvodni dogodek projekta Baraga in \u010dipka kot niti sodelovanja (BA-\u010cI)\">Ve\u010d ...<i class=\"dt-icon-the7-arrow-03\" aria-hidden=\"true\"><\/i><\/a>\n\n<\/div><\/article><article class=\"post project-odd hidden no-img post-2369 type-post status-publish format-standard hentry category-novice category-33 description-off\" data-name=\"Skup\u0161\u010dina LAS STIK potrdila nove operacije (ESRR)\" data-date=\"2018-06-01T14:15:08+02:00\">\n\n<div class=\"post-entry-content\">\n\n\t<h3 class=\"entry-title\">\n\t\t<a href=\"https:\/\/www.las-stik.si\/programsko-obdobje-2014-2020\/novice\/skupscina-las-stik-potrdila-nove-operacije-esrr\/\" title=\"Skup\u0161\u010dina LAS STIK potrdila nove operacije (ESRR)\" rel=\"bookmark\">Skup\u0161\u010dina LAS STIK potrdila nove operacije (ESRR)<\/a>\n\t<\/h3>\n\n\t<div class=\"entry-meta\"><a href=\"https:\/\/www.las-stik.si\/programsko-obdobje-2014-2020\/2018\/06\/01\/\" title=\"14:15\" class=\"data-link\" rel=\"bookmark\"><time class=\"entry-date updated\" datetime=\"2018-06-01T14:15:08+02:00\">1. junija, 2018<\/time><\/a><\/div>\n\t<div class=\"entry-excerpt\"><p>Skup&scaron;\u010dina Lokalne akcijske skupine Suhe Krajine, Temenice in Krke ( LAS STIK) je v\u010deraj, 31.5.2018, na svoji 8. redni seji potrdila dve novi operaciji v&hellip;<\/p>\n<\/div>\n\t\n<a href=\"https:\/\/www.las-stik.si\/programsko-obdobje-2014-2020\/novice\/skupscina-las-stik-potrdila-nove-operacije-esrr\/\" class=\"dt-btn-s dt-btn post-details details-type-btn\" aria-label=\"Read more about Skup\u0161\u010dina LAS STIK potrdila nove operacije (ESRR)\">Ve\u010d ...<i class=\"dt-icon-the7-arrow-03\" aria-hidden=\"true\"><\/i><\/a>\n\n<\/div><\/article><article class=\"post project-odd hidden post-2368 type-post status-publish format-standard has-post-thumbnail hentry category-novice category-33 description-off\" data-name=\"Zaklju\u010dni posvet projekta sodelovanja Zaposlitvene prilo\u017enosti na kmetijah\" data-date=\"2018-06-01T14:09:26+02:00\">\n\n<div class=\"post-thumbnail-wrap\">\n\t<div class=\"post-thumbnail\">\n\n\t\t\n\t\t\n\t\t<a href=\"https:\/\/www.las-stik.si\/programsko-obdobje-2014-2020\/novice\/zakljucni-posvet-projekta-sodelovanja-zaposlitvene-priloznosti-na-kmetijah\/\" class=\"post-thumbnail-rollover layzr-bg layzr-bg\" ><img decoding=\"async\" class=\"blog-thumb-lazy-load preload-me lazy-load aspect\" src=\"data:image\/svg+xml,%3Csvg%20xmlns%3D&#39;http%3A%2F%2Fwww.w3.org%2F2000%2Fsvg&#39;%20viewBox%3D&#39;0%200%20750%20500&#39;%2F%3E\" data-src=\"https:\/\/www.las-stik.si\/programsko-obdobje-2014-2020\/wp-content\/uploads\/2017\/10\/logo_zpk_barvni-750x500.jpg\" data-srcset=\"https:\/\/www.las-stik.si\/programsko-obdobje-2014-2020\/wp-content\/uploads\/2017\/10\/logo_zpk_barvni-750x500.jpg 750w\" loading=\"eager\" style=\"--ratio: 750 \/ 500\" sizes=\"(max-width: 750px) 100vw, 750px\" alt=\"logo zpk barvni\" title=\"logo zpk barvni\" width=\"750\" height=\"500\"  \/><\/a>\n\t<\/div>\n<\/div>\n\n\n<div class=\"post-entry-content\">\n\n\t<h3 class=\"entry-title\">\n\t\t<a href=\"https:\/\/www.las-stik.si\/programsko-obdobje-2014-2020\/novice\/zakljucni-posvet-projekta-sodelovanja-zaposlitvene-priloznosti-na-kmetijah\/\" title=\"Zaklju\u010dni posvet projekta sodelovanja Zaposlitvene prilo\u017enosti na kmetijah\" rel=\"bookmark\">Zaklju\u010dni posvet projekta sodelovanja Zaposlitvene prilo\u017enosti na kmetijah<\/a>\n\t<\/h3>\n\n\t<div class=\"entry-meta\"><a href=\"https:\/\/www.las-stik.si\/programsko-obdobje-2014-2020\/2018\/06\/01\/\" title=\"14:09\" class=\"data-link\" rel=\"bookmark\"><time class=\"entry-date updated\" datetime=\"2018-06-01T14:09:26+02:00\">1. junija, 2018<\/time><\/a><\/div>\n\t<div class=\"entry-excerpt\"><p>V okviru projekta Zaposlitvene prilo\u017enosti na kmetijah bo v \u010detrtek, 7. 6. 2018, v prostorih Turisti\u010dnega kompleksa Jezero, Trdnjava 3, 1330 Ko\u010devje, organiziran zaklju\u010dni posvet&hellip;<\/p>\n<\/div>\n\t\n<a href=\"https:\/\/www.las-stik.si\/programsko-obdobje-2014-2020\/novice\/zakljucni-posvet-projekta-sodelovanja-zaposlitvene-priloznosti-na-kmetijah\/\" class=\"dt-btn-s dt-btn post-details details-type-btn\" aria-label=\"Read more about Zaklju\u010dni posvet projekta sodelovanja Zaposlitvene prilo\u017enosti na kmetijah\">Ve\u010d ...<i class=\"dt-icon-the7-arrow-03\" aria-hidden=\"true\"><\/i><\/a>\n\n<\/div><\/article><article class=\"post project-odd hidden no-img post-2364 type-post status-publish format-standard hentry category-novice category-33 description-off\" data-name=\"Ozna\u010devanje vira financiranja EKSRP\" data-date=\"2018-05-21T13:51:00+02:00\">\n\n<div class=\"post-entry-content\">\n\n\t<h3 class=\"entry-title\">\n\t\t<a href=\"https:\/\/www.las-stik.si\/programsko-obdobje-2014-2020\/novice\/oznacevanje-vira-financiranja-eksrp\/\" title=\"Ozna\u010devanje vira financiranja EKSRP\" rel=\"bookmark\">Ozna\u010devanje vira financiranja EKSRP<\/a>\n\t<\/h3>\n\n\t<div class=\"entry-meta\"><a href=\"https:\/\/www.las-stik.si\/programsko-obdobje-2014-2020\/2018\/05\/21\/\" title=\"13:51\" class=\"data-link\" rel=\"bookmark\"><time class=\"entry-date updated\" datetime=\"2018-05-21T13:51:00+02:00\">21. maja, 2018<\/time><\/a><\/div>\n\t<div class=\"entry-excerpt\"><p>Dne 24. 4. 2018 je Ministrstvo za kmetijstvo, gozdarstvo in prehrano skupaj z Agencijo RS za kmetijske trge in razvoj pode\u017eelja, izvedlo spletni seminar o&hellip;<\/p>\n<\/div>\n\t\n<a href=\"https:\/\/www.las-stik.si\/programsko-obdobje-2014-2020\/novice\/oznacevanje-vira-financiranja-eksrp\/\" class=\"dt-btn-s dt-btn post-details details-type-btn\" aria-label=\"Read more about Ozna\u010devanje vira financiranja EKSRP\">Ve\u010d ...<i class=\"dt-icon-the7-arrow-03\" aria-hidden=\"true\"><\/i><\/a>\n\n<\/div><\/article><article class=\"post project-odd hidden no-img post-2366 type-post status-publish format-standard hentry category-novice category-33 description-off\" data-name=\"Izvajanje lokalnega razvoja, ki ga vodi skupnost (CLLD) danes in jutri.\" data-date=\"2018-04-26T14:00:00+02:00\">\n\n<div class=\"post-entry-content\">\n\n\t<h3 class=\"entry-title\">\n\t\t<a href=\"https:\/\/www.las-stik.si\/programsko-obdobje-2014-2020\/novice\/izvajanje-lokalnega-razvoja-ki-ga-vodi-skupnost-clld-danes-in-jutri\/\" title=\"Izvajanje lokalnega razvoja, ki ga vodi skupnost (CLLD) danes in jutri.\" rel=\"bookmark\">Izvajanje lokalnega razvoja, ki ga vodi skupnost (CLLD) danes in jutri.<\/a>\n\t<\/h3>\n\n\t<div class=\"entry-meta\"><a href=\"https:\/\/www.las-stik.si\/programsko-obdobje-2014-2020\/2018\/04\/26\/\" title=\"14:00\" class=\"data-link\" rel=\"bookmark\"><time class=\"entry-date updated\" datetime=\"2018-04-26T14:00:00+02:00\">26. aprila, 2018<\/time><\/a><\/div>\n\t<div class=\"entry-excerpt\"><p>Dr\u017eavni svet Republike Slovenije in Dru&scaron;tvo za razvoj slovenskega pode\u017eelja (DRSP) sta 23. aprila 2018, na pobudo Dru&scaron;tva za razvoj slovenskega pode\u017eelja in dr\u017eavnega svetnika&hellip;<\/p>\n<\/div>\n\t\n<a href=\"https:\/\/www.las-stik.si\/programsko-obdobje-2014-2020\/novice\/izvajanje-lokalnega-razvoja-ki-ga-vodi-skupnost-clld-danes-in-jutri\/\" class=\"dt-btn-s dt-btn post-details details-type-btn\" aria-label=\"Read more about Izvajanje lokalnega razvoja, ki ga vodi skupnost (CLLD) danes in jutri.\">Ve\u010d ...<i class=\"dt-icon-the7-arrow-03\" aria-hidden=\"true\"><\/i><\/a>\n\n<\/div><\/article><article class=\"post project-odd hidden post-2363 type-post status-publish format-standard has-post-thumbnail hentry category-novice category-33 description-off\" data-name=\"Obiskali smo kmetijo Zadrgal in Zavod Grunt\" data-date=\"2018-04-18T13:36:00+02:00\">\n\n<div class=\"post-thumbnail-wrap\">\n\t<div class=\"post-thumbnail\">\n\n\t\t\n\t\t\n\t\t<a href=\"https:\/\/www.las-stik.si\/programsko-obdobje-2014-2020\/novice\/obiskali-smo-kmetijo-zadrgal-in-zavod-grunt\/\" class=\"post-thumbnail-rollover layzr-bg layzr-bg\" ><img decoding=\"async\" class=\"blog-thumb-lazy-load preload-me lazy-load aspect\" src=\"data:image\/svg+xml,%3Csvg%20xmlns%3D&#39;http%3A%2F%2Fwww.w3.org%2F2000%2Fsvg&#39;%20viewBox%3D&#39;0%200%20750%20500&#39;%2F%3E\" data-src=\"https:\/\/www.las-stik.si\/programsko-obdobje-2014-2020\/wp-content\/uploads\/2017\/10\/logo_zpk_barvni-750x500.jpg\" data-srcset=\"https:\/\/www.las-stik.si\/programsko-obdobje-2014-2020\/wp-content\/uploads\/2017\/10\/logo_zpk_barvni-750x500.jpg 750w\" loading=\"eager\" style=\"--ratio: 750 \/ 500\" sizes=\"(max-width: 750px) 100vw, 750px\" alt=\"logo zpk barvni\" title=\"logo zpk barvni\" width=\"750\" height=\"500\"  \/><\/a>\n\t<\/div>\n<\/div>\n\n\n<div class=\"post-entry-content\">\n\n\t<h3 class=\"entry-title\">\n\t\t<a href=\"https:\/\/www.las-stik.si\/programsko-obdobje-2014-2020\/novice\/obiskali-smo-kmetijo-zadrgal-in-zavod-grunt\/\" title=\"Obiskali smo kmetijo Zadrgal in Zavod Grunt\" rel=\"bookmark\">Obiskali smo kmetijo Zadrgal in Zavod Grunt<\/a>\n\t<\/h3>\n\n\t<div class=\"entry-meta\"><a href=\"https:\/\/www.las-stik.si\/programsko-obdobje-2014-2020\/2018\/04\/18\/\" title=\"13:36\" class=\"data-link\" rel=\"bookmark\"><time class=\"entry-date updated\" datetime=\"2018-04-18T13:36:00+02:00\">18. aprila, 2018<\/time><\/a><\/div>\n\t<div class=\"entry-excerpt\"><p>V okviru projekta sodelovanja Zaposlitvene prilo\u017enosti na kmetijah smo z zainteresiranimi udele\u017eenci delavnic obiskali Zavod Grunt, ki deluje v okviru kmetije Zadrgal.Zavod Grunt je prvi&hellip;<\/p>\n<\/div>\n\t\n<a href=\"https:\/\/www.las-stik.si\/programsko-obdobje-2014-2020\/novice\/obiskali-smo-kmetijo-zadrgal-in-zavod-grunt\/\" class=\"dt-btn-s dt-btn post-details details-type-btn\" aria-label=\"Read more about Obiskali smo kmetijo Zadrgal in Zavod Grunt\">Ve\u010d ...<i class=\"dt-icon-the7-arrow-03\" aria-hidden=\"true\"><\/i><\/a>\n\n<\/div><\/article><article class=\"post project-odd hidden no-img post-2362 type-post status-publish format-standard hentry category-novice category-33 description-off\" data-name=\"Sprememba uredbe CLLD\" data-date=\"2018-04-09T13:01:59+02:00\">\n\n<div class=\"post-entry-content\">\n\n\t<h3 class=\"entry-title\">\n\t\t<a href=\"https:\/\/www.las-stik.si\/programsko-obdobje-2014-2020\/novice\/sprememba-uredbe-clld\/\" title=\"Sprememba uredbe CLLD\" rel=\"bookmark\">Sprememba uredbe CLLD<\/a>\n\t<\/h3>\n\n\t<div class=\"entry-meta\"><a href=\"https:\/\/www.las-stik.si\/programsko-obdobje-2014-2020\/2018\/04\/09\/\" title=\"13:01\" class=\"data-link\" rel=\"bookmark\"><time class=\"entry-date updated\" datetime=\"2018-04-09T13:01:59+02:00\">9. aprila, 2018<\/time><\/a><\/div>\n\t<div class=\"entry-excerpt\"><p>V petek 6.4.2018 je bila v Uradnem listu RS &scaron;t. 23\/2018 objavljena Uredba o spremembah in dopolnitvah uredbe o izvajanju lokalnega razvoja, ki ga vodi&hellip;<\/p>\n<\/div>\n\t\n<a href=\"https:\/\/www.las-stik.si\/programsko-obdobje-2014-2020\/novice\/sprememba-uredbe-clld\/\" class=\"dt-btn-s dt-btn post-details details-type-btn\" aria-label=\"Read more about Sprememba uredbe CLLD\">Ve\u010d ...<i class=\"dt-icon-the7-arrow-03\" aria-hidden=\"true\"><\/i><\/a>\n\n<\/div><\/article><article class=\"post project-odd hidden no-img post-2291 type-post status-publish format-standard hentry category-javni-pozivi category-4 description-off\" data-name=\"1. javni poziv za izbor operacij za uresni\u010devanje ciljev Strategije lokalnega razvoja na obmo\u010dju LAS STIK v letu 2018\" data-date=\"2018-02-19T10:49:37+01:00\">\n\n<div class=\"post-entry-content\">\n\n\t<h3 class=\"entry-title\">\n\t\t<a href=\"https:\/\/www.las-stik.si\/programsko-obdobje-2014-2020\/javni-pozivi\/1-javni-poziv-2018\/\" title=\"1. javni poziv za izbor operacij za uresni\u010devanje ciljev Strategije lokalnega razvoja na obmo\u010dju LAS STIK v letu 2018\" rel=\"bookmark\">1. javni poziv za izbor operacij za uresni\u010devanje ciljev Strategije lokalnega razvoja na obmo\u010dju LAS STIK v letu 2018<\/a>\n\t<\/h3>\n\n\t<div class=\"entry-meta\"><a href=\"https:\/\/www.las-stik.si\/programsko-obdobje-2014-2020\/2018\/02\/19\/\" title=\"10:49\" class=\"data-link\" rel=\"bookmark\"><time class=\"entry-date updated\" datetime=\"2018-02-19T10:49:37+01:00\">19. februarja, 2018<\/time><\/a><\/div>\n\t<div class=\"entry-excerpt\"><p>&nbsp;&nbsp;&nbsp;&nbsp; Center za izobra\u017eevanje in kulturo Trebnje, Kidri\u010deva ulica 2, 8210 Trebnje, kot vodilni partner &nbsp;&nbsp;&nbsp;&nbsp;&nbsp;&nbsp;&nbsp;&nbsp;&nbsp;&nbsp;&nbsp;&nbsp; LAS Suhe krajine, Temenice in Krke, Kidri\u010deva ulica 2,&hellip;<\/p>\n<\/div>\n\t\n<a href=\"https:\/\/www.las-stik.si\/programsko-obdobje-2014-2020\/javni-pozivi\/1-javni-poziv-2018\/\" class=\"dt-btn-s dt-btn post-details details-type-btn\" aria-label=\"Read more about 1. javni poziv za izbor operacij za uresni\u010devanje ciljev Strategije lokalnega razvoja na obmo\u010dju LAS STIK v letu 2018\">Ve\u010d ...<i class=\"dt-icon-the7-arrow-03\" aria-hidden=\"true\"><\/i><\/a>\n\n<\/div><\/article><article class=\"post project-odd hidden post-2276 type-post status-publish format-standard has-post-thumbnail hentry category-novice category-33 description-off\" data-name=\"Zgodbe rok in krajev\" data-date=\"2017-10-18T09:15:29+02:00\">\n\n<div class=\"post-thumbnail-wrap\">\n\t<div class=\"post-thumbnail\">\n\n\t\t\n\t\t\n\t\t<a href=\"https:\/\/www.las-stik.si\/programsko-obdobje-2014-2020\/novice\/zgodbe-rok-in-krajev\/\" class=\"post-thumbnail-rollover layzr-bg layzr-bg\" ><img decoding=\"async\" class=\"blog-thumb-lazy-load preload-me lazy-load aspect\" src=\"data:image\/svg+xml,%3Csvg%20xmlns%3D&#39;http%3A%2F%2Fwww.w3.org%2F2000%2Fsvg&#39;%20viewBox%3D&#39;0%200%20159%20106&#39;%2F%3E\" data-src=\"https:\/\/www.las-stik.si\/programsko-obdobje-2014-2020\/wp-content\/uploads\/2017\/10\/zgodbe_2_navp.240x0-159x106.jpg\" data-srcset=\"https:\/\/www.las-stik.si\/programsko-obdobje-2014-2020\/wp-content\/uploads\/2017\/10\/zgodbe_2_navp.240x0-159x106.jpg 159w\" loading=\"eager\" style=\"--ratio: 159 \/ 106\" sizes=\"(max-width: 159px) 100vw, 159px\" alt=\"zgodbe 2 navp.240x0\" title=\"zgodbe 2 navp.240&#215;0\" width=\"159\" height=\"106\"  \/><\/a>\n\t<\/div>\n<\/div>\n\n\n<div class=\"post-entry-content\">\n\n\t<h3 class=\"entry-title\">\n\t\t<a href=\"https:\/\/www.las-stik.si\/programsko-obdobje-2014-2020\/novice\/zgodbe-rok-in-krajev\/\" title=\"Zgodbe rok in krajev\" rel=\"bookmark\">Zgodbe rok in krajev<\/a>\n\t<\/h3>\n\n\t<div class=\"entry-meta\"><a href=\"https:\/\/www.las-stik.si\/programsko-obdobje-2014-2020\/2017\/10\/18\/\" title=\"9:15\" class=\"data-link\" rel=\"bookmark\"><time class=\"entry-date updated\" datetime=\"2017-10-18T09:15:29+02:00\">18. oktobra, 2017<\/time><\/a><\/div>\n\t<div class=\"entry-excerpt\"><p>&nbsp; LAS STIK je kot partner pristopil v projekt sodelovanja 11 Lokalnih akcijskih skupin iz Slovenije &raquo;Zgodbe rok in krajev&laquo;, ki bo omogo\u010dil rokodelcem aktivno&hellip;<\/p>\n<\/div>\n\t\n<a href=\"https:\/\/www.las-stik.si\/programsko-obdobje-2014-2020\/novice\/zgodbe-rok-in-krajev\/\" class=\"dt-btn-s dt-btn post-details details-type-btn\" aria-label=\"Read more about Zgodbe rok in krajev\">Ve\u010d ...<i class=\"dt-icon-the7-arrow-03\" aria-hidden=\"true\"><\/i><\/a>\n\n<\/div><\/article><article class=\"post project-odd hidden post-2273 type-post status-publish format-standard has-post-thumbnail hentry category-novice category-33 description-off\" data-name=\"Zaposlitvene prilo\u017enosti na kmetijah\" data-date=\"2017-10-03T09:12:42+02:00\">\n\n<div class=\"post-thumbnail-wrap\">\n\t<div class=\"post-thumbnail\">\n\n\t\t\n\t\t\n\t\t<a href=\"https:\/\/www.las-stik.si\/programsko-obdobje-2014-2020\/novice\/zaposlitvene-priloznosti-na-kmetijah\/\" class=\"post-thumbnail-rollover layzr-bg layzr-bg\" ><img decoding=\"async\" class=\"blog-thumb-lazy-load preload-me lazy-load aspect\" src=\"data:image\/svg+xml,%3Csvg%20xmlns%3D&#39;http%3A%2F%2Fwww.w3.org%2F2000%2Fsvg&#39;%20viewBox%3D&#39;0%200%20750%20500&#39;%2F%3E\" data-src=\"https:\/\/www.las-stik.si\/programsko-obdobje-2014-2020\/wp-content\/uploads\/2017\/10\/logo_zpk_barvni-750x500.jpg\" data-srcset=\"https:\/\/www.las-stik.si\/programsko-obdobje-2014-2020\/wp-content\/uploads\/2017\/10\/logo_zpk_barvni-750x500.jpg 750w\" loading=\"eager\" style=\"--ratio: 750 \/ 500\" sizes=\"(max-width: 750px) 100vw, 750px\" alt=\"logo zpk barvni\" title=\"logo zpk barvni\" width=\"750\" height=\"500\"  \/><\/a>\n\t<\/div>\n<\/div>\n\n\n<div class=\"post-entry-content\">\n\n\t<h3 class=\"entry-title\">\n\t\t<a href=\"https:\/\/www.las-stik.si\/programsko-obdobje-2014-2020\/novice\/zaposlitvene-priloznosti-na-kmetijah\/\" title=\"Zaposlitvene prilo\u017enosti na kmetijah\" rel=\"bookmark\">Zaposlitvene prilo\u017enosti na kmetijah<\/a>\n\t<\/h3>\n\n\t<div class=\"entry-meta\"><a href=\"https:\/\/www.las-stik.si\/programsko-obdobje-2014-2020\/2017\/10\/03\/\" title=\"9:12\" class=\"data-link\" rel=\"bookmark\"><time class=\"entry-date updated\" datetime=\"2017-10-03T09:12:42+02:00\">3. oktobra, 2017<\/time><\/a><\/div>\n\t<div class=\"entry-excerpt\"><p>&#8220;Zaposlitvene prilo\u017enosti na kmetijah&#8221; je projekt sodelovanja &scaron;tirih Lokalnih akcijskih skupin: LAS Dolenjska in Bela krajina, LAS Po poteh dedi&scaron;\u010dine od Turjaka do Kolpe LAS&hellip;<\/p>\n<\/div>\n\t\n<a href=\"https:\/\/www.las-stik.si\/programsko-obdobje-2014-2020\/novice\/zaposlitvene-priloznosti-na-kmetijah\/\" class=\"dt-btn-s dt-btn post-details details-type-btn\" aria-label=\"Read more about Zaposlitvene prilo\u017enosti na kmetijah\">Ve\u010d ...<i class=\"dt-icon-the7-arrow-03\" aria-hidden=\"true\"><\/i><\/a>\n\n<\/div><\/article><article class=\"post project-odd hidden no-img post-2267 type-post status-publish format-standard hentry category-javni-pozivi category-4 description-off\" data-name=\"2. Javni poziv za izbor operacij za uresni\u010devanje ciljev Strategije lokalnega razvoja na onbo\u010dju LAS STIK v letu 2017\" data-date=\"2017-08-21T13:02:33+02:00\">\n\n<div class=\"post-entry-content\">\n\n\t<h3 class=\"entry-title\">\n\t\t<a href=\"https:\/\/www.las-stik.si\/programsko-obdobje-2014-2020\/javni-pozivi\/2-javni-poziv-2017\/\" title=\"2. Javni poziv za izbor operacij za uresni\u010devanje ciljev Strategije lokalnega razvoja na onbo\u010dju LAS STIK v letu 2017\" rel=\"bookmark\">2. Javni poziv za izbor operacij za uresni\u010devanje ciljev Strategije lokalnega razvoja na onbo\u010dju LAS STIK v letu 2017<\/a>\n\t<\/h3>\n\n\t<div class=\"entry-meta\"><a href=\"https:\/\/www.las-stik.si\/programsko-obdobje-2014-2020\/2017\/08\/21\/\" title=\"13:02\" class=\"data-link\" rel=\"bookmark\"><time class=\"entry-date updated\" datetime=\"2017-08-21T13:02:33+02:00\">21. avgusta, 2017<\/time><\/a><\/div>\n\t<div class=\"entry-excerpt\"><p>Center za izobra\u017eevanje in kulturo Trebnje, Kidri\u010deva ulica 2, 8210 Trebnje, kot vodilni partner LAS Suhe krajine, &nbsp;&nbsp;&nbsp;&nbsp;&nbsp;&nbsp;&nbsp;&nbsp;&nbsp;&nbsp;&nbsp;&nbsp;&nbsp;&nbsp;&nbsp;&nbsp;&nbsp;&nbsp;&nbsp;&nbsp;&nbsp; &nbsp; &nbsp; &nbsp; &nbsp; &nbsp;&nbsp; &nbsp; Temenice&hellip;<\/p>\n<\/div>\n\t\n<a href=\"https:\/\/www.las-stik.si\/programsko-obdobje-2014-2020\/javni-pozivi\/2-javni-poziv-2017\/\" class=\"dt-btn-s dt-btn post-details details-type-btn\" aria-label=\"Read more about 2. Javni poziv za izbor operacij za uresni\u010devanje ciljev Strategije lokalnega razvoja na onbo\u010dju LAS STIK v letu 2017\">Ve\u010d ...<i class=\"dt-icon-the7-arrow-03\" aria-hidden=\"true\"><\/i><\/a>\n\n<\/div><\/article><article class=\"post project-odd hidden no-img post-2184 type-post status-publish format-standard hentry category-javni-pozivi category-4 description-off\" data-name=\"1. Javni poziv za izbor operacij za uresni\u010devanje ciljev Strategije lokalnega razvoja na onbo\u010dju LAS STIK v letu 2017\" data-date=\"2017-04-10T10:11:42+02:00\">\n\n<div class=\"post-entry-content\">\n\n\t<h3 class=\"entry-title\">\n\t\t<a href=\"https:\/\/www.las-stik.si\/programsko-obdobje-2014-2020\/javni-pozivi\/1-javni-poziv-2017\/\" title=\"1. Javni poziv za izbor operacij za uresni\u010devanje ciljev Strategije lokalnega razvoja na onbo\u010dju LAS STIK v letu 2017\" rel=\"bookmark\">1. Javni poziv za izbor operacij za uresni\u010devanje ciljev Strategije lokalnega razvoja na onbo\u010dju LAS STIK v letu 2017<\/a>\n\t<\/h3>\n\n\t<div class=\"entry-meta\"><a href=\"https:\/\/www.las-stik.si\/programsko-obdobje-2014-2020\/2017\/04\/10\/\" title=\"10:11\" class=\"data-link\" rel=\"bookmark\"><time class=\"entry-date updated\" datetime=\"2017-04-10T10:11:42+02:00\">10. aprila, 2017<\/time><\/a><\/div>\n\t<div class=\"entry-excerpt\"><p>&nbsp; Center za izobra\u017eevanje in kulturo Trebnje, Kidri\u010deva ulica 2, 8210 Trebnje, kot vodilni partner LAS Suhe krajine, Temenice in Krke, Kidri\u010deva ulica 2, 8210&hellip;<\/p>\n<\/div>\n\t\n<a href=\"https:\/\/www.las-stik.si\/programsko-obdobje-2014-2020\/javni-pozivi\/1-javni-poziv-2017\/\" class=\"dt-btn-s dt-btn post-details details-type-btn\" aria-label=\"Read more about 1. Javni poziv za izbor operacij za uresni\u010devanje ciljev Strategije lokalnega razvoja na onbo\u010dju LAS STIK v letu 2017\">Ve\u010d ...<i class=\"dt-icon-the7-arrow-03\" aria-hidden=\"true\"><\/i><\/a>\n\n<\/div><\/article><article class=\"post project-odd hidden no-img post-2252 type-post status-publish format-standard hentry category-novice category-33 description-off\" data-name=\"Na\u010drt objav razpisov iz PRP 2014-2020 v letu 2016\" data-date=\"2016-01-08T09:23:00+01:00\">\n\n<div class=\"post-entry-content\">\n\n\t<h3 class=\"entry-title\">\n\t\t<a href=\"https:\/\/www.las-stik.si\/programsko-obdobje-2014-2020\/novice\/nacrt-objav-razpisov-iz-prp-2014-2020-v-letu-2016\/\" title=\"Na\u010drt objav razpisov iz PRP 2014-2020 v letu 2016\" rel=\"bookmark\">Na\u010drt objav razpisov iz PRP 2014-2020 v letu 2016<\/a>\n\t<\/h3>\n\n\t<div class=\"entry-meta\"><a href=\"https:\/\/www.las-stik.si\/programsko-obdobje-2014-2020\/2016\/01\/08\/\" title=\"9:23\" class=\"data-link\" rel=\"bookmark\"><time class=\"entry-date updated\" datetime=\"2016-01-08T09:23:00+01:00\">8. januarja, 2016<\/time><\/a><\/div>\n\t<div class=\"entry-excerpt\"><p>Ministrstvo za kmetijstvo, gozdarstvo in prehrano (MKGP) je objavil na\u010drt predvidenih objav razpisov iz PRP 2014 &ndash; 2020 v letu 2016&#8230;preberite ve\u010d&#8230;<\/p>\n<\/div>\n\t\n<a href=\"https:\/\/www.las-stik.si\/programsko-obdobje-2014-2020\/novice\/nacrt-objav-razpisov-iz-prp-2014-2020-v-letu-2016\/\" class=\"dt-btn-s dt-btn post-details details-type-btn\" aria-label=\"Read more about Na\u010drt objav razpisov iz PRP 2014-2020 v letu 2016\">Ve\u010d ...<i class=\"dt-icon-the7-arrow-03\" aria-hidden=\"true\"><\/i><\/a>\n\n<\/div><\/article><article class=\"post project-odd hidden no-img post-2251 type-post status-publish format-standard hentry category-novice category-33 description-off\" data-name=\"2. SEJA SKUP\u0160\u010cINE LAS STIK\" data-date=\"2015-10-29T13:23:26+01:00\">\n\n<div class=\"post-entry-content\">\n\n\t<h3 class=\"entry-title\">\n\t\t<a href=\"https:\/\/www.las-stik.si\/programsko-obdobje-2014-2020\/novice\/2-seja-skupscine-las-stik\/\" title=\"2. SEJA SKUP\u0160\u010cINE LAS STIK\" rel=\"bookmark\">2. SEJA SKUP\u0160\u010cINE LAS STIK<\/a>\n\t<\/h3>\n\n\t<div class=\"entry-meta\"><a href=\"https:\/\/www.las-stik.si\/programsko-obdobje-2014-2020\/2015\/10\/29\/\" title=\"13:23\" class=\"data-link\" rel=\"bookmark\"><time class=\"entry-date updated\" datetime=\"2015-10-29T13:23:26+01:00\">29. oktobra, 2015<\/time><\/a><\/div>\n\t<div class=\"entry-excerpt\"><p>V sredo, 28. oktobra 2015, ob 18. uri je potekala druga skup&scaron;\u010dina vseh \u010dlanov LAS STIK, in sicer v prostorih Centra za izobra\u017eevanje in kulturo.&#8230;preberite&hellip;<\/p>\n<\/div>\n\t\n<a href=\"https:\/\/www.las-stik.si\/programsko-obdobje-2014-2020\/novice\/2-seja-skupscine-las-stik\/\" class=\"dt-btn-s dt-btn post-details details-type-btn\" aria-label=\"Read more about 2. SEJA SKUP\u0160\u010cINE LAS STIK\">Ve\u010d ...<i class=\"dt-icon-the7-arrow-03\" aria-hidden=\"true\"><\/i><\/a>\n\n<\/div><\/article><article class=\"post project-odd hidden no-img post-2248 type-post status-publish format-standard hentry category-novice category-33 description-off\" data-name=\"Delavnice LAS STIK\" data-date=\"2015-09-28T16:07:30+02:00\">\n\n<div class=\"post-entry-content\">\n\n\t<h3 class=\"entry-title\">\n\t\t<a href=\"https:\/\/www.las-stik.si\/programsko-obdobje-2014-2020\/novice\/delavnice-las-stik\/\" title=\"Delavnice LAS STIK\" rel=\"bookmark\">Delavnice LAS STIK<\/a>\n\t<\/h3>\n\n\t<div class=\"entry-meta\"><a href=\"https:\/\/www.las-stik.si\/programsko-obdobje-2014-2020\/2015\/09\/28\/\" title=\"16:07\" class=\"data-link\" rel=\"bookmark\"><time class=\"entry-date updated\" datetime=\"2015-09-28T16:07:30+02:00\">28. septembra, 2015<\/time><\/a><\/div>\n\t<div class=\"entry-excerpt\"><p>V mesecu septembru 2015 so potekale intenzivne delavnice, z namenom aktivnega vklju\u010devanja lokalnega prebivalstva v pripravo Strategije lokalnega razvoja (SLR) obmo\u010dja LAS STIK. Z namenom&hellip;<\/p>\n<\/div>\n\t\n<a href=\"https:\/\/www.las-stik.si\/programsko-obdobje-2014-2020\/novice\/delavnice-las-stik\/\" class=\"dt-btn-s dt-btn post-details details-type-btn\" aria-label=\"Read more about Delavnice LAS STIK\">Ve\u010d ...<i class=\"dt-icon-the7-arrow-03\" aria-hidden=\"true\"><\/i><\/a>\n\n<\/div><\/article><article class=\"post project-odd hidden no-img post-2241 type-post status-publish format-standard hentry category-javni-pozivi category-4 description-off\" data-name=\"1. Javni poziv za izbor operacij za uresni\u010devanje ciljev Strategije lokalnega razvoja na obmo\u010dju LAS STIK v letu 2016\" data-date=\"2015-09-12T17:04:59+02:00\">\n\n<div class=\"post-entry-content\">\n\n\t<h3 class=\"entry-title\">\n\t\t<a href=\"https:\/\/www.las-stik.si\/programsko-obdobje-2014-2020\/javni-pozivi\/1-javni-poziv-2016\/\" title=\"1. Javni poziv za izbor operacij za uresni\u010devanje ciljev Strategije lokalnega razvoja na obmo\u010dju LAS STIK v letu 2016\" rel=\"bookmark\">1. Javni poziv za izbor operacij za uresni\u010devanje ciljev Strategije lokalnega razvoja na obmo\u010dju LAS STIK v letu 2016<\/a>\n\t<\/h3>\n\n\t<div class=\"entry-meta\"><a href=\"https:\/\/www.las-stik.si\/programsko-obdobje-2014-2020\/2015\/09\/12\/\" title=\"17:04\" class=\"data-link\" rel=\"bookmark\"><time class=\"entry-date updated\" datetime=\"2015-09-12T17:04:59+02:00\">12. septembra, 2015<\/time><\/a><\/div>\n\t<div class=\"entry-excerpt\"><p>Center za izobra\u017eevanje in kulturo Trebnje, Kidri\u010deva ulica 2, 8210 Trebnje, kot vodilni partner LAS Suhe krajine, Temenice in Krke, Kidri\u010deva ulica 2, 8210 Trebnje&hellip;<\/p>\n<\/div>\n\t\n<a href=\"https:\/\/www.las-stik.si\/programsko-obdobje-2014-2020\/javni-pozivi\/1-javni-poziv-2016\/\" class=\"dt-btn-s dt-btn post-details details-type-btn\" aria-label=\"Read more about 1. Javni poziv za izbor operacij za uresni\u010devanje ciljev Strategije lokalnega razvoja na obmo\u010dju LAS STIK v letu 2016\">Ve\u010d ...<i class=\"dt-icon-the7-arrow-03\" aria-hidden=\"true\"><\/i><\/a>\n\n<\/div><\/article><article class=\"post project-odd hidden no-img post-2213 type-post status-publish format-standard hentry category-novice category-33 description-off\" data-name=\"\u010clani LAS STIK\" data-date=\"2015-09-12T17:04:59+02:00\">\n\n<div class=\"post-entry-content\">\n\n\t<h3 class=\"entry-title\">\n\t\t<a href=\"https:\/\/www.las-stik.si\/programsko-obdobje-2014-2020\/novice\/clani-las-stik\/\" title=\"\u010clani LAS STIK\" rel=\"bookmark\">\u010clani LAS STIK<\/a>\n\t<\/h3>\n\n\t<div class=\"entry-meta\"><a href=\"https:\/\/www.las-stik.si\/programsko-obdobje-2014-2020\/2015\/09\/12\/\" title=\"17:04\" class=\"data-link\" rel=\"bookmark\"><time class=\"entry-date updated\" datetime=\"2015-09-12T17:04:59+02:00\">12. septembra, 2015<\/time><\/a><\/div>\n\t<div class=\"entry-excerpt\"><p>\u010clani LAS STIK \u010clanstvo LAS STIK je prostovoljno in odprtega tipa, dostopno vsem pod enakimi pogoji. V LAS se lahko v\u010dlani vsak, ki bo s&hellip;<\/p>\n<\/div>\n\t\n<a href=\"https:\/\/www.las-stik.si\/programsko-obdobje-2014-2020\/novice\/clani-las-stik\/\" class=\"dt-btn-s dt-btn post-details details-type-btn\" aria-label=\"Read more about \u010clani LAS STIK\">Ve\u010d ...<i class=\"dt-icon-the7-arrow-03\" aria-hidden=\"true\"><\/i><\/a>\n\n<\/div><\/article><article class=\"post project-odd hidden no-img post-2505 type-post status-publish format-standard hentry category-novice category-33 description-off\" data-name=\"Ustanovna skup\u0161\u010dina LAS STIK\" data-date=\"2015-07-22T18:07:19+02:00\">\n\n<div class=\"post-entry-content\">\n\n\t<h3 class=\"entry-title\">\n\t\t<a href=\"https:\/\/www.las-stik.si\/programsko-obdobje-2014-2020\/novice\/ustanovna-skupscina-las-stik-2\/\" title=\"Ustanovna skup\u0161\u010dina LAS STIK\" rel=\"bookmark\">Ustanovna skup\u0161\u010dina LAS STIK<\/a>\n\t<\/h3>\n\n\t<div class=\"entry-meta\"><a href=\"https:\/\/www.las-stik.si\/programsko-obdobje-2014-2020\/2015\/07\/22\/\" title=\"18:07\" class=\"data-link\" rel=\"bookmark\"><time class=\"entry-date updated\" datetime=\"2015-07-22T18:07:19+02:00\">22. julija, 2015<\/time><\/a><\/div>\n\t<div class=\"entry-excerpt\"><p>V sredo, 22. julija 2015, je v \u017du\u017eemberku v grajski kletni dvorani potekala ustanovna skup\u0161\u010dina Lokalne akcijske skupine Suha krajina, Temenica in Krka (STIK). Oblikovala&hellip;<\/p>\n<\/div>\n\t\n<a href=\"https:\/\/www.las-stik.si\/programsko-obdobje-2014-2020\/novice\/ustanovna-skupscina-las-stik-2\/\" class=\"dt-btn-s dt-btn post-details details-type-btn\" aria-label=\"Read more about Ustanovna skup\u0161\u010dina LAS STIK\">Ve\u010d ...<i class=\"dt-icon-the7-arrow-03\" aria-hidden=\"true\"><\/i><\/a>\n\n<\/div><\/article><div class=\"paginator\" role=\"navigation\"><\/div><\/div>[\/vc_column][\/vc_row]<\/p>\n<\/div>","protected":false},"excerpt":{"rendered":"<p>[vc_row][vc_column][\/vc_column][\/vc_row]<\/p>\n","protected":false},"author":1,"featured_media":0,"parent":0,"menu_order":65,"comment_status":"closed","ping_status":"closed","template":"","meta":{"footnotes":""},"_links":{"self":[{"href":"https:\/\/www.las-stik.si\/programsko-obdobje-2014-2020\/wp-json\/wp\/v2\/pages\/303"}],"collection":[{"href":"https:\/\/www.las-stik.si\/programsko-obdobje-2014-2020\/wp-json\/wp\/v2\/pages"}],"about":[{"href":"https:\/\/www.las-stik.si\/programsko-obdobje-2014-2020\/wp-json\/wp\/v2\/types\/page"}],"author":[{"embeddable":true,"href":"https:\/\/www.las-stik.si\/programsko-obdobje-2014-2020\/wp-json\/wp\/v2\/users\/1"}],"replies":[{"embeddable":true,"href":"https:\/\/www.las-stik.si\/programsko-obdobje-2014-2020\/wp-json\/wp\/v2\/comments?post=303"}],"version-history":[{"count":0,"href":"https:\/\/www.las-stik.si\/programsko-obdobje-2014-2020\/wp-json\/wp\/v2\/pages\/303\/revisions"}],"wp:attachment":[{"href":"https:\/\/www.las-stik.si\/programsko-obdobje-2014-2020\/wp-json\/wp\/v2\/media?parent=303"}],"curies":[{"name":"wp","href":"https:\/\/api.w.org\/{rel}","templated":true}]}}