{"id":3880,"date":"2022-09-07T11:18:51","date_gmt":"2022-09-07T09:18:51","guid":{"rendered":"https:\/\/www.las-stik.si\/programsko-obdobje-2014-2020\/?page_id=3880"},"modified":"2024-02-22T10:45:03","modified_gmt":"2024-02-22T09:45:03","slug":"veriga-eko-zelisc-od-dolenjske-do-krasa","status":"publish","type":"page","link":"https:\/\/www.las-stik.si\/programsko-obdobje-2014-2020\/projekti\/veriga-eko-zelisc-od-dolenjske-do-krasa\/","title":{"rendered":"Veriga eko zeli\u0161\u010d od Dolenjske do Krasa"},"content":{"rendered":"<blockquote>\n<p style=\"text-align: justify;\">Projekt Veriga eko zeli\u0161\u010d od Dolenjske do Krasa je nastal v partnerstvu z LAS Dolenjska in Bela krajina (vodilnim partnerjem), LAS STIK, LAS Po poteh dedi\u0161\u010dine od Turjaka do Kolpe in LAS Krasa in Brkinov. V\u00a0 projektu sodeluje 17 partnerjev, \u00a0od tega 7 \u00a0ekolo\u0161kih dele\u017enikov iz vklju\u010denega projektnega obmo\u010dja, k sodelovanju pa je partnerstvo pritegnilo tudi LAG \u010ca\u010dak \u2013 Gornji Milanovac iz Srbije. Zlasti slednje je pomembno, saj gre za prenos dobre prakse in izmenjave izku\u0161anj pri gojenju zeli\u0161\u010d kot tudi izvajanju samih aktivnosti LAS.<\/p>\n<\/blockquote>\n<p style=\"text-align: left;\"><span style=\"text-align: justify;\">\u00a0<\/span><\/p>\n<p>Obmo\u010dje vklju\u010denih partnerjev LAS se v ve\u010djem delu nahaja znotraj Nature 2000, ki je primerno za gojenje zeli\u0161\u010d. Projektno obmo\u010dje, sicer po pridelavi zeli\u0161\u010d nekoliko zaostaja za SLO povpre\u010djem, \u0161e vedno pa daje obmo\u010dje prednost pridelkom in aktivnostim, ki na manj\u0161ih povr\u0161inah dajejo ve\u010dji zaslu\u017eek od obi\u010dajnih kultur ali reje. Projekt je pripravljen z ambicijo, \u00a0da postane zeli\u0161\u010darstvo ena od vidnih kmetijskih panog, s poudarkom na ekolo\u0161ki pridelavi.<\/p>\n<p>Znotraj projekta so predvidene naslednje skupne aktivnosti:<\/p>\n<ul>\n<li><strong>Obnova obstoje\u010dih prostorov<\/strong> za izbolj\u0161anje delovnih pogojev za izvajanje zeli\u0161\u010dne dejavnosti, nakup profesionalne opreme za predelavo zeli\u0161\u010d, ureditev zeli\u0161\u010dnih vrtov za pridelavo zeli\u0161\u010d.<\/li>\n<li><strong>\u0160tevilni novi izdelki razviti<\/strong> v okviru projekta bodo prvi\u010d ponudeni na trgu partnerskih LAS in tudi \u0161ir\u0161e (npr. ekolo\u0161ki ekstrakt iz ameri\u0161kega slamnika, ekolo\u0161ka tinktura iz bezga, bio zeli\u0161\u010dni bomboni in lizalke, bio ekstrakt za prehranske izdelke za izparilnike, sladoled z zeli\u0161\u010di, eko hrustki, itd.). Za nove proizvode bo pridobljen ekolo\u0161ki certifikat<\/li>\n<li>Lokalni pridelovalci bodo na nekaterih obmo\u010djih (npr. Zakladi Ko\u010devske) lahko prvi\u010d dostopali do skupnih <strong>predelovalnih prostorov <\/strong>urejenih s pomo\u010djo financiranja iz projekta, kar bo pozitivno vplivalo na gospodarski razvoj obmo\u010dja<\/li>\n<li>V sklopu <strong>revitalizacije kra\u0161ke doma\u010dije<\/strong> bodo surovi in trenutno neuporabljeni prostori dobili novo zeli\u0161\u010dno namembnost. Doma\u010dija bo kot primer dobre prakse na ogled obiskovalcem.<\/li>\n<li>S pomo\u010djo sofinanciranja bodo <strong>zasejane nove povr\u0161ine z ekolo\u0161kimi zeli\u0161\u010di<\/strong> z razli\u010dno namembnostjo, tudi za zbiranje semenskega materiala, urejeni bodo v\u00a0 u\u010dne in\/ali oglede namene<\/li>\n<li>Oblikovano bo <strong>podporno okolje za strokovno svetovanje<\/strong> in pomo\u010d pri razvoju novih ekolo\u0161kih\u00a0 proizvodov zainteresiranih strani.<\/li>\n<li>Na obmo\u010dju partnerskih LAS bo <strong>prvi\u010d vzpostavljeno mre\u017eenje med razli\u010dnimi ekolo\u0161kimi dele\u017eniki<\/strong>, vzpostavljena bo mre\u017ea\/platforma pridelovalcev in predelovalcev zeli\u0161\u010d s poudarkom na ekolo\u0161ki pridelavi<\/li>\n<li>Premierno bodo na vseh obmo\u010djih partnerskih LAS izvedene razne zeli\u0161\u010dne motivacijske, animacijske, <strong>izobra\u017eevalne zeli\u0161\u010dne delavnice<\/strong>, posveti, izobra\u017eevanja, ogledi dobrih praks itd.,<\/li>\n<li>Pilotno bo izveden <strong>program z animacijo mladih<\/strong> z manj zmo\u017enostmi za spoznavanje pridelave in predelave zeli\u0161\u010d, v programu bodo dobili osnovna znanja o pridelavi zeli\u0161\u010d, su\u0161enju, pripravi zeli\u0161\u010dnih me\u0161anic, bolj zainteresirani pa bodo vklju\u010deni tudi vi\u0161je oblike predelave zeli\u0161\u010d<\/li>\n<\/ul>\n<p>Celotna vrednost projekta zna\u0161a:\u00a0\u00a0 \u00a0\u00a0\u00a0\u00a0\u00a0\u00a0\u00a0\u00a0\u00a0 509.305,29 EUR.<br \/>\nVi\u0161ina sofinanciranja projekta: \u00a0 \u00a0\u00a0\u00a0\u00a0\u00a0\u00a0\u00a0\u00a0\u00a0\u00a0\u00a0\u00a0\u00a0\u00a0\u00a0 384.613,54 EUR<br \/>\nZaklju\u010dek projekta: \u00a0\u00a0\u00a0\u00a0\u00a0\u00a0\u00a0\u00a0\u00a0\u00a0\u00a0\u00a0\u00a0\u00a0\u00a0\u00a0\u00a0\u00a0\u00a0\u00a0\u00a0\u00a0\u00a0\u00a0\u00a0\u00a0\u00a0\u00a0\u00a0\u00a0\u00a0\u00a0\u00a0\u00a0\u00a0\u00a0\u00a0\u00a0\u00a0 25.10.2024<\/p>\n<p><strong>POVEZAVE:<\/strong> Ve\u010d o instrumentu CLLD si lahko preberete na spletni strani Programa razvoja pode\u017eelja:\u00a0<a href=\"https:\/\/www.program-podezelja.si\/sl\/\">https:\/\/www.program-podezelja.si\/sl\/<\/a>\u00a0in na spletni strani Evropske komisije, namenjene EKSRP:\u00a0<a href=\"https:\/\/ec.europa.eu\/agriculture\/rural-development-2014-2020_sl\">https:\/\/ec.europa.eu\/agriculture\/rural-development-2014-2020_sl<\/a><\/p>\n<p>________________________________________________________________________________________________________________________________________________________________<\/p>\n<ol>\n<li>\u010dlanek si lahko preberete: <a href=\"https:\/\/www.las-stik.si\/programsko-obdobje-2014-2020\/wp-content\/uploads\/2024\/02\/1_LAS-Stik_clanek-zeliscarstvo_02-2024_web-003.pdf\">1_LAS Stik_clanek zeliscarstvo_02-2024_web (003)<\/a><\/li>\n<\/ol>\n<p style=\"text-align: center;\"><img loading=\"lazy\" decoding=\"async\" class=\"alignleft wp-image-3270\" src=\"https:\/\/www.las-stik.si\/programsko-obdobje-2014-2020\/wp-content\/uploads\/2021\/04\/logo-eu-razvoj-podezelja.jpg\" alt=\"\" width=\"339\" height=\"90\" srcset=\"https:\/\/www.las-stik.si\/programsko-obdobje-2014-2020\/wp-content\/uploads\/2021\/04\/logo-eu-razvoj-podezelja.jpg 557w, https:\/\/www.las-stik.si\/programsko-obdobje-2014-2020\/wp-content\/uploads\/2021\/04\/logo-eu-razvoj-podezelja-300x80.jpg 300w, https:\/\/www.las-stik.si\/programsko-obdobje-2014-2020\/wp-content\/uploads\/2021\/04\/logo-eu-razvoj-podezelja-150x40.jpg 150w\" sizes=\"(max-width: 339px) 100vw, 339px\" \/><img loading=\"lazy\" decoding=\"async\" class=\"alignleft wp-image-3830\" src=\"https:\/\/www.las-stik.si\/programsko-obdobje-2014-2020\/wp-content\/uploads\/2022\/07\/CLLD_vodoravno_CMYK-modra.png\" alt=\"\" width=\"231\" height=\"90\" srcset=\"https:\/\/www.las-stik.si\/programsko-obdobje-2014-2020\/wp-content\/uploads\/2022\/07\/CLLD_vodoravno_CMYK-modra.png 1362w, https:\/\/www.las-stik.si\/programsko-obdobje-2014-2020\/wp-content\/uploads\/2022\/07\/CLLD_vodoravno_CMYK-modra-300x117.png 300w, https:\/\/www.las-stik.si\/programsko-obdobje-2014-2020\/wp-content\/uploads\/2022\/07\/CLLD_vodoravno_CMYK-modra-1024x399.png 1024w, https:\/\/www.las-stik.si\/programsko-obdobje-2014-2020\/wp-content\/uploads\/2022\/07\/CLLD_vodoravno_CMYK-modra-150x58.png 150w, https:\/\/www.las-stik.si\/programsko-obdobje-2014-2020\/wp-content\/uploads\/2022\/07\/CLLD_vodoravno_CMYK-modra-768x299.png 768w\" sizes=\"(max-width: 231px) 100vw, 231px\" \/><\/p>\n","protected":false},"excerpt":{"rendered":"<p>Projekt Veriga eko zeli\u0161\u010d od Dolenjske do Krasa je nastal v partnerstvu z LAS Dolenjska in Bela krajina (vodilnim partnerjem), LAS STIK, LAS Po poteh dedi\u0161\u010dine od Turjaka do Kolpe in LAS Krasa in Brkinov. V\u00a0 projektu sodeluje 17 partnerjev, \u00a0od tega 7 \u00a0ekolo\u0161kih dele\u017enikov iz vklju\u010denega projektnega obmo\u010dja, k sodelovanju pa je partnerstvo pritegnilo&hellip;<\/p>\n","protected":false},"author":1,"featured_media":0,"parent":3253,"menu_order":6,"comment_status":"closed","ping_status":"closed","template":"","meta":{"footnotes":""},"_links":{"self":[{"href":"https:\/\/www.las-stik.si\/programsko-obdobje-2014-2020\/wp-json\/wp\/v2\/pages\/3880"}],"collection":[{"href":"https:\/\/www.las-stik.si\/programsko-obdobje-2014-2020\/wp-json\/wp\/v2\/pages"}],"about":[{"href":"https:\/\/www.las-stik.si\/programsko-obdobje-2014-2020\/wp-json\/wp\/v2\/types\/page"}],"author":[{"embeddable":true,"href":"https:\/\/www.las-stik.si\/programsko-obdobje-2014-2020\/wp-json\/wp\/v2\/users\/1"}],"replies":[{"embeddable":true,"href":"https:\/\/www.las-stik.si\/programsko-obdobje-2014-2020\/wp-json\/wp\/v2\/comments?post=3880"}],"version-history":[{"count":0,"href":"https:\/\/www.las-stik.si\/programsko-obdobje-2014-2020\/wp-json\/wp\/v2\/pages\/3880\/revisions"}],"up":[{"embeddable":true,"href":"https:\/\/www.las-stik.si\/programsko-obdobje-2014-2020\/wp-json\/wp\/v2\/pages\/3253"}],"wp:attachment":[{"href":"https:\/\/www.las-stik.si\/programsko-obdobje-2014-2020\/wp-json\/wp\/v2\/media?parent=3880"}],"curies":[{"name":"wp","href":"https:\/\/api.w.org\/{rel}","templated":true}]}}