{"id":3973,"date":"2023-01-13T09:46:49","date_gmt":"2023-01-13T08:46:49","guid":{"rendered":"https:\/\/www.las-stik.si\/programsko-obdobje-2014-2020\/?page_id=3973"},"modified":"2024-02-19T07:46:38","modified_gmt":"2024-02-19T06:46:38","slug":"programsko-obdobje-2021-2027","status":"publish","type":"page","link":"https:\/\/www.las-stik.si\/programsko-obdobje-2014-2020\/programsko-obdobje-2021-2027\/","title":{"rendered":"Programsko obdobje 2021-2027"},"content":{"rendered":"<div class=\"wpb-content-wrapper\"><p>[vc_row][vc_column css=&#8221;.vc_custom_1560778504731{padding-bottom: 30px !important;}&#8221;][vc_column_text css=&#8221;.vc_custom_1708325197404{padding-bottom: 30px !important;}&#8221;]<\/p>\n<h3 style=\"text-align: center;\"><strong><img loading=\"lazy\" decoding=\"async\" class=\"alignnone wp-image-4206 size-full\" src=\"https:\/\/www.las-stik.si\/programsko-obdobje-2014-2020\/wp-content\/uploads\/2024\/02\/Logotipi_pasica_2023-do-2027-1.png\" alt=\"\" width=\"678\" height=\"66\" srcset=\"https:\/\/www.las-stik.si\/programsko-obdobje-2014-2020\/wp-content\/uploads\/2024\/02\/Logotipi_pasica_2023-do-2027-1.png 678w, https:\/\/www.las-stik.si\/programsko-obdobje-2014-2020\/wp-content\/uploads\/2024\/02\/Logotipi_pasica_2023-do-2027-1-300x29.png 300w, https:\/\/www.las-stik.si\/programsko-obdobje-2014-2020\/wp-content\/uploads\/2024\/02\/Logotipi_pasica_2023-do-2027-1-150x15.png 150w\" sizes=\"(max-width: 678px) 100vw, 678px\" \/><img loading=\"lazy\" decoding=\"async\" class=\"aligncenter wp-image-3988 size-full\" src=\"https:\/\/www.las-stik.si\/programsko-obdobje-2014-2020\/wp-content\/uploads\/2023\/02\/crta.png\" alt=\"\" width=\"948\" height=\"30\" srcset=\"https:\/\/www.las-stik.si\/programsko-obdobje-2014-2020\/wp-content\/uploads\/2023\/02\/crta.png 948w, https:\/\/www.las-stik.si\/programsko-obdobje-2014-2020\/wp-content\/uploads\/2023\/02\/crta-300x9.png 300w, https:\/\/www.las-stik.si\/programsko-obdobje-2014-2020\/wp-content\/uploads\/2023\/02\/crta-150x5.png 150w, https:\/\/www.las-stik.si\/programsko-obdobje-2014-2020\/wp-content\/uploads\/2023\/02\/crta-768x24.png 768w\" sizes=\"(max-width: 948px) 100vw, 948px\" \/><\/strong><\/h3>\n<h3 style=\"text-align: center;\"><strong>\u00a0LAS Suhe krajine, Temenice in Krke (LAS STIK) v programskem obdobju 2021-2027<\/strong><\/h3>\n<p>&nbsp;<\/p>\n<p style=\"text-align: center;\"><a href=\"https:\/\/www.las-stik.si\/programsko-obdobje-2014-2020\/wp-content\/uploads\/2023\/11\/SEZNAM-CLANOV_LAS-STIK-2021-2027.pdf\" target=\"_blank\" rel=\"noopener\">\u010clani LAS STIK 2021-2027<\/a><\/p>\n<p style=\"text-align: center;\"><a href=\"https:\/\/www.las-stik.si\/programsko-obdobje-2014-2020\/wp-content\/uploads\/2023\/11\/Priloga-1_Pogodba-o-ustanovitvi-LAS-STIK.pdf\" target=\"_blank\" rel=\"noopener\">Pogodba o ustanovitvi lokalnega partnerstva Lokalne akcijske skupine Suhe krajine, Temenice in Krke<\/a><\/p>\n<p style=\"text-align: center;\"><a href=\"https:\/\/www.las-stik.si\/programsko-obdobje-2014-2020\/wp-content\/uploads\/2023\/11\/Obrazec-za-pripravo-LAS-SLR-LAS-STIK_19-7-2023_koncna_dopolnitev_27-10-2023_cistopis.pdf\" target=\"_blank\" rel=\"noopener\">Strategija lokalnega razvoja za lokalno akcijsko skupino Suhe krajine, Temenice in Krke (LAS STIK) za programsko obdobje 2021-2027<\/a><\/p>\n<p style=\"text-align: center;\"><a href=\"https:\/\/www.las-stik.si\/programsko-obdobje-2014-2020\/wp-content\/uploads\/2023\/11\/PRISTOPNA-IZJAVA-ZA-CLANSTVO-V-LOKALNI-AKCIJSKI-SKUPINI-SUHE-KRAJINE.docx\" target=\"_blank\" rel=\"noopener\">Pristopna izjava<\/a><\/p>\n<h3><\/h3>\n<p><img loading=\"lazy\" decoding=\"async\" class=\"aligncenter wp-image-3988 size-full\" src=\"https:\/\/www.las-stik.si\/programsko-obdobje-2014-2020\/wp-content\/uploads\/2023\/02\/crta.png\" alt=\"\" width=\"948\" height=\"30\" srcset=\"https:\/\/www.las-stik.si\/programsko-obdobje-2014-2020\/wp-content\/uploads\/2023\/02\/crta.png 948w, https:\/\/www.las-stik.si\/programsko-obdobje-2014-2020\/wp-content\/uploads\/2023\/02\/crta-300x9.png 300w, https:\/\/www.las-stik.si\/programsko-obdobje-2014-2020\/wp-content\/uploads\/2023\/02\/crta-150x5.png 150w, https:\/\/www.las-stik.si\/programsko-obdobje-2014-2020\/wp-content\/uploads\/2023\/02\/crta-768x24.png 768w\" sizes=\"(max-width: 948px) 100vw, 948px\" \/><\/p>\n<h3 style=\"text-align: center;\"><strong>Vabilo za sodelovanje v Lokalni akcijski skupini Suhe krajine, Temenice in Krke (LAS STIK) v programskem obdobju 2021-2027<\/strong><\/h3>\n<p>&nbsp;<\/p>\n<p>Ministrstvo za kmetijstvo, gozdarstvo in prehrano je 23. decembra 2022 v Uradnem listu objavilo Javni poziv za oblikovanje lokalnih akcijskih skupin in pripravo strategij lokalnega razvoja do leta 2027 in Uredbo o delovanju lokalnih akcijskih skupin in potrditvi strategij lokalnega razvoja za programsko obdobje do leta 2027.<\/p>\n<p>Lokalna akcijska skupina Suhe krajine, Temenice in Krke objavlja vabilo za sodelovanje v Lokalni akcijski skupini Suhe krajine, Temenice in Krke (LAS STIK) v programskem obdobju 2021-2027.<\/p>\n<p>V programskem obdobju 2021-2027 se bo pristop LEADER\/CLLD izvajal kot del skupnega pristopa imenovanega lokalni razvoj, ki ga vodi skupnost v okviru dveh skladov in sicer Evropskega kmetijskega sklada za razvoj pode\u017eelja (EKSRP) in Evropskega sklada za regionalni razvoj (ESRR).<\/p>\n<p>Lokalne akcijske skupine morajo biti organizirane kot pogodbeno partnerstvo treh sektorjev, sestavljenih iz predstavnikov javnih in zasebnih socio-ekonomskih interesov na izbranem obmo\u010dju, torej kot javni, gospodarski (ekonomski) in zasebni (civilni) sektor<\/p>\n<p><strong>K sodelovanju vabimo vse obstoje\u010de \u010dlane LAS STIK in vse ostale zainteresirane, ki bi \u017eeleli aktivno sodelovati v LAS. \u010clani pogodbenega partnerstva LAS STIK so lahko predstavniki javnih in zasebnih subjektov s stalnim prebivali\u0161\u010dem, sede\u017eem in izpostavo na obmo\u010dju ob\u010din Dolenjske Toplice, Ivan\u010dna Gorica, Trebnje in \u017du\u017eemberk.<\/strong> Vklju\u010dijo se lahko tudi pravne osebe javnega prava, dru\u0161tva in druge pravne osebe zasebnega prava v javnem interesu, ki imajo sede\u017e izven obmo\u010dja LAS, vendar delujejo na obmo\u010dju LAS.<\/p>\n<p><strong>Vse \u010dlane LAS STIK, ki ste sodelovali v programskem obdobju 2014 \u2013 2020, prosimo, da se opredelite ali \u017eelite sodelovati tudi v novem programskem obdobju, tako da izpolnite novo <a href=\"https:\/\/www.las-stik.si\/programsko-obdobje-2014-2020\/wp-content\/uploads\/2023\/01\/PRISTOPNA-IZJAVA-ZA-CLANSTVO-V-LOKALNI-AKCIJSKI-SKUPINI-SUHE-KRAJINE.docx\" target=\"_blank\" rel=\"noopener\">pristopno izjavo<\/a>. V kolikor v novem programskem obdobju ne \u017eelite sodelovati kot \u010dlan LAS, vas prosimo, da izpolnite <a href=\"https:\/\/www.las-stik.si\/programsko-obdobje-2014-2020\/wp-content\/uploads\/2023\/01\/Izstopna-izjava-iz-clanstva-LAS-STIK.doc\" target=\"_blank\" rel=\"noopener\">izstopno izjavo<\/a>.<\/strong><\/p>\n<p><strong>Novi \u010dlani pristopijo k LAS STIK, tako da izpolnite <a href=\"https:\/\/www.las-stik.si\/programsko-obdobje-2014-2020\/wp-content\/uploads\/2023\/01\/PRISTOPNA-IZJAVA-ZA-CLANSTVO-V-LOKALNI-AKCIJSKI-SKUPINI-SUHE-KRAJINE.docx\" target=\"_blank\" rel=\"noopener\">pristopno izjavo<\/a> za \u010dlanstvo LAS STIK v programskem obdobju 2021 \u2013 2027<\/strong><\/p>\n<p>K \u010dlanstvu v LAS STIK lahko pristopite tudi naknadno saj je \u010dlanstvo v LAS odprto skozi celotno programsko obdobje.<\/p>\n<p><strong>Izpolnjeno in lastnoro\u010dno podpisano pristopno izjavo ali izstopno izjavo prinesite osebno ali po\u0161ljite na naslov LAS STIK, Kidri\u010deva ulica 2, 8210 Trebnje, najkasneje do 15. februarja 2023.<\/strong><\/p>\n<p>Ve\u010d informacij o novem programskem obdobju in delovanju LAS STIK lahko pridobite na telefonski \u0161tevilki 07\/ 34 82 103 ali na <a href=\"mailto:las-stik@ciktrebnje.si\">las-stik@ciktrebnje.si<\/a>.<\/p>\n<p>&nbsp;<\/p>\n<ul>\n<li><a href=\"https:\/\/www.las-stik.si\/programsko-obdobje-2014-2020\/wp-content\/uploads\/2023\/01\/PRISTOPNA-IZJAVA-ZA-CLANSTVO-V-LOKALNI-AKCIJSKI-SKUPINI-SUHE-KRAJINE.docx\" target=\"_blank\" rel=\"noopener\"><strong>PRISTOPNA IZJAVA<\/strong><\/a><\/li>\n<li><a href=\"https:\/\/www.las-stik.si\/programsko-obdobje-2014-2020\/wp-content\/uploads\/2023\/01\/Izstopna-izjava-iz-clanstva-LAS-STIK.doc\" target=\"_blank\" rel=\"noopener\"><strong>IZSTOPNA IZJAVA<\/strong><\/a><\/li>\n<li><a href=\"https:\/\/www.las-stik.si\/programsko-obdobje-2014-2020\/wp-content\/uploads\/2023\/01\/Javni_poziv_potrditev-SLR.pdf\" target=\"_blank\" rel=\"noopener\">Javni poziv za oblikovanje lokalnih akcijskih skupin in pripravo strategij lokalnega razvoja do leta 2027<\/a><\/li>\n<li><a href=\"https:\/\/www.las-stik.si\/programsko-obdobje-2014-2020\/wp-content\/uploads\/2023\/01\/Uredba-o-delovanju-LAS.pdf\" target=\"_blank\" rel=\"noopener\">Uredba o delovanju lokalnih akcijskih skupin in potrditvi strategij lokalnega razvoja za programsko obdobje do leta 2027<\/a><\/li>\n<\/ul>\n<p>&nbsp;<\/p>\n<p><img loading=\"lazy\" decoding=\"async\" class=\"aligncenter wp-image-3988 size-full\" src=\"https:\/\/www.las-stik.si\/programsko-obdobje-2014-2020\/wp-content\/uploads\/2023\/02\/crta.png\" alt=\"\" width=\"948\" height=\"30\" srcset=\"https:\/\/www.las-stik.si\/programsko-obdobje-2014-2020\/wp-content\/uploads\/2023\/02\/crta.png 948w, https:\/\/www.las-stik.si\/programsko-obdobje-2014-2020\/wp-content\/uploads\/2023\/02\/crta-300x9.png 300w, https:\/\/www.las-stik.si\/programsko-obdobje-2014-2020\/wp-content\/uploads\/2023\/02\/crta-150x5.png 150w, https:\/\/www.las-stik.si\/programsko-obdobje-2014-2020\/wp-content\/uploads\/2023\/02\/crta-768x24.png 768w\" sizes=\"(max-width: 948px) 100vw, 948px\" \/><\/p>\n<h3 style=\"text-align: center;\"><strong>Vabilo na delavnice za pripravo Strategije lokalnega razvoja LAS Suhe krajine, Temenice in Krke (LAS STIK) za novo programsko obdobju do 2027<\/strong><\/h3>\n<p>Ministrstvo za kmetijstvo, gozdarstvo in prehrano je 23. decembra 2022 v Uradnem listu objavilo Javni poziv za oblikovanje lokalnih akcijskih skupin in pripravo strategij lokalnega razvoja do leta 2027 in Uredbo o delovanju lokalnih akcijskih skupin in potrditvi strategij lokalnega razvoja za programsko obdobje do leta 2027.<\/p>\n<p>V skladu s tem se <strong>mora LAS STIK za novo programsko obdobje na novo oblikovati in pripraviti Strategijo lokalnega razvoja za programsko obdobje do leta 2027<\/strong>. Da bo strategija izhajala iz dejanskih potreb okolja vas vabimo, da se udele\u017eite delavnic, ki se bodo v ta namen izvajale na obmo\u010dju LAS.<\/p>\n<p>Z vklju\u010devanjem prebivalstva in drugih lokalnih akterjev, ki vplivajo na \u017eivljenje in delo zajetega obmo\u010dja, lahko dose\u017eemo spremembe na bolje. Enakopravno sodelovanje med partnerji ustvarja povezanost in vodi v aktivno re\u0161evanje problemov na lokalnem nivoju.<\/p>\n<p>Delavnice bo LAS izvedel v sodelovanju z Izr. prof. dr. Marjetko Rangus, Prodekanko za izobra\u017eevalno dejavnost, Univerza v Mariboru, Fakulteta za turizem.<\/p>\n<p><strong>Vljudno vabljeni k sodelovanju ter tako aktivno prispevajte k pripravi nove strategije LAS STIK<\/strong>:<\/p>\n<table>\n<tbody>\n<tr>\n<td width=\"160\"><strong>Datum<\/strong><\/td>\n<td width=\"123\"><strong>Ura<\/strong><\/td>\n<td width=\"265\"><strong>Kraj<\/strong><\/td>\n<\/tr>\n<tr>\n<td width=\"160\">\n<p style=\"text-align: left;\">ponedeljek,<strong> 13. 2. 2023<\/strong><\/p>\n<\/td>\n<td width=\"123\">17.00 \u2013 18.30<\/td>\n<td width=\"265\"><strong>\u017du\u017eemberk<\/strong>, sejna soba Ob\u010dine \u017du\u017eemberk, Grajski trg 26<\/td>\n<\/tr>\n<tr>\n<td width=\"160\">torek,<strong> 14. 2. 2023<\/strong><\/td>\n<td width=\"123\">17.00 \u2013 18.30<\/td>\n<td width=\"265\"><strong>Dolenjske Toplice<\/strong>, Kulturno-kongresni center Dolenjske Toplice, II. nadstropje, sejna soba<\/td>\n<\/tr>\n<tr>\n<td width=\"160\">ponedeljek,<strong> 20. 2 .2023<\/strong><\/td>\n<td width=\"123\">17.00 \u2013 18.30<\/td>\n<td width=\"265\"><strong>Ivan\u010dna Gorica<\/strong>, sejna soba Ob\u010dine Ivan\u010dna Gorica, Sokolska 5<\/td>\n<\/tr>\n<tr>\n<td width=\"160\">sreda, <strong>22. 2. 2023<\/strong><\/td>\n<td width=\"123\">17.00 \u2013 18.30<\/td>\n<td width=\"265\"><strong>Trebnje<\/strong>, CIK Trebnje, Kidri\u010deva ulica 2 \u00a0 II. nadstropje\/u\u010dilnica 4<\/td>\n<\/tr>\n<\/tbody>\n<\/table>\n<p>&nbsp;<\/p>\n<p>V kolikor se delavnic ne morete udele\u017eiti vas vabimo k sodelovanju, tako da nam po\u0161ljete va\u0161o projektno idejo na prilo\u017eenem <a href=\"https:\/\/www.las-stik.si\/programsko-obdobje-2014-2020\/wp-content\/uploads\/2023\/02\/Projektni-obrazec_SLR-LAS-STIK-do-2027.docx\" target=\"_blank\" rel=\"noopener\">projektnem obrazcu.<\/a><\/p>\n<p>Za ve\u010d informacij kontaktirajte pisarno LAS STIK na telefon 07 34 82 103 ali elektronsko po\u0161to <a href=\"mailto:las-stik@ciktrebnje.si\">las-stik@ciktrebnje.si<\/a>.<\/p>\n<p>&nbsp;<\/p>\n<ul>\n<li><a href=\"https:\/\/www.las-stik.si\/programsko-obdobje-2014-2020\/wp-content\/uploads\/2023\/02\/Projektni-obrazec_SLR-LAS-STIK-do-2027.docx\" target=\"_blank\" rel=\"noopener\">PROJEKTNI OBRAZEC<\/a><\/li>\n<\/ul>\n<p><img loading=\"lazy\" decoding=\"async\" class=\"aligncenter wp-image-3988 size-full\" src=\"https:\/\/www.las-stik.si\/programsko-obdobje-2014-2020\/wp-content\/uploads\/2023\/02\/crta.png\" alt=\"\" width=\"948\" height=\"30\" srcset=\"https:\/\/www.las-stik.si\/programsko-obdobje-2014-2020\/wp-content\/uploads\/2023\/02\/crta.png 948w, https:\/\/www.las-stik.si\/programsko-obdobje-2014-2020\/wp-content\/uploads\/2023\/02\/crta-300x9.png 300w, https:\/\/www.las-stik.si\/programsko-obdobje-2014-2020\/wp-content\/uploads\/2023\/02\/crta-150x5.png 150w, https:\/\/www.las-stik.si\/programsko-obdobje-2014-2020\/wp-content\/uploads\/2023\/02\/crta-768x24.png 768w\" sizes=\"(max-width: 948px) 100vw, 948px\" \/><\/p>\n<h3 style=\"text-align: center;\"><strong>Vabilo na delavnico za pripravo Strategije lokalnega razvoja LAS Suhe krajine, Temenice in Krke (LAS STIK) za novo programsko obdobju do 2027<\/strong><\/h3>\n<p style=\"text-align: center;\">V februarju smo izvedli s cikel delavnic za pripravo nove strategije lokalnega razvoja za obmo\u010dje LAS STIK, na katerih smo preverjali dejanske potrebe obmo\u010dja.<\/p>\n<p style=\"text-align: center;\"><strong>Vabimo<\/strong> vas <strong>na skupno delavnico<\/strong> na kateri bomo <strong>\u0161e enkrat vsi skupaj preverili skupne prepoznane potrebe in prilo\u017enosti<\/strong> iz vseh delavnic, izvedenih v februarju v ob\u010dinah LAS.<\/p>\n<p style=\"text-align: center;\">Delavnica bo <strong>v ponedeljek 26. 6. 2023<\/strong> <strong>ob 17.00<\/strong>. Vabljeni, da se delavnice udele\u017eite fizi\u010dno na <strong>CIK Trebnje<\/strong>, Kidri\u010deva ulica 2, Trebnje (II. nadstropje\/u\u010dilnica 4). V kolikor se nam ne morete pridru\u017eiti fizi\u010dno vas vabimo, da se delavnice udele\u017eite na daljavo (<strong>preko zoom<\/strong>).<\/p>\n<p style=\"text-align: center;\">Za delavnico zbiramo prijave, zato vas vabimo, da se prijavite <a href=\"https:\/\/docs.google.com\/forms\/d\/e\/1FAIpQLSfvQNPdqljsttr5BFAcFRvDzJjUcWSpLSyX4IiJex77gA810w\/viewform\" target=\"_blank\" rel=\"noopener\"><strong>TUKAJ<\/strong><\/a>.<\/p>\n<p>[\/vc_column_text][vc_separator style=&#8221;shadow&#8221; border_width=&#8221;5&#8243;][\/vc_column][\/vc_row]<\/p>\n<\/div>","protected":false},"excerpt":{"rendered":"<p>[vc_row][vc_column css=&#8221;.vc_custom_1560778504731{padding-bottom: 30px !important;}&#8221;][vc_column_text css=&#8221;.vc_custom_1708325197404{padding-bottom: 30px !important;}&#8221;] \u00a0LAS Suhe krajine, Temenice in Krke (LAS STIK) v programskem obdobju 2021-2027 &nbsp; \u010clani LAS STIK 2021-2027 Pogodba o ustanovitvi lokalnega partnerstva Lokalne akcijske skupine Suhe krajine, Temenice in Krke Strategija lokalnega razvoja za lokalno akcijsko skupino Suhe krajine, Temenice in Krke (LAS STIK) za programsko obdobje 2021-2027&hellip;<\/p>\n","protected":false},"author":1,"featured_media":0,"parent":0,"menu_order":1,"comment_status":"closed","ping_status":"closed","template":"","meta":{"footnotes":""},"_links":{"self":[{"href":"https:\/\/www.las-stik.si\/programsko-obdobje-2014-2020\/wp-json\/wp\/v2\/pages\/3973"}],"collection":[{"href":"https:\/\/www.las-stik.si\/programsko-obdobje-2014-2020\/wp-json\/wp\/v2\/pages"}],"about":[{"href":"https:\/\/www.las-stik.si\/programsko-obdobje-2014-2020\/wp-json\/wp\/v2\/types\/page"}],"author":[{"embeddable":true,"href":"https:\/\/www.las-stik.si\/programsko-obdobje-2014-2020\/wp-json\/wp\/v2\/users\/1"}],"replies":[{"embeddable":true,"href":"https:\/\/www.las-stik.si\/programsko-obdobje-2014-2020\/wp-json\/wp\/v2\/comments?post=3973"}],"version-history":[{"count":0,"href":"https:\/\/www.las-stik.si\/programsko-obdobje-2014-2020\/wp-json\/wp\/v2\/pages\/3973\/revisions"}],"wp:attachment":[{"href":"https:\/\/www.las-stik.si\/programsko-obdobje-2014-2020\/wp-json\/wp\/v2\/media?parent=3973"}],"curies":[{"name":"wp","href":"https:\/\/api.w.org\/{rel}","templated":true}]}}